{"version":"1.0","provider_name":"Salto Ecol\u00f3gico","provider_url":"https:\/\/saltoecologico.es","author_name":"admin","author_url":"https:\/\/saltoecologico.es\/index.php\/author\/saltoecologico\/","title":"Conceptos sistema el\u00e9ctrico - Salto Ecol\u00f3gico","type":"rich","width":600,"height":338,"html":"<blockquote class=\"wp-embedded-content\" data-secret=\"zY6KT2UZKE\"><a href=\"https:\/\/saltoecologico.es\/index.php\/2022\/05\/06\/concepto-sistema-electrico\/\">Conceptos sistema el\u00e9ctrico<\/a><\/blockquote><iframe sandbox=\"allow-scripts\" security=\"restricted\" src=\"https:\/\/saltoecologico.es\/index.php\/2022\/05\/06\/concepto-sistema-electrico\/embed\/#?secret=zY6KT2UZKE\" width=\"600\" height=\"338\" title=\"\u00abConceptos sistema el\u00e9ctrico\u00bb \u2014 Salto Ecol\u00f3gico\" data-secret=\"zY6KT2UZKE\" frameborder=\"0\" marginwidth=\"0\" marginheight=\"0\" scrolling=\"no\" class=\"wp-embedded-content\"><\/iframe><script>\n\/*! This file is auto-generated *\/\n!function(d,l){\"use strict\";l.querySelector&&d.addEventListener&&\"undefined\"!=typeof URL&&(d.wp=d.wp||{},d.wp.receiveEmbedMessage||(d.wp.receiveEmbedMessage=function(e){var t=e.data;if((t||t.secret||t.message||t.value)&&!\/[^a-zA-Z0-9]\/.test(t.secret)){for(var s,r,n,a=l.querySelectorAll('iframe[data-secret=\"'+t.secret+'\"]'),o=l.querySelectorAll('blockquote[data-secret=\"'+t.secret+'\"]'),c=new RegExp(\"^https?:$\",\"i\"),i=0;i<o.length;i++)o[i].style.display=\"none\";for(i=0;i<a.length;i++)s=a[i],e.source===s.contentWindow&&(s.removeAttribute(\"style\"),\"height\"===t.message?(1e3<(r=parseInt(t.value,10))?r=1e3:~~r<200&&(r=200),s.height=r):\"link\"===t.message&&(r=new URL(s.getAttribute(\"src\")),n=new URL(t.value),c.test(n.protocol))&&n.host===r.host&&l.activeElement===s&&(d.top.location.href=t.value))}},d.addEventListener(\"message\",d.wp.receiveEmbedMessage,!1),l.addEventListener(\"DOMContentLoaded\",function(){for(var e,t,s=l.querySelectorAll(\"iframe.wp-embedded-content\"),r=0;r<s.length;r++)(t=(e=s[r]).getAttribute(\"data-secret\"))||(t=Math.random().toString(36).substring(2,12),e.src+=\"#?secret=\"+t,e.setAttribute(\"data-secret\",t)),e.contentWindow.postMessage({message:\"ready\",secret:t},\"*\")},!1)))}(window,document);\n\/\/# sourceURL=https:\/\/saltoecologico.es\/wp-includes\/js\/wp-embed.min.js\n<\/script>\n","thumbnail_url":"https:\/\/saltoecologico.es\/wp-content\/uploads\/2025\/04\/Manifiesto.jpg","thumbnail_width":1024,"thumbnail_height":683,"description":"Seg\u00fan el Anuario Energ\u00e9tico de Canarias, en la isla de Tenerife en el a\u00f1o 2020 hab\u00eda una potencia instalada de 320 MW de energ\u00edas renovables, que fueron capaces de producir 668.000 MWh (Megavatios hora) en ese a\u00f1o. Estas renovables se dividen en 196 MW de e\u00f3lica y 124 MW de fotovoltaica. Si hacemos un sencillo [&hellip;]"}