{"version":"1.0","provider_name":"Salto Ecol\u00f3gico","provider_url":"https:\/\/saltoecologico.es","author_name":"admin","author_url":"https:\/\/saltoecologico.es\/index.php\/author\/saltoecologico\/","title":"Negacionistas clim\u00e1ticos - Salto Ecol\u00f3gico","type":"rich","width":600,"height":338,"html":"<blockquote class=\"wp-embedded-content\" data-secret=\"L3wYW8arS2\"><a href=\"https:\/\/saltoecologico.es\/index.php\/2024\/12\/25\/negacionistas-climaticos\/\">Negacionistas clim\u00e1ticos<\/a><\/blockquote><iframe sandbox=\"allow-scripts\" security=\"restricted\" src=\"https:\/\/saltoecologico.es\/index.php\/2024\/12\/25\/negacionistas-climaticos\/embed\/#?secret=L3wYW8arS2\" width=\"600\" height=\"338\" title=\"\u00abNegacionistas clim\u00e1ticos\u00bb \u2014 Salto Ecol\u00f3gico\" data-secret=\"L3wYW8arS2\" frameborder=\"0\" marginwidth=\"0\" marginheight=\"0\" scrolling=\"no\" class=\"wp-embedded-content\"><\/iframe><script>\n\/*! This file is auto-generated *\/\n!function(d,l){\"use strict\";l.querySelector&&d.addEventListener&&\"undefined\"!=typeof URL&&(d.wp=d.wp||{},d.wp.receiveEmbedMessage||(d.wp.receiveEmbedMessage=function(e){var t=e.data;if((t||t.secret||t.message||t.value)&&!\/[^a-zA-Z0-9]\/.test(t.secret)){for(var s,r,n,a=l.querySelectorAll('iframe[data-secret=\"'+t.secret+'\"]'),o=l.querySelectorAll('blockquote[data-secret=\"'+t.secret+'\"]'),c=new RegExp(\"^https?:$\",\"i\"),i=0;i<o.length;i++)o[i].style.display=\"none\";for(i=0;i<a.length;i++)s=a[i],e.source===s.contentWindow&&(s.removeAttribute(\"style\"),\"height\"===t.message?(1e3<(r=parseInt(t.value,10))?r=1e3:~~r<200&&(r=200),s.height=r):\"link\"===t.message&&(r=new URL(s.getAttribute(\"src\")),n=new URL(t.value),c.test(n.protocol))&&n.host===r.host&&l.activeElement===s&&(d.top.location.href=t.value))}},d.addEventListener(\"message\",d.wp.receiveEmbedMessage,!1),l.addEventListener(\"DOMContentLoaded\",function(){for(var e,t,s=l.querySelectorAll(\"iframe.wp-embedded-content\"),r=0;r<s.length;r++)(t=(e=s[r]).getAttribute(\"data-secret\"))||(t=Math.random().toString(36).substring(2,12),e.src+=\"#?secret=\"+t,e.setAttribute(\"data-secret\",t)),e.contentWindow.postMessage({message:\"ready\",secret:t},\"*\")},!1)))}(window,document);\n\/\/# sourceURL=https:\/\/saltoecologico.es\/wp-includes\/js\/wp-embed.min.js\n<\/script>\n","thumbnail_url":"https:\/\/saltoecologico.es\/wp-content\/uploads\/2025\/04\/Fosiles41.jpg","thumbnail_width":1024,"thumbnail_height":682,"description":"Recientemente hemos conocido dos hechos que desmantelan completamente el relato de las administraciones canarias, en el sentido de que est\u00e1n haciendo una apuesta clara por la descarbonizaci\u00f3n de las islas. Estos dos hechos hacen referencia a que el Consejo de Administraci\u00f3n de la Autoridad Portuaria de Santa Cruz de Tenerife ha aprobado la pr\u00f3rroga del [&hellip;]"}