{"id":1002,"date":"2025-05-07T12:01:19","date_gmt":"2025-05-07T12:01:19","guid":{"rendered":"https:\/\/saltoecologico.es\/?page_id=1002"},"modified":"2025-05-07T12:01:22","modified_gmt":"2025-05-07T12:01:22","slug":"los-realejos-resumen","status":"publish","type":"page","link":"https:\/\/saltoecologico.es\/index.php\/los-realejos-resumen\/","title":{"rendered":"Los Realejos resumen"},"content":{"rendered":"\n<p class=\"wp-block-paragraph\"><strong>Proyecto:<\/strong> Planta de Generaci\u00f3n de Emergencia de 14,688 MW &#8211; \u00abLos Realejos (Tenerife) \u2013 SAMPOL CANARIAS\u00bb<\/p>\n\n\n\n<p class=\"wp-block-paragraph\"><strong>Promotor:<\/strong> SAMPOL I. Y O. CANARIAS, S.L.<\/p>\n\n\n\n<p class=\"wp-block-paragraph\"><strong>Ubicaci\u00f3n:<\/strong> C\/ Los Carpinteros, s\/n, Suelo M.8-P.63\/64\/65, Los Realejos, T.M. de Santa Cruz de Tenerife, C.P. 38419, Isla de Tenerife.<\/p>\n\n\n\n<p class=\"wp-block-paragraph\">Objetivo del Proyecto:<\/p>\n\n\n\n<p class=\"wp-block-paragraph\">El proyecto tiene como objetivo la instalaci\u00f3n de una planta de generaci\u00f3n el\u00e9ctrica de emergencia con una potencia de 14,688 MW (14.688 kW nominales \/ 16.000 kW en emergencia) en Los Realejos, Tenerife. Esta planta est\u00e1 dise\u00f1ada para cubrir las necesidades de emergencia del sistema el\u00e9ctrico de la isla, conect\u00e1ndose directamente a una posici\u00f3n en barras de 20kV de la Subestaci\u00f3n \u00abLos Realejos 20kV\u00bb. Esta iniciativa surge en el contexto de la emergencia energ\u00e9tica declarada en Canarias y una resoluci\u00f3n de la Direcci\u00f3n General de Energ\u00eda que restringe temporalmente el acceso al nudo de dicha subestaci\u00f3n para permitir la conexi\u00f3n de esta nueva generaci\u00f3n gestionable.<\/p>\n\n\n\n<p class=\"wp-block-paragraph\"><strong>Caracter\u00edsticas Principales de la Instalaci\u00f3n:<\/strong><\/p>\n\n\n\n<ul class=\"wp-block-list\">\n<li><strong>Generaci\u00f3n:<\/strong> Se utilizar\u00e1n <strong>ocho (8) grupos electr\u00f3genos de gasoil<\/strong>, modelo HTW-2295 T5 de HIMOINSA (o similar), integrados en contenedores individuales tipo 40HC. Cada grupo tiene una potencia nominal de 1.836 kW (2.295 kVA) y una potencia en emergencia de 2.000 kW (2.500 kVA). Generan a una tensi\u00f3n de 400\/230 V y 50 Hz.<\/li>\n\n\n\n<li><strong>Sistema de Reducci\u00f3n Catal\u00edtica (SCR):<\/strong> Cada grupo electr\u00f3geno estar\u00e1 dotado de un sistema catal\u00edtico en el escape, tipo SCR, para cumplir con los l\u00edmites de emisiones seg\u00fan la normativa vigente.<\/li>\n\n\n\n<li><strong>Transformaci\u00f3n BT\/MT:<\/strong> La energ\u00eda generada en Baja Tensi\u00f3n (BT) por cada grupo electr\u00f3geno se transformar\u00e1 a Media Tensi\u00f3n (MT) de <strong>20 kV<\/strong> mediante <strong>ocho (8) Centros de Transformaci\u00f3n (CT) individuales<\/strong> (uno por cada grupo). Cada CT alojar\u00e1 un transformador elevador de 2.500 kVA, tipo TIER2, con relaci\u00f3n de transformaci\u00f3n 420V\/20000V, conexi\u00f3n YNd11 y l\u00edquido diel\u00e9ctrico de \u00c9ster Natural. Estos CTs se ubicar\u00e1n en prefabricados de superficie Ormazabal tipo PFU-4.<\/li>\n\n\n\n<li><strong>Unificaci\u00f3n en MT y Conexi\u00f3n a la Red de Distribuci\u00f3n:<\/strong>\n<ul class=\"wp-block-list\">\n<li>Las unidades se conectar\u00e1n en paralelo, vertiendo la energ\u00eda generada a 20kV desde un <strong>Centro de Entrega y Medida<\/strong> proyectado. Este centro se ubicar\u00e1 en un prefabricado de superficie tipo PFU-7 de Ormazabal.<\/li>\n\n\n\n<li>Dicho centro integrar\u00e1 las celdas de media tensi\u00f3n (tecnolog\u00eda de corte en vac\u00edo, configuraci\u00f3n Pa+9PG+1L y una celda de medida) y el transformador de servicios auxiliares.<\/li>\n\n\n\n<li>La conexi\u00f3n directa a la SE Los Realejos se realizar\u00e1 mediante una <strong>l\u00ednea de acometida subterr\u00e1nea de media tensi\u00f3n (LSMT)<\/strong> de 20kV, con conductores AL RHZ1-OL 3x(1x630mm2) + H16, de aproximadamente 65 metros de longitud.<\/li>\n<\/ul>\n<\/li>\n\n\n\n<li><strong>Servicios Auxiliares (SSAA):<\/strong> Se instalar\u00e1 un transformador de <strong>250 kVA<\/strong>, tipo TIER2, con relaci\u00f3n 20kV\/420V y conexi\u00f3n DY11n, para el suministro de los servicios auxiliares de la planta, ubicado en el Centro de Entrega. El cuadro de SSAA se integrar\u00e1 en un prefabricado tipo PFU-3.<\/li>\n\n\n\n<li><strong>Almacenamiento de Combustible:<\/strong>\n<ul class=\"wp-block-list\">\n<li>Se dispondr\u00e1 de <strong>cuatro (4) dep\u00f3sitos de superficie de doble pared<\/strong> (acero\/acero), modelo LAPESA FED70P o similar, con una capacidad unitaria de 69,8 m\u00b3 cada uno.<\/li>\n\n\n\n<li>La capacidad total de almacenamiento de gasoil ser\u00e1 de <strong>279,2 m\u00b3<\/strong>.<\/li>\n\n\n\n<li>Cada grupo electr\u00f3geno contar\u00e1 con un dep\u00f3sito individual integrado en el contenedor de 2.000 litros.<\/li>\n\n\n\n<li>El almacenamiento principal se ubicar\u00e1 dentro de un cubeto de obra civil.<\/li>\n<\/ul>\n<\/li>\n\n\n\n<li><strong>Infraestructura y Otros:<\/strong>\n<ul class=\"wp-block-list\">\n<li>Edificios prefabricados para los CTs (Ormazabal PFU-4), Centro de Entrega y Medida (Ormazabal PFU-7), y Cuadro de Servicios de la Central (Ormazabal PFU-3).<\/li>\n\n\n\n<li>Instalaci\u00f3n de separadores de hidrocarburos para la zona de almacenamiento y la zona de grupos.<\/li>\n\n\n\n<li>Instalaciones auxiliares como alumbrado exterior, saneamiento y protecci\u00f3n contra incendios (extintores).<\/li>\n\n\n\n<li>Sistema de pararrayos con cabezal PDC.<\/li>\n<\/ul>\n<\/li>\n\n\n\n<li><strong>Sistema de Control:<\/strong> Se implementar\u00e1 un sistema de control integral para la gesti\u00f3n de los grupos electr\u00f3genos, transformadores, celdas de MT, tanques de combustible y bombas, permitiendo operaci\u00f3n en modo autom\u00e1tico, manual, pruebas o desconectado.<\/li>\n\n\n\n<li><strong>Combustible:<\/strong> Gasoil. El consumo estimado es de 346,18 l\/h por grupo al 70% de carga.<\/li>\n\n\n\n<li><strong>Impacto Ambiental:<\/strong> Se prev\u00e9 una Evaluaci\u00f3n de Impacto Ambiental Simplificada.<\/li>\n<\/ul>\n\n\n\n<p class=\"wp-block-paragraph\"><strong>Aspectos Regulatorios y Administrativos:<\/strong><\/p>\n\n\n\n<ul class=\"wp-block-list\">\n<li>El proyecto se acoge a la <strong>tramitaci\u00f3n de urgencia<\/strong> debido a la declaraci\u00f3n de emergencia energ\u00e9tica y la resoluci\u00f3n espec\u00edfica de la Direcci\u00f3n General de Energ\u00eda.<\/li>\n\n\n\n<li>Deber\u00e1 obtener las licencias y permisos correspondientes del Ayuntamiento de Santa Cruz de Tenerife y de E-Distribuci\u00f3n Redes Digitales.<\/li>\n\n\n\n<li>Cumplir\u00e1 con toda la reglamentaci\u00f3n vigente.<\/li>\n\n\n\n<li>El presupuesto de ejecuci\u00f3n material asciende a <strong>11.195.000 Euros<\/strong>.<\/li>\n\n\n\n<li>El plazo de ejecuci\u00f3n estimado es de <strong>8 meses<\/strong>.<\/li>\n<\/ul>\n\n\n\n<p class=\"wp-block-paragraph\"><\/p>\n","protected":false},"excerpt":{"rendered":"<p>Proyecto: Planta de Generaci\u00f3n de Emergencia de 14,688 MW &#8211; \u00abLos Realejos (Tenerife) \u2013 SAMPOL CANARIAS\u00bb Promotor: SAMPOL I. Y O. CANARIAS, S.L. Ubicaci\u00f3n: C\/ Los Carpinteros, s\/n, Suelo M.8-P.63\/64\/65, Los Realejos, T.M. de Santa Cruz de Tenerife, C.P. 38419, Isla de Tenerife. Objetivo del Proyecto: El proyecto tiene como objetivo la instalaci\u00f3n de una [&hellip;]<\/p>\n","protected":false},"author":1,"featured_media":0,"parent":0,"menu_order":0,"comment_status":"closed","ping_status":"closed","template":"","meta":{"footnotes":""},"class_list":["post-1002","page","type-page","status-publish"],"yoast_head":"<!-- This site is optimized with the Yoast SEO plugin v28.2 - https:\/\/yoast.com\/product\/yoast-seo-wordpress\/ -->\n<title>Los Realejos resumen - Salto Ecol\u00f3gico<\/title>\n<meta name=\"robots\" content=\"index, follow, max-snippet:-1, max-image-preview:large, max-video-preview:-1\" \/>\n<link rel=\"canonical\" href=\"https:\/\/saltoecologico.es\/index.php\/los-realejos-resumen\/\" \/>\n<meta property=\"og:locale\" content=\"es_ES\" \/>\n<meta property=\"og:type\" content=\"article\" \/>\n<meta property=\"og:title\" content=\"Los Realejos resumen - Salto Ecol\u00f3gico\" \/>\n<meta property=\"og:description\" content=\"Proyecto: Planta de Generaci\u00f3n de Emergencia de 14,688 MW &#8211; \u00abLos Realejos (Tenerife) \u2013 SAMPOL CANARIAS\u00bb Promotor: SAMPOL I. Y O. CANARIAS, S.L. Ubicaci\u00f3n: C\/ Los Carpinteros, s\/n, Suelo M.8-P.63\/64\/65, Los Realejos, T.M. de Santa Cruz de Tenerife, C.P. 38419, Isla de Tenerife. Objetivo del Proyecto: El proyecto tiene como objetivo la instalaci\u00f3n de una [&hellip;]\" \/>\n<meta property=\"og:url\" content=\"https:\/\/saltoecologico.es\/index.php\/los-realejos-resumen\/\" \/>\n<meta property=\"og:site_name\" content=\"Salto Ecol\u00f3gico\" \/>\n<meta property=\"article:publisher\" content=\"https:\/\/www.facebook.com\/Saltotransicionecologica\" \/>\n<meta property=\"article:modified_time\" content=\"2025-05-07T12:01:22+00:00\" \/>\n<meta name=\"twitter:card\" content=\"summary_large_image\" \/>\n<meta name=\"twitter:label1\" content=\"Tiempo de lectura\" \/>\n\t<meta name=\"twitter:data1\" content=\"4 minutos\" \/>\n<script type=\"application\/ld+json\" class=\"yoast-schema-graph\">{\"@context\":\"https:\\\/\\\/schema.org\",\"@graph\":[{\"@type\":\"WebPage\",\"@id\":\"https:\\\/\\\/saltoecologico.es\\\/index.php\\\/los-realejos-resumen\\\/\",\"url\":\"https:\\\/\\\/saltoecologico.es\\\/index.php\\\/los-realejos-resumen\\\/\",\"name\":\"Los Realejos resumen - Salto Ecol\u00f3gico\",\"isPartOf\":{\"@id\":\"https:\\\/\\\/saltoecologico.es\\\/#website\"},\"datePublished\":\"2025-05-07T12:01:19+00:00\",\"dateModified\":\"2025-05-07T12:01:22+00:00\",\"breadcrumb\":{\"@id\":\"https:\\\/\\\/saltoecologico.es\\\/index.php\\\/los-realejos-resumen\\\/#breadcrumb\"},\"inLanguage\":\"es\",\"potentialAction\":[{\"@type\":\"ReadAction\",\"target\":[\"https:\\\/\\\/saltoecologico.es\\\/index.php\\\/los-realejos-resumen\\\/\"]}]},{\"@type\":\"BreadcrumbList\",\"@id\":\"https:\\\/\\\/saltoecologico.es\\\/index.php\\\/los-realejos-resumen\\\/#breadcrumb\",\"itemListElement\":[{\"@type\":\"ListItem\",\"position\":1,\"name\":\"Portada\",\"item\":\"https:\\\/\\\/saltoecologico.es\\\/\"},{\"@type\":\"ListItem\",\"position\":2,\"name\":\"Los Realejos resumen\"}]},{\"@type\":\"WebSite\",\"@id\":\"https:\\\/\\\/saltoecologico.es\\\/#website\",\"url\":\"https:\\\/\\\/saltoecologico.es\\\/\",\"name\":\"Salto Ecol\u00f3gico\",\"description\":\"\",\"publisher\":{\"@id\":\"https:\\\/\\\/saltoecologico.es\\\/#organization\"},\"potentialAction\":[{\"@type\":\"SearchAction\",\"target\":{\"@type\":\"EntryPoint\",\"urlTemplate\":\"https:\\\/\\\/saltoecologico.es\\\/?s={search_term_string}\"},\"query-input\":{\"@type\":\"PropertyValueSpecification\",\"valueRequired\":true,\"valueName\":\"search_term_string\"}}],\"inLanguage\":\"es\"},{\"@type\":\"Organization\",\"@id\":\"https:\\\/\\\/saltoecologico.es\\\/#organization\",\"name\":\"Salto a la Transici\u00f3n Ecol\u00f3gica\",\"url\":\"https:\\\/\\\/saltoecologico.es\\\/\",\"logo\":{\"@type\":\"ImageObject\",\"inLanguage\":\"es\",\"@id\":\"https:\\\/\\\/saltoecologico.es\\\/#\\\/schema\\\/logo\\\/image\\\/\",\"url\":\"https:\\\/\\\/saltoecologico.es\\\/wp-content\\\/uploads\\\/2025\\\/04\\\/Logo-STE.jpg\",\"contentUrl\":\"https:\\\/\\\/saltoecologico.es\\\/wp-content\\\/uploads\\\/2025\\\/04\\\/Logo-STE.jpg\",\"width\":435,\"height\":435,\"caption\":\"Salto a la Transici\u00f3n Ecol\u00f3gica\"},\"image\":{\"@id\":\"https:\\\/\\\/saltoecologico.es\\\/#\\\/schema\\\/logo\\\/image\\\/\"},\"sameAs\":[\"https:\\\/\\\/www.facebook.com\\\/Saltotransicionecologica\"]}]}<\/script>\n<!-- \/ Yoast SEO plugin. -->","yoast_head_json":{"title":"Los Realejos resumen - Salto Ecol\u00f3gico","robots":{"index":"index","follow":"follow","max-snippet":"max-snippet:-1","max-image-preview":"max-image-preview:large","max-video-preview":"max-video-preview:-1"},"canonical":"https:\/\/saltoecologico.es\/index.php\/los-realejos-resumen\/","og_locale":"es_ES","og_type":"article","og_title":"Los Realejos resumen - Salto Ecol\u00f3gico","og_description":"Proyecto: Planta de Generaci\u00f3n de Emergencia de 14,688 MW &#8211; \u00abLos Realejos (Tenerife) \u2013 SAMPOL CANARIAS\u00bb Promotor: SAMPOL I. Y O. CANARIAS, S.L. Ubicaci\u00f3n: C\/ Los Carpinteros, s\/n, Suelo M.8-P.63\/64\/65, Los Realejos, T.M. de Santa Cruz de Tenerife, C.P. 38419, Isla de Tenerife. Objetivo del Proyecto: El proyecto tiene como objetivo la instalaci\u00f3n de una [&hellip;]","og_url":"https:\/\/saltoecologico.es\/index.php\/los-realejos-resumen\/","og_site_name":"Salto Ecol\u00f3gico","article_publisher":"https:\/\/www.facebook.com\/Saltotransicionecologica","article_modified_time":"2025-05-07T12:01:22+00:00","twitter_card":"summary_large_image","twitter_misc":{"Tiempo de lectura":"4 minutos"},"schema":{"@context":"https:\/\/schema.org","@graph":[{"@type":"WebPage","@id":"https:\/\/saltoecologico.es\/index.php\/los-realejos-resumen\/","url":"https:\/\/saltoecologico.es\/index.php\/los-realejos-resumen\/","name":"Los Realejos resumen - Salto Ecol\u00f3gico","isPartOf":{"@id":"https:\/\/saltoecologico.es\/#website"},"datePublished":"2025-05-07T12:01:19+00:00","dateModified":"2025-05-07T12:01:22+00:00","breadcrumb":{"@id":"https:\/\/saltoecologico.es\/index.php\/los-realejos-resumen\/#breadcrumb"},"inLanguage":"es","potentialAction":[{"@type":"ReadAction","target":["https:\/\/saltoecologico.es\/index.php\/los-realejos-resumen\/"]}]},{"@type":"BreadcrumbList","@id":"https:\/\/saltoecologico.es\/index.php\/los-realejos-resumen\/#breadcrumb","itemListElement":[{"@type":"ListItem","position":1,"name":"Portada","item":"https:\/\/saltoecologico.es\/"},{"@type":"ListItem","position":2,"name":"Los Realejos resumen"}]},{"@type":"WebSite","@id":"https:\/\/saltoecologico.es\/#website","url":"https:\/\/saltoecologico.es\/","name":"Salto Ecol\u00f3gico","description":"","publisher":{"@id":"https:\/\/saltoecologico.es\/#organization"},"potentialAction":[{"@type":"SearchAction","target":{"@type":"EntryPoint","urlTemplate":"https:\/\/saltoecologico.es\/?s={search_term_string}"},"query-input":{"@type":"PropertyValueSpecification","valueRequired":true,"valueName":"search_term_string"}}],"inLanguage":"es"},{"@type":"Organization","@id":"https:\/\/saltoecologico.es\/#organization","name":"Salto a la Transici\u00f3n Ecol\u00f3gica","url":"https:\/\/saltoecologico.es\/","logo":{"@type":"ImageObject","inLanguage":"es","@id":"https:\/\/saltoecologico.es\/#\/schema\/logo\/image\/","url":"https:\/\/saltoecologico.es\/wp-content\/uploads\/2025\/04\/Logo-STE.jpg","contentUrl":"https:\/\/saltoecologico.es\/wp-content\/uploads\/2025\/04\/Logo-STE.jpg","width":435,"height":435,"caption":"Salto a la Transici\u00f3n Ecol\u00f3gica"},"image":{"@id":"https:\/\/saltoecologico.es\/#\/schema\/logo\/image\/"},"sameAs":["https:\/\/www.facebook.com\/Saltotransicionecologica"]}]}},"_links":{"self":[{"href":"https:\/\/saltoecologico.es\/index.php\/wp-json\/wp\/v2\/pages\/1002","targetHints":{"allow":["GET"]}}],"collection":[{"href":"https:\/\/saltoecologico.es\/index.php\/wp-json\/wp\/v2\/pages"}],"about":[{"href":"https:\/\/saltoecologico.es\/index.php\/wp-json\/wp\/v2\/types\/page"}],"author":[{"embeddable":true,"href":"https:\/\/saltoecologico.es\/index.php\/wp-json\/wp\/v2\/users\/1"}],"replies":[{"embeddable":true,"href":"https:\/\/saltoecologico.es\/index.php\/wp-json\/wp\/v2\/comments?post=1002"}],"version-history":[{"count":1,"href":"https:\/\/saltoecologico.es\/index.php\/wp-json\/wp\/v2\/pages\/1002\/revisions"}],"predecessor-version":[{"id":1003,"href":"https:\/\/saltoecologico.es\/index.php\/wp-json\/wp\/v2\/pages\/1002\/revisions\/1003"}],"wp:attachment":[{"href":"https:\/\/saltoecologico.es\/index.php\/wp-json\/wp\/v2\/media?parent=1002"}],"curies":[{"name":"wp","href":"https:\/\/api.w.org\/{rel}","templated":true}]}}