{"id":655,"date":"2025-04-17T21:29:35","date_gmt":"2025-04-17T21:29:35","guid":{"rendered":"https:\/\/saltoecologico.es\/?page_id=655"},"modified":"2025-04-19T18:25:55","modified_gmt":"2025-04-19T18:25:55","slug":"apertura-del-proceso","status":"publish","type":"page","link":"https:\/\/saltoecologico.es\/index.php\/apertura-del-proceso\/","title":{"rendered":"Convocatoria"},"content":{"rendered":"\n<!DOCTYPE html>\n<html lang=\"es\">\n<head>\n    <meta charset=\"UTF-8\">\n    <meta name=\"viewport\" content=\"width=device-width, initial-scale=1.0\">\n    <title>Infograf\u00eda: Convocatoria R\u00e9gimen Retributivo Adicional<\/title>\n    <script src=\"https:\/\/cdn.tailwindcss.com\"><\/script>\n    <link rel=\"stylesheet\" href=\"https:\/\/cdnjs.cloudflare.com\/ajax\/libs\/font-awesome\/6.0.0\/css\/all.min.css\">\n    <link href=\"https:\/\/fonts.googleapis.com\/css2?family=Inter:wght@400;600;700&#038;display=swap\" rel=\"stylesheet\">\n    <style>\n        \/* Estilos personalizados *\/\n        body {\n            font-family: 'Inter', sans-serif;\n            background-color: #f0f4f8; \/* Fondo gris claro *\/\n        }\n        .card {\n            background-color: white;\n            border-radius: 0.75rem; \/* Esquinas redondeadas *\/\n            box-shadow: 0 4px 6px -1px rgba(0, 0, 0, 0.1), 0 2px 4px -1px rgba(0, 0, 0, 0.06);\n            transition: transform 0.3s ease, box-shadow 0.3s ease;\n            overflow: hidden; \/* Para contener elementos internos *\/\n        }\n        .card:hover {\n            transform: translateY(-5px); \/* Efecto hover *\/\n            box-shadow: 0 10px 15px -3px rgba(0, 0, 0, 0.1), 0 4px 6px -2px rgba(0, 0, 0, 0.05);\n        }\n        .section-title {\n            font-size: 1.5rem; \/* Tama\u00f1o del t\u00edtulo de secci\u00f3n *\/\n            font-weight: 700;\n            color: #1e3a8a; \/* Azul oscuro *\/\n            margin-bottom: 1rem;\n            border-bottom: 2px solid #3b82f6; \/* L\u00ednea azul *\/\n            padding-bottom: 0.5rem;\n            display: flex;\n            align-items: center;\n        }\n        .section-title i {\n            margin-right: 0.75rem; \/* Espacio icono-texto *\/\n            color: #3b82f6; \/* Azul *\/\n        }\n        .accordion-button {\n            background-color: #e0f2fe; \/* Azul muy claro *\/\n            color: #0c4a6e; \/* Azul oscuro *\/\n            border: none;\n            width: 100%;\n            text-align: left;\n            padding: 1rem;\n            font-weight: 600;\n            cursor: pointer;\n            transition: background-color 0.3s ease;\n            border-radius: 0.5rem; \/* Esquinas redondeadas *\/\n            display: flex;\n            justify-content: space-between;\n            align-items: center;\n        }\n        .accordion-button:hover {\n            background-color: #bae6fd; \/* Azul m\u00e1s claro *\/\n        }\n        .accordion-content {\n            padding: 1rem;\n            background-color: #f9fafb; \/* Gris muy claro *\/\n            border: 1px solid #e5e7eb; \/* Borde gris *\/\n            border-top: none;\n            display: none; \/* Oculto por defecto *\/\n            border-radius: 0 0 0.5rem 0.5rem; \/* Esquinas redondeadas inferiores *\/\n        }\n        .accordion-content.show {\n            display: block; \/* Mostrar contenido *\/\n        }\n        .map-container {\n            position: relative;\n            width: 100%;\n            max-width: 600px; \/* Ancho m\u00e1ximo del mapa *\/\n            margin: 1rem auto; \/* Centrado *\/\n        }\n        .map-container svg {\n            width: 100%;\n            height: auto;\n            stroke: #6b7280; \/* Gris *\/\n            stroke-width: 0.5;\n        }\n        .territory {\n            fill: #93c5fd; \/* Azul claro *\/\n            cursor: pointer;\n            transition: fill 0.3s ease;\n        }\n        .territory:hover {\n            fill: #3b82f6; \/* Azul m\u00e1s oscuro *\/\n        }\n        .tooltip {\n            position: absolute;\n            background-color: rgba(0, 0, 0, 0.8);\n            color: white;\n            padding: 0.5rem 1rem;\n            border-radius: 0.375rem; \/* Esquinas redondeadas *\/\n            font-size: 0.875rem; \/* Tama\u00f1o de fuente peque\u00f1o *\/\n            white-space: nowrap;\n            visibility: hidden; \/* Oculto por defecto *\/\n            opacity: 0;\n            transition: opacity 0.3s ease;\n            pointer-events: none; \/* No interfiere con el rat\u00f3n *\/\n            z-index: 10;\n        }\n        .map-container:hover .tooltip.active {\n            visibility: visible;\n            opacity: 1;\n        }\n        .timeline {\n            position: relative;\n            padding: 1rem 0;\n        }\n        .timeline::before {\n            content: '';\n            position: absolute;\n            left: 50%;\n            top: 0;\n            bottom: 0;\n            width: 4px;\n            background-color: #93c5fd; \/* Azul claro *\/\n            transform: translateX(-50%);\n        }\n        .timeline-item {\n            position: relative;\n            margin-bottom: 2rem;\n            width: 50%;\n        }\n        .timeline-item:nth-child(odd) {\n            left: 0;\n            padding-right: 2rem;\n            text-align: right;\n        }\n        .timeline-item:nth-child(even) {\n            left: 50%;\n            padding-left: 2rem;\n            text-align: left;\n        }\n        .timeline-content {\n            background-color: white;\n            padding: 1rem;\n            border-radius: 0.5rem;\n            box-shadow: 0 2px 4px rgba(0,0,0,0.1);\n        }\n        .timeline-dot {\n            position: absolute;\n            top: 50%;\n            width: 16px;\n            height: 16px;\n            background-color: #3b82f6; \/* Azul *\/\n            border-radius: 50%;\n            transform: translateY(-50%);\n            border: 3px solid #e0f2fe; \/* Borde azul muy claro *\/\n        }\n        .timeline-item:nth-child(odd) .timeline-dot {\n            right: -8px; \/* Ajuste para el punto *\/\n            transform: translate(50%, -50%);\n        }\n        .timeline-item:nth-child(even) .timeline-dot {\n            left: -8px; \/* Ajuste para el punto *\/\n            transform: translate(-50%, -50%);\n        }\n        .icon {\n            color: #3b82f6; \/* Azul *\/\n            font-size: 1.5rem; \/* Tama\u00f1o del icono *\/\n            margin-right: 0.5rem;\n        }\n        \/* Estilos para la tabla *\/\n        table {\n            width: 100%;\n            border-collapse: collapse;\n            margin-top: 1rem;\n        }\n        th, td {\n            border: 1px solid #e5e7eb; \/* Borde gris *\/\n            padding: 0.75rem;\n            text-align: left;\n        }\n        th {\n            background-color: #dbeafe; \/* Azul muy claro *\/\n            color: #1e3a8a; \/* Azul oscuro *\/\n            font-weight: 600;\n        }\n        tbody tr:nth-child(even) {\n            background-color: #f9fafb; \/* Gris muy claro para filas pares *\/\n        }\n    <\/style>\n<\/head>\n<body class=\"p-4 md:p-8\">\n\n    <div class=\"max-w-6xl mx-auto\">\n        <header class=\"text-center mb-12\">\n            <h1 class=\"text-3xl md:text-4xl font-bold text-blue-900 mb-2\">Convocatoria R\u00e9gimen Retributivo Adicional<\/h1>\n            <p class=\"text-lg text-gray-600\">Sistemas El\u00e9ctricos No Peninsulares (Territorios No Peninsulares)<\/p>\n            <p class=\"text-sm text-gray-500\">Basado en la Resoluci\u00f3n de 21\/06\/2024 (Ref. Real Decreto 738\/2015)<\/p>\n        <\/header>\n\n        <section class=\"mb-12 card p-6\">\n            <h2 class=\"section-title\"><i class=\"fas fa-bullseye\"><\/i>Objetivo de la Convocatoria<\/h2>\n            <p class=\"text-gray-700 leading-relaxed\">\n                Convocar un procedimiento de <strong>concurrencia competitiva<\/strong> para otorgar la <strong>resoluci\u00f3n favorable de compatibilidad<\/strong>. Esta resoluci\u00f3n es necesaria para que las instalaciones de producci\u00f3n de energ\u00eda el\u00e9ctrica (Categor\u00eda A) en territorios no peninsulares puedan recibir un <strong>r\u00e9gimen retributivo adicional<\/strong>. El objetivo es asegurar la cobertura de la demanda el\u00e9ctrica a largo plazo de forma eficiente y segura.\n            <\/p>\n        <\/section>\n\n        <section class=\"mb-12 card p-6\">\n            <h2 class=\"section-title\"><i class=\"fas fa-map-marked-alt\"><\/i>Territorios y Potencia Adicional T\u00e9rmica (A\u00f1o 2028)<\/h2>\n            <p class=\"text-gray-700 mb-4\">\n                Se convoca potencia adicional t\u00e9rmica para asegurar la cobertura de la demanda en los siguientes sistemas el\u00e9ctricos aislados.\n            <\/p>\n            <div class=\"grid grid-cols-1 md:grid-cols-2 gap-6 items-start\">\n                <div class=\"map-container\">\n                    <img decoding=\"async\" src=\"https:\/\/placehold.co\/600x400\/e0f2fe\/1e3a8a?text=Mapa+de+Espa%C3%B1a\" alt=\"Mapa de Espa\u00f1a con territorios no peninsulares\" class=\"rounded-lg shadow-md\" onerror=\"this.src='https:\/\/placehold.co\/600x400\/cccccc\/ffffff?text=Error+al+cargar+mapa'; this.alt='Error al cargar mapa'\">\n                    <div id=\"map-tooltip\" class=\"tooltip\"><\/div>\n                    <\/div>\n                <div>\n                    <table>\n                        <thead>\n                            <tr>\n                                <th>Sistema El\u00e9ctrico Aislado<\/th>\n                                <th>Potencia (MW)<\/th>\n                            <\/tr>\n                        <\/thead>\n                        <tbody>\n                            <tr><td>Balear<\/td><td>350<\/td><\/tr>\n                            <tr><td>Gran Canaria<\/td><td>330<\/td><\/tr>\n                            <tr><td>Tenerife<\/td><td>370<\/td><\/tr>\n                            <tr><td>Lanzarote-Fuerteventura<\/td><td>215<\/td><\/tr>\n                            <tr><td>La Palma<\/td><td>44<\/td><\/tr>\n                            <tr><td>La Gomera<\/td><td>5,5<\/td><\/tr>\n                            <tr><td>El Hierro<\/td><td>6,5<\/td><\/tr>\n                            <tr><td>Ceuta<\/td><td>4<\/td><\/tr>\n                            <tr><td>Melilla<\/td><td>36<\/td><\/tr>\n                        <\/tbody>\n                    <\/table>\n                     <p class=\"text-sm text-gray-600 mt-4\">\n                        <i class=\"fas fa-info-circle mr-1\"><\/i> En Baleares y Lanzarote-Fuerteventura existen criterios de localizaci\u00f3n espec\u00edficos por subsistema (isla).\n                    <\/p>\n                     <p class=\"text-sm text-gray-600 mt-2\">\n                        <i class=\"fas fa-leaf mr-1\"><\/i> Limitaci\u00f3n t\u00e9cnica: Emisiones < 550 grCO2\/kWh para nuevos grupos.\n                    <\/p>\n                <\/div>\n            <\/div>\n        <\/section>\n\n        <section class=\"mb-12 card p-6\">\n            <h2 class=\"section-title\"><i class=\"fas fa-users\"><\/i>\u00bfQui\u00e9n puede participar?<\/h2>\n            <ul class=\"list-disc list-inside text-gray-700 space-y-2\">\n                <li><strong>Promotores de nuevas instalaciones<\/strong> de producci\u00f3n (Categor\u00eda A).<\/li>\n                <li><strong>Titulares de grupos existentes (Categor\u00eda A)<\/strong> que realicen <strong>nuevas inversiones<\/strong> (hayan finalizado o no su vida \u00fatil regulatoria).<\/li>\n                <li><strong>Titulares de grupos (Categor\u00eda A)<\/strong> cuya <strong>vida \u00fatil regulatoria finalice<\/strong> (entre 2025-2029 o antes) y quieran solicitar nuevamente el r\u00e9gimen retributivo (sin nuevas inversiones).<\/li>\n            <\/ul>\n        <\/section>\n\n        <section class=\"mb-12 card p-6\">\n            <h2 class=\"section-title\"><i class=\"fas fa-tasks\"><\/i>Proceso de Solicitud y Evaluaci\u00f3n<\/h2>\n            <div class=\"timeline\">\n                <div class=\"timeline-item\">\n                    <div class=\"timeline-dot\"><\/div>\n                    <div class=\"timeline-content\">\n                        <h3 class=\"font-semibold text-blue-800 mb-1\">Publicaci\u00f3n Convocatoria<\/h3>\n                        <p class=\"text-sm text-gray-600\">Se publica la resoluci\u00f3n en el BOE (Efectos al d\u00eda siguiente).<\/p>\n                    <\/div>\n                <\/div>\n                <div class=\"timeline-item\">\n                    <div class=\"timeline-dot\"><\/div>\n                    <div class=\"timeline-content\">\n                        <h3 class=\"font-semibold text-blue-800 mb-1\">Presentaci\u00f3n Solicitudes<\/h3>\n                        <p class=\"text-sm text-gray-600\"><strong>Plazo: 2 meses<\/strong> desde la eficacia de la resoluci\u00f3n. Presentaci\u00f3n electr\u00f3nica en la sede del Ministerio.<\/p>\n                         <p class=\"text-xs text-gray-500 mt-1\">Requiere garant\u00eda econ\u00f3mica (2% valor inversi\u00f3n est\u00e1ndar o prevista), excepto para extensi\u00f3n de vida \u00fatil sin inversi\u00f3n.<\/p>\n                    <\/div>\n                <\/div>\n                 <div class=\"timeline-item\">\n                    <div class=\"timeline-dot\"><\/div>\n                    <div class=\"timeline-content\">\n                        <h3 class=\"font-semibold text-blue-800 mb-1\">Admisi\u00f3n y Subsanaci\u00f3n<\/h3>\n                        <p class=\"text-sm text-gray-600\">Publicaci\u00f3n lista provisional (1 mes tras plazo). 10 d\u00edas para subsanar. Publicaci\u00f3n lista definitiva (1 mes tras subsanaci\u00f3n).<\/p>\n                    <\/div>\n                <\/div>\n                <div class=\"timeline-item\">\n                    <div class=\"timeline-dot\"><\/div>\n                    <div class=\"timeline-content\">\n                        <h3 class=\"font-semibold text-blue-800 mb-1\">Evaluaci\u00f3n T\u00e9cnica y Econ\u00f3mica<\/h3>\n                        <p class=\"text-sm text-gray-600\">Informes del Operador del Sistema (REE) y CNMC. An\u00e1lisis por la Direcci\u00f3n General de Pol\u00edtica Energ\u00e9tica y Minas.<\/p>\n                    <\/div>\n                <\/div>\n                 <div class=\"timeline-item\">\n                    <div class=\"timeline-dot\"><\/div>\n                    <div class=\"timeline-content\">\n                        <h3 class=\"font-semibold text-blue-800 mb-1\">Resoluci\u00f3n<\/h3>\n                        <p class=\"text-sm text-gray-600\"><strong>Plazo: 6 meses<\/strong> desde fin de recepci\u00f3n de solicitudes completas. Publicaci\u00f3n en BOE.<\/p>\n                        <p class=\"text-xs text-gray-500 mt-1\">La resoluci\u00f3n otorga derecho al r\u00e9gimen retributivo adicional condicionado.<\/p>\n                    <\/div>\n                <\/div>\n            <\/div>\n        <\/section>\n\n        <section class=\"mb-12 card p-6\">\n            <h2 class=\"section-title\"><i class=\"fas fa-clipboard-list\"><\/i>Criterios de Valoraci\u00f3n<\/h2>\n            <p class=\"text-gray-700 mb-4\">Las solicitudes se eval\u00faan seg\u00fan criterios t\u00e9cnicos y econ\u00f3micos para minimizar costes a largo plazo y fomentar la eficiencia.<\/p>\n            <div class=\"space-y-2\">\n                <div>\n                    <button class=\"accordion-button\" data-target=\"tecnicos\">\n                        <span><i class=\"fas fa-cogs icon\"><\/i>Criterios T\u00e9cnicos (Puntuables)<\/span>\n                        <i class=\"fas fa-chevron-down transition-transform duration-300\"><\/i>\n                    <\/button>\n                    <div id=\"tecnicos\" class=\"accordion-content\">\n                        <ul class=\"list-disc list-inside space-y-1 text-sm text-gray-600\">\n                            <li><strong>Combustibles Renovables:<\/strong> Uso de % renovable (Necesario >5% en Canarias si hay disponibilidad local, puntuable en general).<\/li>\n                            <li><strong>Ubicaci\u00f3n:<\/strong> Preferente, adecuada, no prioritaria (puntos seg\u00fan zona), suelo portuario\/industrial.<\/li>\n                            <li><strong>Tama\u00f1o (Potencia Neta):<\/strong> Puntos seg\u00fan rangos \u00f3ptimos por sistema\/isla.<\/li>\n                             <li><strong>M\u00ednimo T\u00e9cnico:<\/strong> Puntos adicionales si es bajo (% Potencia Neta).<\/li>\n                            <li><strong>Emisiones CO2:<\/strong> Puntos por reducci\u00f3n bajo 550 grCO2\/kWh (calculado seg\u00fan Anexo VII).<\/li>\n                            <li><strong>Arranque Aut\u00f3nomo:<\/strong> Puntos si tiene capacidad.<\/li>\n                            <li><strong>Tiempos Arranque\/Transici\u00f3n:<\/strong> Puntos si son r\u00e1pidos (< 25 min).<\/li>\n                            <li><strong>Velocidad Respuesta (MW\/min):<\/strong> Puntos seg\u00fan % Potencia Nominal \/ min.<\/li>\n                            <li><strong>Tiempos Parada:<\/strong> Puntos si son cortos (< 15 min o 15-25 min).<\/li>\n                            <li><strong>Autoenergizaci\u00f3n Transformador:<\/strong> Necesario en islas peque\u00f1as (La Palma, Gomera, Hierro, Ibiza, Menorca), puntuable en general.<\/li>\n                        <\/ul>\n                    <\/div>\n                <\/div>\n                <div>\n                    <button class=\"accordion-button\" data-target=\"economicos\">\n                        <span><i class=\"fas fa-euro-sign icon\"><\/i>Criterios Econ\u00f3micos y Selecci\u00f3n<\/span>\n                         <i class=\"fas fa-chevron-down transition-transform duration-300\"><\/i>\n                    <\/button>\n                    <div id=\"economicos\" class=\"accordion-content\">\n                         <ul class=\"list-disc list-inside space-y-1 text-sm text-gray-600\">\n                            <li><strong>Objetivo Principal:<\/strong> Minimizaci\u00f3n a largo plazo de los costes del sistema el\u00e9ctrico.<\/li>\n                            <li><strong>Simulaci\u00f3n Despacho:<\/strong> El Operador del Sistema simula el impacto en costes de generaci\u00f3n y servicios de ajuste.<\/li>\n                            <li><strong>Selecci\u00f3n (si P_solicitada > P_convocada):<\/strong>\n                                <ul>\n                                    <li>Se priorizan las que minimizan costes, requiriendo una puntuaci\u00f3n t\u00e9cnica m\u00ednima (inicialmente 30 puntos, bajando en escalones de 5 si no se cubre la potencia).<\/li>\n                                    <li>Se puede superar la potencia convocada si reduce costes globales o cumple objetivos ambientales\/t\u00e9cnicos (con alta puntuaci\u00f3n t\u00e9cnica > 70 puntos, incluso sin reducir costes si el impacto es limitado < 30% sobre coste medio).<\/li>\n                                <\/ul>\n                            <\/li>\n                             <li><strong>L\u00edmite Competencia:<\/strong> No se otorga si aumenta cuota > 40% de un grupo empresarial en el sistema (salvo excepciones).<\/li>\n                        <\/ul>\n                    <\/div>\n                <\/div>\n                 <div>\n                    <button class=\"accordion-button\" data-target=\"documentacion\">\n                        <span><i class=\"fas fa-file-alt icon\"><\/i>Documentaci\u00f3n Clave a Presentar (Anexo V)<\/span>\n                         <i class=\"fas fa-chevron-down transition-transform duration-300\"><\/i>\n                    <\/button>\n                    <div id=\"documentacion\" class=\"accordion-content\">\n                         <ul class=\"list-disc list-inside space-y-1 text-sm text-gray-600\">\n                            <li>Informaci\u00f3n del titular (constituci\u00f3n, capacidad t\u00e9cnica, viabilidad financiera).<\/li>\n                            <li>Datos t\u00e9cnicos del grupo (tecnolog\u00eda, potencia, combustible, rampas, tiempos, emisiones, eficiencia, etc.).<\/li>\n                            <li>Datos econ\u00f3micos (inversi\u00f3n, financiaci\u00f3n, costes O&#038;M, costes combustible).<\/li>\n                            <li>Ubicaci\u00f3n y nudo de conexi\u00f3n previsto.<\/li>\n                            <li>A\u00f1o previsto de inscripci\u00f3n en registro.<\/li>\n                            <li>Memoria descriptiva, viabilidad t\u00e9cnica, acreditaci\u00f3n poder firmante, resguardo garant\u00eda.<\/li>\n                            <li>Declaraci\u00f3n responsable sobre uso de renovables (si aplica).<\/li>\n                        <\/ul>\n                    <\/div>\n                <\/div>\n            <\/div>\n        <\/section>\n\n        <footer class=\"text-center mt-12 text-sm text-gray-500\">\n            <p>Esta infograf\u00eda es un resumen divulgativo y no sustituye la consulta de la Resoluci\u00f3n oficial publicada en el BOE.<\/p>\n            <p>&copy; 2024 Ministerio para la Transici\u00f3n Ecol\u00f3gica y el Reto Demogr\u00e1fico (Informaci\u00f3n)<\/p>\n        <\/footer>\n\n    <\/div>\n\n    <script>\n        \/\/ Script para la interactividad del acorde\u00f3n\n        const accordionButtons = document.querySelectorAll('.accordion-button');\n\n        accordionButtons.forEach(button => {\n            button.addEventListener('click', () => {\n                const targetId = button.getAttribute('data-target');\n                const targetContent = document.getElementById(targetId);\n                const icon = button.querySelector('i.fa-chevron-down');\n\n                \/\/ Cierra todos los dem\u00e1s acordeones\n                accordionButtons.forEach(otherButton => {\n                    if (otherButton !== button) {\n                        const otherTargetId = otherButton.getAttribute('data-target');\n                        const otherContent = document.getElementById(otherTargetId);\n                        const otherIcon = otherButton.querySelector('i.fa-chevron-down');\n                        if (otherContent.classList.contains('show')) {\n                            otherContent.classList.remove('show');\n                            otherIcon.classList.remove('rotate-180');\n                        }\n                    }\n                });\n\n                \/\/ Abre o cierra el acorde\u00f3n actual\n                targetContent.classList.toggle('show');\n                icon.classList.toggle('rotate-180');\n            });\n        });\n\n        \/\/ Script b\u00e1sico para Tooltip del Mapa (requiere SVG interactivo para funcionar bien)\n        \/\/ Como usamos una imagen, este script es solo un ejemplo conceptual.\n        \/\/ Para un mapa real, se a\u00f1adir\u00edan listeners a los <path> del SVG.\n        const mapContainer = document.querySelector('.map-container');\n        const tooltip = document.getElementById('map-tooltip');\n\n        \/\/ Simulaci\u00f3n de datos del mapa (se usar\u00eda con los IDs del SVG)\n        const powerData = {\n            'balear': 'Balear: 350 MW',\n            'gran-canaria': 'Gran Canaria: 330 MW',\n            'tenerife': 'Tenerife: 370 MW',\n            'lanzarote-fuerteventura': 'Lanzarote-Fuerteventura: 215 MW',\n            'la-palma': 'La Palma: 44 MW',\n            'la-gomera': 'La Gomera: 5.5 MW',\n            'el-hierro': 'El Hierro: 6.5 MW',\n            'ceuta': 'Ceuta: 4 MW',\n            'melilla': 'Melilla: 36 MW'\n        };\n\n        \/\/ Ejemplo de c\u00f3mo funcionar\u00eda con un SVG (necesitar\u00eda elementos SVG con IDs)\n        \/*\n        const territories = document.querySelectorAll('.territory'); \/\/ Asumiendo clase 'territory' en los paths SVG\n\n        territories.forEach(territory => {\n            territory.addEventListener('mousemove', (event) => {\n                const territoryId = territory.id; \/\/ ID del path SVG (ej: 'gran-canaria')\n                if (powerData[territoryId]) {\n                    tooltip.textContent = powerData[territoryId];\n                    tooltip.style.left = `${event.pageX + 15}px`;\n                    tooltip.style.top = `${event.pageY + 15}px`;\n                    tooltip.classList.add('active');\n                }\n            });\n\n            territory.addEventListener('mouseleave', () => {\n                tooltip.classList.remove('active');\n            });\n        });\n        *\/\n\n        \/\/ Dado que no hay SVG interactivo, el tooltip no se activar\u00e1.\n        \/\/ La tabla proporciona la informaci\u00f3n de forma est\u00e1tica.\n\n    <\/script>\n\n<\/body>\n<\/html>\n","protected":false},"excerpt":{"rendered":"<p>Infograf\u00eda: Convocatoria R\u00e9gimen Retributivo Adicional Convocatoria R\u00e9gimen Retributivo Adicional Sistemas El\u00e9ctricos No Peninsulares (Territorios No Peninsulares) Basado en la Resoluci\u00f3n de 21\/06\/2024 (Ref. Real Decreto 738\/2015) Objetivo de la Convocatoria Convocar un procedimiento de concurrencia competitiva para otorgar la resoluci\u00f3n favorable de compatibilidad. Esta resoluci\u00f3n es necesaria para que las instalaciones de producci\u00f3n de energ\u00eda [&hellip;]<\/p>\n","protected":false},"author":1,"featured_media":0,"parent":0,"menu_order":0,"comment_status":"closed","ping_status":"closed","template":"","meta":{"footnotes":""},"class_list":["post-655","page","type-page","status-publish"],"yoast_head":"<!-- This site is optimized with the Yoast SEO plugin v28.2 - https:\/\/yoast.com\/product\/yoast-seo-wordpress\/ -->\n<title>Convocatoria - Salto Ecol\u00f3gico<\/title>\n<meta name=\"robots\" content=\"index, follow, max-snippet:-1, max-image-preview:large, max-video-preview:-1\" \/>\n<link rel=\"canonical\" href=\"https:\/\/saltoecologico.es\/index.php\/apertura-del-proceso\/\" \/>\n<meta property=\"og:locale\" content=\"es_ES\" \/>\n<meta property=\"og:type\" content=\"article\" \/>\n<meta property=\"og:title\" content=\"Convocatoria - Salto Ecol\u00f3gico\" \/>\n<meta property=\"og:description\" content=\"Infograf\u00eda: Convocatoria R\u00e9gimen Retributivo Adicional Convocatoria R\u00e9gimen Retributivo Adicional Sistemas El\u00e9ctricos No Peninsulares (Territorios No Peninsulares) Basado en la Resoluci\u00f3n de 21\/06\/2024 (Ref. Real Decreto 738\/2015) Objetivo de la Convocatoria Convocar un procedimiento de concurrencia competitiva para otorgar la resoluci\u00f3n favorable de compatibilidad. Esta resoluci\u00f3n es necesaria para que las instalaciones de producci\u00f3n de energ\u00eda [&hellip;]\" \/>\n<meta property=\"og:url\" content=\"https:\/\/saltoecologico.es\/index.php\/apertura-del-proceso\/\" \/>\n<meta property=\"og:site_name\" content=\"Salto Ecol\u00f3gico\" \/>\n<meta property=\"article:publisher\" content=\"https:\/\/www.facebook.com\/Saltotransicionecologica\" \/>\n<meta property=\"article:modified_time\" content=\"2025-04-19T18:25:55+00:00\" \/>\n<meta property=\"og:image\" content=\"https:\/\/placehold.co\/600x400\/e0f2fe\/1e3a8a?text=Mapa+de+Espa%C3%B1a\" \/>\n<meta name=\"twitter:card\" content=\"summary_large_image\" \/>\n<meta name=\"twitter:label1\" content=\"Tiempo de lectura\" \/>\n\t<meta name=\"twitter:data1\" content=\"4 minutos\" \/>\n<script type=\"application\/ld+json\" class=\"yoast-schema-graph\">{\"@context\":\"https:\\\/\\\/schema.org\",\"@graph\":[{\"@type\":\"WebPage\",\"@id\":\"https:\\\/\\\/saltoecologico.es\\\/index.php\\\/apertura-del-proceso\\\/\",\"url\":\"https:\\\/\\\/saltoecologico.es\\\/index.php\\\/apertura-del-proceso\\\/\",\"name\":\"Convocatoria - Salto Ecol\u00f3gico\",\"isPartOf\":{\"@id\":\"https:\\\/\\\/saltoecologico.es\\\/#website\"},\"primaryImageOfPage\":{\"@id\":\"https:\\\/\\\/saltoecologico.es\\\/index.php\\\/apertura-del-proceso\\\/#primaryimage\"},\"image\":{\"@id\":\"https:\\\/\\\/saltoecologico.es\\\/index.php\\\/apertura-del-proceso\\\/#primaryimage\"},\"thumbnailUrl\":\"https:\\\/\\\/placehold.co\\\/600x400\\\/e0f2fe\\\/1e3a8a?text=Mapa+de+Espa%C3%B1a\",\"datePublished\":\"2025-04-17T21:29:35+00:00\",\"dateModified\":\"2025-04-19T18:25:55+00:00\",\"breadcrumb\":{\"@id\":\"https:\\\/\\\/saltoecologico.es\\\/index.php\\\/apertura-del-proceso\\\/#breadcrumb\"},\"inLanguage\":\"es\",\"potentialAction\":[{\"@type\":\"ReadAction\",\"target\":[\"https:\\\/\\\/saltoecologico.es\\\/index.php\\\/apertura-del-proceso\\\/\"]}]},{\"@type\":\"ImageObject\",\"inLanguage\":\"es\",\"@id\":\"https:\\\/\\\/saltoecologico.es\\\/index.php\\\/apertura-del-proceso\\\/#primaryimage\",\"url\":\"https:\\\/\\\/placehold.co\\\/600x400\\\/e0f2fe\\\/1e3a8a?text=Mapa+de+Espa%C3%B1a\",\"contentUrl\":\"https:\\\/\\\/placehold.co\\\/600x400\\\/e0f2fe\\\/1e3a8a?text=Mapa+de+Espa%C3%B1a\"},{\"@type\":\"BreadcrumbList\",\"@id\":\"https:\\\/\\\/saltoecologico.es\\\/index.php\\\/apertura-del-proceso\\\/#breadcrumb\",\"itemListElement\":[{\"@type\":\"ListItem\",\"position\":1,\"name\":\"Portada\",\"item\":\"https:\\\/\\\/saltoecologico.es\\\/\"},{\"@type\":\"ListItem\",\"position\":2,\"name\":\"Convocatoria\"}]},{\"@type\":\"WebSite\",\"@id\":\"https:\\\/\\\/saltoecologico.es\\\/#website\",\"url\":\"https:\\\/\\\/saltoecologico.es\\\/\",\"name\":\"Salto Ecol\u00f3gico\",\"description\":\"\",\"publisher\":{\"@id\":\"https:\\\/\\\/saltoecologico.es\\\/#organization\"},\"potentialAction\":[{\"@type\":\"SearchAction\",\"target\":{\"@type\":\"EntryPoint\",\"urlTemplate\":\"https:\\\/\\\/saltoecologico.es\\\/?s={search_term_string}\"},\"query-input\":{\"@type\":\"PropertyValueSpecification\",\"valueRequired\":true,\"valueName\":\"search_term_string\"}}],\"inLanguage\":\"es\"},{\"@type\":\"Organization\",\"@id\":\"https:\\\/\\\/saltoecologico.es\\\/#organization\",\"name\":\"Salto a la Transici\u00f3n Ecol\u00f3gica\",\"url\":\"https:\\\/\\\/saltoecologico.es\\\/\",\"logo\":{\"@type\":\"ImageObject\",\"inLanguage\":\"es\",\"@id\":\"https:\\\/\\\/saltoecologico.es\\\/#\\\/schema\\\/logo\\\/image\\\/\",\"url\":\"https:\\\/\\\/saltoecologico.es\\\/wp-content\\\/uploads\\\/2025\\\/04\\\/Logo-STE.jpg\",\"contentUrl\":\"https:\\\/\\\/saltoecologico.es\\\/wp-content\\\/uploads\\\/2025\\\/04\\\/Logo-STE.jpg\",\"width\":435,\"height\":435,\"caption\":\"Salto a la Transici\u00f3n Ecol\u00f3gica\"},\"image\":{\"@id\":\"https:\\\/\\\/saltoecologico.es\\\/#\\\/schema\\\/logo\\\/image\\\/\"},\"sameAs\":[\"https:\\\/\\\/www.facebook.com\\\/Saltotransicionecologica\"]}]}<\/script>\n<!-- \/ Yoast SEO plugin. -->","yoast_head_json":{"title":"Convocatoria - Salto Ecol\u00f3gico","robots":{"index":"index","follow":"follow","max-snippet":"max-snippet:-1","max-image-preview":"max-image-preview:large","max-video-preview":"max-video-preview:-1"},"canonical":"https:\/\/saltoecologico.es\/index.php\/apertura-del-proceso\/","og_locale":"es_ES","og_type":"article","og_title":"Convocatoria - Salto Ecol\u00f3gico","og_description":"Infograf\u00eda: Convocatoria R\u00e9gimen Retributivo Adicional Convocatoria R\u00e9gimen Retributivo Adicional Sistemas El\u00e9ctricos No Peninsulares (Territorios No Peninsulares) Basado en la Resoluci\u00f3n de 21\/06\/2024 (Ref. Real Decreto 738\/2015) Objetivo de la Convocatoria Convocar un procedimiento de concurrencia competitiva para otorgar la resoluci\u00f3n favorable de compatibilidad. Esta resoluci\u00f3n es necesaria para que las instalaciones de producci\u00f3n de energ\u00eda [&hellip;]","og_url":"https:\/\/saltoecologico.es\/index.php\/apertura-del-proceso\/","og_site_name":"Salto Ecol\u00f3gico","article_publisher":"https:\/\/www.facebook.com\/Saltotransicionecologica","article_modified_time":"2025-04-19T18:25:55+00:00","og_image":[{"url":"https:\/\/placehold.co\/600x400\/e0f2fe\/1e3a8a?text=Mapa+de+Espa%C3%B1a","type":"","width":"","height":""}],"twitter_card":"summary_large_image","twitter_misc":{"Tiempo de lectura":"4 minutos"},"schema":{"@context":"https:\/\/schema.org","@graph":[{"@type":"WebPage","@id":"https:\/\/saltoecologico.es\/index.php\/apertura-del-proceso\/","url":"https:\/\/saltoecologico.es\/index.php\/apertura-del-proceso\/","name":"Convocatoria - Salto Ecol\u00f3gico","isPartOf":{"@id":"https:\/\/saltoecologico.es\/#website"},"primaryImageOfPage":{"@id":"https:\/\/saltoecologico.es\/index.php\/apertura-del-proceso\/#primaryimage"},"image":{"@id":"https:\/\/saltoecologico.es\/index.php\/apertura-del-proceso\/#primaryimage"},"thumbnailUrl":"https:\/\/placehold.co\/600x400\/e0f2fe\/1e3a8a?text=Mapa+de+Espa%C3%B1a","datePublished":"2025-04-17T21:29:35+00:00","dateModified":"2025-04-19T18:25:55+00:00","breadcrumb":{"@id":"https:\/\/saltoecologico.es\/index.php\/apertura-del-proceso\/#breadcrumb"},"inLanguage":"es","potentialAction":[{"@type":"ReadAction","target":["https:\/\/saltoecologico.es\/index.php\/apertura-del-proceso\/"]}]},{"@type":"ImageObject","inLanguage":"es","@id":"https:\/\/saltoecologico.es\/index.php\/apertura-del-proceso\/#primaryimage","url":"https:\/\/placehold.co\/600x400\/e0f2fe\/1e3a8a?text=Mapa+de+Espa%C3%B1a","contentUrl":"https:\/\/placehold.co\/600x400\/e0f2fe\/1e3a8a?text=Mapa+de+Espa%C3%B1a"},{"@type":"BreadcrumbList","@id":"https:\/\/saltoecologico.es\/index.php\/apertura-del-proceso\/#breadcrumb","itemListElement":[{"@type":"ListItem","position":1,"name":"Portada","item":"https:\/\/saltoecologico.es\/"},{"@type":"ListItem","position":2,"name":"Convocatoria"}]},{"@type":"WebSite","@id":"https:\/\/saltoecologico.es\/#website","url":"https:\/\/saltoecologico.es\/","name":"Salto Ecol\u00f3gico","description":"","publisher":{"@id":"https:\/\/saltoecologico.es\/#organization"},"potentialAction":[{"@type":"SearchAction","target":{"@type":"EntryPoint","urlTemplate":"https:\/\/saltoecologico.es\/?s={search_term_string}"},"query-input":{"@type":"PropertyValueSpecification","valueRequired":true,"valueName":"search_term_string"}}],"inLanguage":"es"},{"@type":"Organization","@id":"https:\/\/saltoecologico.es\/#organization","name":"Salto a la Transici\u00f3n Ecol\u00f3gica","url":"https:\/\/saltoecologico.es\/","logo":{"@type":"ImageObject","inLanguage":"es","@id":"https:\/\/saltoecologico.es\/#\/schema\/logo\/image\/","url":"https:\/\/saltoecologico.es\/wp-content\/uploads\/2025\/04\/Logo-STE.jpg","contentUrl":"https:\/\/saltoecologico.es\/wp-content\/uploads\/2025\/04\/Logo-STE.jpg","width":435,"height":435,"caption":"Salto a la Transici\u00f3n Ecol\u00f3gica"},"image":{"@id":"https:\/\/saltoecologico.es\/#\/schema\/logo\/image\/"},"sameAs":["https:\/\/www.facebook.com\/Saltotransicionecologica"]}]}},"_links":{"self":[{"href":"https:\/\/saltoecologico.es\/index.php\/wp-json\/wp\/v2\/pages\/655","targetHints":{"allow":["GET"]}}],"collection":[{"href":"https:\/\/saltoecologico.es\/index.php\/wp-json\/wp\/v2\/pages"}],"about":[{"href":"https:\/\/saltoecologico.es\/index.php\/wp-json\/wp\/v2\/types\/page"}],"author":[{"embeddable":true,"href":"https:\/\/saltoecologico.es\/index.php\/wp-json\/wp\/v2\/users\/1"}],"replies":[{"embeddable":true,"href":"https:\/\/saltoecologico.es\/index.php\/wp-json\/wp\/v2\/comments?post=655"}],"version-history":[{"count":3,"href":"https:\/\/saltoecologico.es\/index.php\/wp-json\/wp\/v2\/pages\/655\/revisions"}],"predecessor-version":[{"id":841,"href":"https:\/\/saltoecologico.es\/index.php\/wp-json\/wp\/v2\/pages\/655\/revisions\/841"}],"wp:attachment":[{"href":"https:\/\/saltoecologico.es\/index.php\/wp-json\/wp\/v2\/media?parent=655"}],"curies":[{"name":"wp","href":"https:\/\/api.w.org\/{rel}","templated":true}]}}