{"id":893,"date":"2025-04-20T09:13:58","date_gmt":"2025-04-20T09:13:58","guid":{"rendered":"https:\/\/saltoecologico.es\/?page_id=893"},"modified":"2025-04-20T10:31:54","modified_gmt":"2025-04-20T10:31:54","slug":"ano-2022","status":"publish","type":"page","link":"https:\/\/saltoecologico.es\/index.php\/ano-2022\/","title":{"rendered":"Hist\u00f3rico"},"content":{"rendered":"<div id=\"tdi_1\" class=\"tdc-zone\"><div class=\"tdc_zone tdi_2  wpb_row td-pb-row\"  >\n<style scoped>\n\/* custom css - generated by TagDiv Composer *\/\n\n\/* custom css - generated by TagDiv Composer *\/\n.tdi_2{\r\n                    min-height: 0;\r\n                }\n<\/style><div id=\"tdi_3\" class=\"tdc-row stretch_row_1200 td-stretch-content\"><div class=\"vc_row tdi_4  wpb_row td-pb-row\" >\n<style scoped>\n\/* custom css - generated by TagDiv Composer *\/\n\n\/* custom css - generated by TagDiv Composer *\/\n.tdi_4,\r\n                .tdi_4 .tdc-columns{\r\n                    min-height: 0;\r\n                }#tdi_3.tdc-row[class*='stretch_row'] > .td-pb-row > .td-element-style,\r\n                #tdi_3.tdc-row[class*='stretch_row'] > .td-pb-row > .tdc-video-outer-wrapper{\r\n                    width: 100% !important;\r\n                }.tdi_4,\r\n\t\t\t\t.tdi_4 .tdc-columns{\r\n\t\t\t\t    display: block;\r\n\t\t\t\t}.tdi_4 .tdc-columns{\r\n\t\t\t\t    width: 100%;\r\n\t\t\t\t}.tdi_4:before,\r\n\t\t\t\t.tdi_4:after{\r\n\t\t\t\t    display: table;\r\n\t\t\t\t}@media (min-width: 768px) {\r\n\t                .tdi_4 {\r\n\t                    margin-left: -0px;\r\n\t                    margin-right: -0px;\r\n\t                }\r\n\t                .tdi_4 .tdc-row-video-background-error,\r\n\t                .tdi_4 > .vc_column,\r\n\t                .tdi_4 > .tdc-columns > .vc_column {\r\n\t                    padding-left: 0px;\r\n\t                    padding-right: 0px;\r\n\t                }\r\n                }\n\/* inline tdc_css att - generated by TagDiv Composer *\/\n\n.tdi_4{\npadding-top:50px !important;\n}\n\n.tdi_4 .td_block_wrap{ text-align:left }\n\n\/* portrait *\/\n@media (min-width: 768px) and (max-width: 1018px)\n{\n.tdi_4{\npadding-top:42px !important;\npadding-right:14px !important;\npadding-left:14px !important;\n}\n}\n\n\/* phone *\/\n@media (max-width: 767px)\n{\n.tdi_4{\npadding-top:34px !important;\n}\n}\n\n<\/style><div class=\"vc_column tdi_6  wpb_column vc_column_container tdc-column td-pb-span12\">\n<style scoped>\n\/* custom css - generated by TagDiv Composer *\/\n\n\/* custom css - generated by TagDiv Composer *\/\n.tdi_6{\r\n                    vertical-align: baseline;\r\n                }.tdi_6 > .wpb_wrapper,\r\n\t\t\t\t.tdi_6 > .wpb_wrapper > .tdc-elements{\r\n\t\t\t\t    display: flex;\r\n\t\t\t\t\r\n\t\t\t\t    flex-direction: row;\r\n\t\t\t\t\r\n\t\t\t\t    flex-wrap: wrap;\r\n\t\t\t\t\r\n\t\t\t\t    justify-content: center;\r\n\t\t\t\t\r\n\t\t\t\t    align-items: flex-start;\r\n\t\t\t\t}.tdi_6 > .wpb_wrapper > .tdc-elements{\r\n\t\t\t\t    width: 100%;\r\n\t\t\t\t}.tdi_6 > .wpb_wrapper > .vc_row_inner{\r\n\t\t\t\t    width: auto;\r\n\t\t\t\t}.tdi_6 > .wpb_wrapper{\r\n\t\t\t\t    width: 100%;\r\n\t\t\t\t    height: 100%;\r\n\t\t\t\t}\n\/* inline tdc_css att - generated by TagDiv Composer *\/\n\n.tdi_6{\npadding-top:64px !important;\npadding-right:48px !important;\npadding-bottom:64px !important;\npadding-left:48px !important;\nborder-radius:6px !important;\nborder-style:solid !important;\nborder-color:#888888 !important;\nborder-width:0 !important;\nposition:relative;\n}\n\n\/* portrait *\/\n@media (min-width: 768px) and (max-width: 1018px)\n{\n.tdi_6{\npadding-top:48px !important;\npadding-right:32px !important;\npadding-bottom:48px !important;\npadding-left:32px !important;\n}\n}\n\n\/* phone *\/\n@media (max-width: 767px)\n{\n.tdi_6{\npadding-top:32px !important;\npadding-right:24px !important;\npadding-bottom:32px !important;\npadding-left:24px !important;\n}\n}\n\n<\/style>\n<div class=\"tdi_5_rand_style td-element-style\" ><style>\n\/* custom css - generated by TagDiv Composer *\/\n\n.tdi_5_rand_style{\nborder-radius:6px !important;\nbackground-color:var(--office-nexus-bg-section-light) !important;\n}\n <\/style><\/div><div class=\"wpb_wrapper\" ><\/div><\/div><\/div><\/div><div id=\"tdi_7\" class=\"tdc-row stretch_row_1200 td-stretch-content\"><div class=\"vc_row tdi_8 all-locations wpb_row td-pb-row\" >\n<style scoped>\n\/* custom css - generated by TagDiv Composer *\/\n\n\/* custom css - generated by TagDiv Composer *\/\n.tdi_8,\r\n                .tdi_8 .tdc-columns{\r\n                    min-height: 0;\r\n                }.tdi_8,\r\n\t\t\t\t.tdi_8 .tdc-columns{\r\n\t\t\t\t    display: block;\r\n\t\t\t\t}.tdi_8 .tdc-columns{\r\n\t\t\t\t    width: 100%;\r\n\t\t\t\t}.tdi_8:before,\r\n\t\t\t\t.tdi_8:after{\r\n\t\t\t\t    display: table;\r\n\t\t\t\t}\n\/* inline tdc_css att - generated by TagDiv Composer *\/\n\n.tdi_8{\npadding-top:100px !important;\npadding-bottom:150px !important;\n}\n\n.tdi_8 .td_block_wrap{ text-align:left }\n\n\/* portrait *\/\n@media (min-width: 768px) and (max-width: 1018px)\n{\n.tdi_8{\npadding-top:84px !important;\npadding-bottom:120px !important;\n}\n}\n\n\/* phone *\/\n@media (max-width: 767px)\n{\n.tdi_8{\npadding-top:68px !important;\npadding-bottom:100px !important;\n}\n}\n\n<\/style><div class=\"vc_column tdi_10  wpb_column vc_column_container tdc-column td-pb-span12\">\n<style scoped>\n\/* custom css - generated by TagDiv Composer *\/\n\n\/* custom css - generated by TagDiv Composer *\/\n.tdi_10{\r\n                    vertical-align: baseline;\r\n                }.tdi_10 > .wpb_wrapper,\r\n\t\t\t\t.tdi_10 > .wpb_wrapper > .tdc-elements{\r\n\t\t\t\t    display: block;\r\n\t\t\t\t}.tdi_10 > .wpb_wrapper > .tdc-elements{\r\n\t\t\t\t    width: 100%;\r\n\t\t\t\t}.tdi_10 > .wpb_wrapper > .vc_row_inner{\r\n\t\t\t\t    width: auto;\r\n\t\t\t\t}.tdi_10 > .wpb_wrapper{\r\n\t\t\t\t    width: auto;\r\n\t\t\t\t    height: auto;\r\n\t\t\t\t}\n<\/style><div class=\"wpb_wrapper\" ><div class=\"td_block_wrap td_flex_block_1 tdi_11 td-pb-border-top td_block_template_1 td_flex_block\"  data-td-block-uid=\"tdi_11\" >\n<style>\n\/* custom css - generated by TagDiv Composer *\/\n.tdi_11.custom-tdc-no-posts .td_block_inner{\r\n                    margin-left: 0 !important;\r\n                    margin-right: 0 !important;\r\n                }.tdi_11.custom-tdc-no-posts .td_block_inner:after{\r\n                    content: \"No posts\" !important;\r\n                    display: block !important;\r\n                    font-size: 13px;\r\n                    font-weight: normal;\r\n                    text-align: left;\r\n                    padding: 20px;\r\n                    border: 1px solid rgba(190, 190, 190, 0.35);\r\n                    color: rgba(125, 125, 125, 0.8);\r\n                }.tdi_11 .entry-thumb{\r\n\t\t\t\t\tbackground-position: center 50%;\r\n\t\t\t\t}.tdi_11 .td-module-container{\r\n\t\t\t\t\tflex-direction: column;\r\n\t\t\t\t\r\n\t\t\t\t    border-color: #eaeaea !important;\r\n\t\t\t\t}.tdi_11 .td-image-container{\r\n                \tdisplay: block; order: 0;\r\n                }.ie10 .tdi_11 .td-module-meta-info,\r\n\t\t\t\t.ie11 .tdi_11 .td-module-meta-info{\r\n\t\t\t\t \tflex: auto;\r\n\t\t\t    }body .tdi_11 .td-favorite{\r\n                    font-size: 36px;\r\n                \r\n                    box-shadow:  1px 1px 4px 0px rgba(0, 0, 0, 0.2);\r\n                }.tdi_11 .td-module-meta-info{\r\n\t\t\t\t\tborder-color: #eaeaea;\r\n\t\t\t\t}.tdi_11 .td_module_wrap{\r\n\t\t\t\t\twidth: 25%;\r\n\t\t\t\t\tfloat: left;\r\n\t\t\t\t\r\n\t\t\t\t\tpadding-left: 20px;\r\n\t\t\t\t\tpadding-right: 20px;\r\n\t\t\t\t\r\n\t\t\t\t\tpadding-bottom: 18px;\r\n\t\t\t\t\tmargin-bottom: 18px;\r\n\t\t\t\t}.rtl .tdi_11 .td_module_wrap{\r\n\t\t\t\t\tfloat: right;\r\n\t\t\t\t}.tdi_11 .td_block_inner{\r\n\t\t\t\t\tmargin-left: -20px;\r\n\t\t\t\t\tmargin-right: -20px;\r\n\t\t\t\t}.tdi_11 .td-module-container:before{\r\n\t\t\t\t\tbottom: -18px;\r\n\t\t\t\t\r\n\t\t\t\t\tborder-color: #eaeaea;\r\n\t\t\t\t}.tdi_11 .td-post-vid-time{\r\n\t\t\t\t\tdisplay: block;\r\n\t\t\t\t}.tdi_11 .td-post-category:not(.td-post-extra-category){\r\n\t\t\t\t\tdisplay: inline-block;\r\n\t\t\t\t}.tdi_11 .td-author-photo .avatar{\r\n\t\t\t\t    width: 20px;\r\n\t\t\t\t    height: 20px;\r\n\t\t\t\t\r\n\t\t\t\t    margin-right: 6px;\r\n\t\t\t\t\r\n\t\t\t\t    border-radius: 50%;\r\n\t\t\t\t}.tdi_11 .td-excerpt{\r\n\t\t\t\t\tdisplay: block;\r\n\t\t\t\t\r\n\t\t\t\t\tcolumn-count: 1;\r\n\t\t\t\t\r\n\t\t\t\t\tcolumn-gap: 48px;\r\n\t\t\t\t}.tdi_11 .td-audio-player{\r\n\t\t\t\t\topacity: 1;\r\n\t\t\t\t\tvisibility: visible;\r\n\t\t\t\t\theight: auto;\r\n\t\t\t\t\r\n\t\t\t\t\tfont-size: 13px;\r\n\t\t\t\t}.tdi_11 .td-read-more{\r\n\t\t\t\t\tdisplay: block;\r\n\t\t\t\t}.tdi_11 .td-author-date{\r\n\t\t\t\t\tdisplay: inline;\r\n\t\t\t\t}.tdi_11 .td-post-author-name{\r\n\t\t\t\t\tdisplay: inline-block;\r\n\t\t\t\t}.tdi_11 .td-post-date,\r\n\t\t\t\t.tdi_11 .td-post-author-name span{\r\n\t\t\t\t\tdisplay: inline-block;\r\n\t\t\t\t}.tdi_11 .entry-review-stars{\r\n\t\t\t\t\tdisplay: inline-block;\r\n\t\t\t\t}.tdi_11 .td-icon-star,\r\n                .tdi_11 .td-icon-star-empty,\r\n                .tdi_11 .td-icon-star-half{\r\n\t\t\t\t\tfont-size: 15px;\r\n\t\t\t\t}.tdi_11 .td-module-comments{\r\n\t\t\t\t\tdisplay: block;\r\n\t\t\t\t}.tdi_11 .td_module_wrap:nth-child(4n+1){\r\n\t\t\t\t\tclear: both;\r\n\t\t\t\t}.tdi_11 .td_module_wrap:nth-last-child(-n+4){\r\n\t\t\t\t\tmargin-bottom: 0;\r\n\t\t\t\t\tpadding-bottom: 0;\r\n\t\t\t\t}.tdi_11 .td_module_wrap:nth-last-child(-n+4) .td-module-container:before{\r\n\t\t\t\t\tdisplay: none;\r\n\t\t\t\t}.tdi_11 .td-module-title a{\r\n                    box-shadow: inset 0 0 0 0 #000;\r\n                }html:not([class*='ie']) .tdi_11 .td-module-container:hover .entry-thumb:before{\r\n                    opacity: 0;\r\n                }@media (min-width: 768px) {\r\n                    .tdi_11 .td-module-title a {\r\n                        transition: all 0.2s ease;\r\n                        -webkit-transition: all 0.2s ease;\r\n                    }\r\n                }\n\n\/* landscape *\/\n@media (min-width: 1019px) and (max-width: 1140px){\n.tdi_11 .td_module_wrap{\r\n\t\t\t\t\tpadding-bottom: 18px;\r\n\t\t\t\t\tmargin-bottom: 18px;\r\n\t\t\t\t\r\n\t\t\t\t\tclear: none !important;\r\n\t\t\t\t\r\n\t\t\t\t\tpadding-bottom: 18px !important;\r\n\t\t\t\t\tmargin-bottom: 18px !important;\r\n\t\t\t\t}.tdi_11 .td-module-container:before{\r\n\t\t\t\t\tbottom: -18px;\r\n\t\t\t\t}.tdi_11 .td_module_wrap:nth-child(4n+1){\r\n\t\t\t\t\tclear: both !important;\r\n\t\t\t\t}.tdi_11 .td_module_wrap:nth-last-child(-n+4){\r\n\t\t\t\t\tmargin-bottom: 0 !important;\r\n\t\t\t\t\tpadding-bottom: 0 !important;\r\n\t\t\t\t}.tdi_11 .td_module_wrap .td-module-container:before{\r\n\t\t\t\t\tdisplay: block !important;\r\n\t\t\t\t}.tdi_11 .td_module_wrap:nth-last-child(-n+4) .td-module-container:before{\r\n\t\t\t\t\tdisplay: none !important;\r\n\t\t\t\t}.tdi_11 .td-module-title a{\r\n                    box-shadow: inset 0 0 0 0 #000;\r\n                }@media (min-width: 768px) {\r\n                    .tdi_11 .td-module-title a {\r\n                        transition: all 0.2s ease;\r\n                        -webkit-transition: all 0.2s ease;\r\n                    }\r\n                }\n}\n\n\/* portrait *\/\n@media (min-width: 768px) and (max-width: 1018px){\n.tdi_11 .td_module_wrap{\r\n\t\t\t\t\tpadding-bottom: 18px;\r\n\t\t\t\t\tmargin-bottom: 18px;\r\n\t\t\t\t\r\n\t\t\t\t\tclear: none !important;\r\n\t\t\t\t\r\n\t\t\t\t\tpadding-bottom: 18px !important;\r\n\t\t\t\t\tmargin-bottom: 18px !important;\r\n\t\t\t\t}.tdi_11 .td-module-container:before{\r\n\t\t\t\t\tbottom: -18px;\r\n\t\t\t\t}.tdi_11 .td_module_wrap:nth-child(4n+1){\r\n\t\t\t\t\tclear: both !important;\r\n\t\t\t\t}.tdi_11 .td_module_wrap:nth-last-child(-n+4){\r\n\t\t\t\t\tmargin-bottom: 0 !important;\r\n\t\t\t\t\tpadding-bottom: 0 !important;\r\n\t\t\t\t}.tdi_11 .td_module_wrap .td-module-container:before{\r\n\t\t\t\t\tdisplay: block !important;\r\n\t\t\t\t}.tdi_11 .td_module_wrap:nth-last-child(-n+4) .td-module-container:before{\r\n\t\t\t\t\tdisplay: none !important;\r\n\t\t\t\t}.tdi_11 .td-module-title a{\r\n                    box-shadow: inset 0 0 0 0 #000;\r\n                }@media (min-width: 768px) {\r\n                    .tdi_11 .td-module-title a {\r\n                        transition: all 0.2s ease;\r\n                        -webkit-transition: all 0.2s ease;\r\n                    }\r\n                }\n}\n\n\/* phone *\/\n@media (max-width: 767px){\n.tdi_11 .td_module_wrap{\r\n\t\t\t\t\tpadding-bottom: 18px;\r\n\t\t\t\t\tmargin-bottom: 18px;\r\n\t\t\t\t\r\n\t\t\t\t\tclear: none !important;\r\n\t\t\t\t\r\n\t\t\t\t\tpadding-bottom: 18px !important;\r\n\t\t\t\t\tmargin-bottom: 18px !important;\r\n\t\t\t\t}.tdi_11 .td-module-container:before{\r\n\t\t\t\t\tbottom: -18px;\r\n\t\t\t\t}.tdi_11 .td_module_wrap:nth-child(4n+1){\r\n\t\t\t\t\tclear: both !important;\r\n\t\t\t\t}.tdi_11 .td_module_wrap:nth-last-child(-n+4){\r\n\t\t\t\t\tmargin-bottom: 0 !important;\r\n\t\t\t\t\tpadding-bottom: 0 !important;\r\n\t\t\t\t}.tdi_11 .td_module_wrap .td-module-container:before{\r\n\t\t\t\t\tdisplay: block !important;\r\n\t\t\t\t}.tdi_11 .td_module_wrap:nth-last-child(-n+4) .td-module-container:before{\r\n\t\t\t\t\tdisplay: none !important;\r\n\t\t\t\t}.tdi_11 .td-module-title a{\r\n                    box-shadow: inset 0 0 0 0 #000;\r\n                }@media (min-width: 768px) {\r\n                    .tdi_11 .td-module-title a {\r\n                        transition: all 0.2s ease;\r\n                        -webkit-transition: all 0.2s ease;\r\n                    }\r\n                }\n}\n<\/style><script>var block_tdi_11 = new tdBlock();\nblock_tdi_11.id = \"tdi_11\";\nblock_tdi_11.atts = '{\"modules_on_row\":\"25%\",\"limit\":\"60\",\"hide_audio\":\"yes\",\"block_type\":\"td_flex_block_1\",\"separator\":\"\",\"custom_title\":\"\",\"custom_url\":\"\",\"block_template_id\":\"\",\"title_tag\":\"\",\"mc1_tl\":\"\",\"mc1_title_tag\":\"\",\"mc1_el\":\"\",\"post_ids\":\"\",\"category_id\":\"\",\"taxonomies\":\"\",\"category_ids\":\"\",\"in_all_terms\":\"\",\"tag_slug\":\"\",\"autors_id\":\"\",\"installed_post_types\":\"\",\"include_cf_posts\":\"\",\"exclude_cf_posts\":\"\",\"sort\":\"\",\"popular_by_date\":\"\",\"linked_posts\":\"\",\"favourite_only\":\"\",\"offset\":\"\",\"open_in_new_window\":\"\",\"show_modified_date\":\"\",\"time_ago\":\"\",\"time_ago_add_txt\":\"ago\",\"time_ago_txt_pos\":\"\",\"review_source\":\"\",\"el_class\":\"\",\"td_query_cache\":\"\",\"td_query_cache_expiration\":\"\",\"enable_no_posts_message\":\"\",\"no_posts_message\":\"No posts\",\"td_ajax_filter_type\":\"\",\"td_ajax_filter_ids\":\"\",\"td_filter_default_txt\":\"All\",\"td_ajax_preloading\":\"\",\"container_width\":\"\",\"modules_gap\":\"\",\"m_padding\":\"\",\"all_modules_space\":\"36\",\"modules_border_size\":\"\",\"modules_border_style\":\"\",\"modules_border_color\":\"#eaeaea\",\"modules_border_radius\":\"\",\"modules_divider\":\"\",\"modules_divider_color\":\"#eaeaea\",\"h_effect\":\"\",\"image_size\":\"\",\"image_alignment\":\"50\",\"image_height\":\"\",\"image_width\":\"\",\"image_floated\":\"no_float\",\"image_radius\":\"\",\"hide_image\":\"\",\"show_favourites\":\"\",\"fav_size\":\"2\",\"fav_space\":\"\",\"fav_ico_color\":\"\",\"fav_ico_color_h\":\"\",\"fav_bg\":\"\",\"fav_bg_h\":\"\",\"fav_shadow_shadow_header\":\"\",\"fav_shadow_shadow_title\":\"Shadow\",\"fav_shadow_shadow_size\":\"\",\"fav_shadow_shadow_offset_horizontal\":\"\",\"fav_shadow_shadow_offset_vertical\":\"\",\"fav_shadow_shadow_spread\":\"\",\"fav_shadow_shadow_color\":\"\",\"video_icon\":\"\",\"video_popup\":\"yes\",\"video_rec\":\"\",\"spot_header\":\"\",\"video_rec_title\":\"\",\"video_rec_color\":\"\",\"video_rec_disable\":\"\",\"autoplay_vid\":\"yes\",\"show_vid_t\":\"block\",\"vid_t_margin\":\"\",\"vid_t_padding\":\"\",\"video_title_color\":\"\",\"video_title_color_h\":\"\",\"video_bg\":\"\",\"video_overlay\":\"\",\"vid_t_color\":\"\",\"vid_t_bg_color\":\"\",\"f_vid_title_font_header\":\"\",\"f_vid_title_font_title\":\"Video pop-up article title\",\"f_vid_title_font_settings\":\"\",\"f_vid_title_font_family\":\"\",\"f_vid_title_font_size\":\"\",\"f_vid_title_font_line_height\":\"\",\"f_vid_title_font_style\":\"\",\"f_vid_title_font_weight\":\"\",\"f_vid_title_font_transform\":\"\",\"f_vid_title_font_spacing\":\"\",\"f_vid_title_\":\"\",\"f_vid_time_font_title\":\"Video duration text\",\"f_vid_time_font_settings\":\"\",\"f_vid_time_font_family\":\"\",\"f_vid_time_font_size\":\"\",\"f_vid_time_font_line_height\":\"\",\"f_vid_time_font_style\":\"\",\"f_vid_time_font_weight\":\"\",\"f_vid_time_font_transform\":\"\",\"f_vid_time_font_spacing\":\"\",\"f_vid_time_\":\"\",\"meta_info_align\":\"\",\"meta_info_horiz\":\"layout-default\",\"meta_width\":\"\",\"meta_margin\":\"\",\"meta_padding\":\"\",\"meta_space\":\"\",\"art_title\":\"\",\"art_btn\":\"\",\"meta_info_border_size\":\"\",\"meta_info_border_style\":\"\",\"meta_info_border_color\":\"#eaeaea\",\"meta_info_border_radius\":\"\",\"modules_category\":\"\",\"modules_category_margin\":\"\",\"modules_category_padding\":\"\",\"modules_cat_border\":\"\",\"modules_category_radius\":\"0\",\"show_cat\":\"inline-block\",\"modules_extra_cat\":\"\",\"show_author\":\"inline-block\",\"author_photo\":\"\",\"author_photo_size\":\"\",\"author_photo_space\":\"\",\"author_photo_radius\":\"\",\"show_date\":\"inline-block\",\"show_com\":\"block\",\"show_review\":\"inline-block\",\"review_space\":\"\",\"review_size\":\"2.5\",\"review_distance\":\"\",\"show_excerpt\":\"block\",\"art_excerpt\":\"\",\"excerpt_col\":\"1\",\"excerpt_gap\":\"\",\"excerpt_middle\":\"\",\"excerpt_inline\":\"\",\"show_audio\":\"block\",\"art_audio\":\"\",\"art_audio_size\":\"1.5\",\"show_btn\":\"block\",\"btn_title\":\"\",\"btn_margin\":\"\",\"btn_padding\":\"\",\"btn_border_width\":\"\",\"btn_radius\":\"\",\"pag_space\":\"\",\"pag_padding\":\"\",\"pag_border_width\":\"\",\"pag_border_radius\":\"\",\"prev_tdicon\":\"\",\"next_tdicon\":\"\",\"pag_icons_size\":\"\",\"f_header_font_header\":\"\",\"f_header_font_title\":\"Block header\",\"f_header_font_settings\":\"\",\"f_header_font_family\":\"\",\"f_header_font_size\":\"\",\"f_header_font_line_height\":\"\",\"f_header_font_style\":\"\",\"f_header_font_weight\":\"\",\"f_header_font_transform\":\"\",\"f_header_font_spacing\":\"\",\"f_header_\":\"\",\"f_ajax_font_title\":\"Ajax categories\",\"f_ajax_font_settings\":\"\",\"f_ajax_font_family\":\"\",\"f_ajax_font_size\":\"\",\"f_ajax_font_line_height\":\"\",\"f_ajax_font_style\":\"\",\"f_ajax_font_weight\":\"\",\"f_ajax_font_transform\":\"\",\"f_ajax_font_spacing\":\"\",\"f_ajax_\":\"\",\"f_more_font_title\":\"Load more button\",\"f_more_font_settings\":\"\",\"f_more_font_family\":\"\",\"f_more_font_size\":\"\",\"f_more_font_line_height\":\"\",\"f_more_font_style\":\"\",\"f_more_font_weight\":\"\",\"f_more_font_transform\":\"\",\"f_more_font_spacing\":\"\",\"f_more_\":\"\",\"f_title_font_header\":\"\",\"f_title_font_title\":\"Article title\",\"f_title_font_settings\":\"\",\"f_title_font_family\":\"\",\"f_title_font_size\":\"\",\"f_title_font_line_height\":\"\",\"f_title_font_style\":\"\",\"f_title_font_weight\":\"\",\"f_title_font_transform\":\"\",\"f_title_font_spacing\":\"\",\"f_title_\":\"\",\"f_cat_font_title\":\"Article category tag\",\"f_cat_font_settings\":\"\",\"f_cat_font_family\":\"\",\"f_cat_font_size\":\"\",\"f_cat_font_line_height\":\"\",\"f_cat_font_style\":\"\",\"f_cat_font_weight\":\"\",\"f_cat_font_transform\":\"\",\"f_cat_font_spacing\":\"\",\"f_cat_\":\"\",\"f_meta_font_title\":\"Article meta info\",\"f_meta_font_settings\":\"\",\"f_meta_font_family\":\"\",\"f_meta_font_size\":\"\",\"f_meta_font_line_height\":\"\",\"f_meta_font_style\":\"\",\"f_meta_font_weight\":\"\",\"f_meta_font_transform\":\"\",\"f_meta_font_spacing\":\"\",\"f_meta_\":\"\",\"f_ex_font_title\":\"Article excerpt\",\"f_ex_font_settings\":\"\",\"f_ex_font_family\":\"\",\"f_ex_font_size\":\"\",\"f_ex_font_line_height\":\"\",\"f_ex_font_style\":\"\",\"f_ex_font_weight\":\"\",\"f_ex_font_transform\":\"\",\"f_ex_font_spacing\":\"\",\"f_ex_\":\"\",\"f_btn_font_title\":\"Article read more button\",\"f_btn_font_settings\":\"\",\"f_btn_font_family\":\"\",\"f_btn_font_size\":\"\",\"f_btn_font_line_height\":\"\",\"f_btn_font_style\":\"\",\"f_btn_font_weight\":\"\",\"f_btn_font_transform\":\"\",\"f_btn_font_spacing\":\"\",\"f_btn_\":\"\",\"mix_color\":\"\",\"mix_type\":\"\",\"fe_brightness\":\"1\",\"fe_contrast\":\"1\",\"fe_saturate\":\"1\",\"mix_color_h\":\"\",\"mix_type_h\":\"\",\"fe_brightness_h\":\"1\",\"fe_contrast_h\":\"1\",\"fe_saturate_h\":\"1\",\"m_bg\":\"\",\"color_overlay\":\"\",\"shadow_shadow_header\":\"\",\"shadow_shadow_title\":\"Module Shadow\",\"shadow_shadow_size\":\"\",\"shadow_shadow_offset_horizontal\":\"\",\"shadow_shadow_offset_vertical\":\"\",\"shadow_shadow_spread\":\"\",\"shadow_shadow_color\":\"\",\"title_txt\":\"\",\"title_txt_hover\":\"\",\"all_underline_height\":\"\",\"all_underline_color\":\"\",\"cat_style\":\"\",\"cat_bg\":\"\",\"cat_bg_hover\":\"\",\"cat_txt\":\"\",\"cat_txt_hover\":\"\",\"cat_border\":\"\",\"cat_border_hover\":\"\",\"meta_bg\":\"\",\"author_txt\":\"\",\"author_txt_hover\":\"\",\"date_txt\":\"\",\"ex_txt\":\"\",\"com_bg\":\"\",\"com_txt\":\"\",\"rev_txt\":\"\",\"audio_btn_color\":\"\",\"audio_time_color\":\"\",\"audio_bar_color\":\"\",\"audio_bar_curr_color\":\"\",\"shadow_m_shadow_header\":\"\",\"shadow_m_shadow_title\":\"Meta info shadow\",\"shadow_m_shadow_size\":\"\",\"shadow_m_shadow_offset_horizontal\":\"\",\"shadow_m_shadow_offset_vertical\":\"\",\"shadow_m_shadow_spread\":\"\",\"shadow_m_shadow_color\":\"\",\"btn_bg\":\"\",\"btn_bg_hover\":\"\",\"btn_txt\":\"\",\"btn_txt_hover\":\"\",\"btn_border\":\"\",\"btn_border_hover\":\"\",\"pag_text\":\"\",\"pag_h_text\":\"\",\"pag_bg\":\"\",\"pag_h_bg\":\"\",\"pag_border\":\"\",\"pag_h_border\":\"\",\"ajax_pagination\":\"\",\"ajax_pagination_next_prev_swipe\":\"\",\"ajax_pagination_infinite_stop\":\"\",\"css\":\"\",\"tdc_css\":\"\",\"td_column_number\":3,\"header_color\":\"\",\"color_preset\":\"\",\"border_top\":\"\",\"class\":\"tdi_11\",\"tdc_css_class\":\"tdi_11\",\"tdc_css_class_style\":\"tdi_11_rand_style\"}';\nblock_tdi_11.td_column_number = \"3\";\nblock_tdi_11.block_type = \"td_flex_block_1\";\nblock_tdi_11.post_count = \"60\";\nblock_tdi_11.found_posts = \"170\";\nblock_tdi_11.header_color = \"\";\nblock_tdi_11.ajax_pagination_infinite_stop = \"\";\nblock_tdi_11.max_num_pages = \"3\";\ntdBlocksArray.push(block_tdi_11);\n<\/script><div class=\"td-block-title-wrap\"><\/div><div id=tdi_11 class=\"td_block_inner td-mc1-wrap\">\r\n        <div class=\"td_module_flex td_module_flex_1 td_module_wrap td-animation-stack td-cpt-post\">\r\n            <div class=\"td-module-container td-category-pos-\">\r\n                                    <div class=\"td-image-container\">\r\n                                                <div class=\"td-module-thumb\"><a href=\"https:\/\/saltoecologico.es\/index.php\/2026\/04\/10\/reto-regulatorio-en-2026\/\"  rel=\"bookmark\" class=\"td-image-wrap \" title=\"Reto regulatorio en 2026 para Canarias\" ><span class=\"entry-thumb td-thumb-css\" data-type=\"css_image\" data-img-url=\"https:\/\/saltoecologico.es\/wp-content\/uploads\/2026\/04\/Decreto-3-696x389.jpg\"  ><\/span><\/a><\/div>                                                                    <\/div>\r\n                \r\n                <div class=\"td-module-meta-info\">\r\n                                        \r\n                    <h3 class=\"entry-title td-module-title\"><a href=\"https:\/\/saltoecologico.es\/index.php\/2026\/04\/10\/reto-regulatorio-en-2026\/\"  rel=\"bookmark\" title=\"Reto regulatorio en 2026 para Canarias\">Reto regulatorio en 2026 para Canarias<\/a><\/h3>\r\n                    \r\n                                            <div class=\"td-editor-date\">\r\n                                                        <a href=\"https:\/\/saltoecologico.es\/index.php\/category\/sistema-electrico\/\" class=\"td-post-category\" >Sistema el\u00e9ctrico<\/a>\r\n                                                            <span class=\"td-author-date\">\r\n                                                                        <span class=\"td-post-author-name\"><a href=\"https:\/\/saltoecologico.es\/index.php\/author\/saltoecologico\/\">admin<\/a> <span>-<\/span> <\/span>                                    <span class=\"td-post-date\"><time class=\"entry-date updated td-module-date\" datetime=\"2026-04-10T11:00:17+00:00\" >abril 10, 2026<\/time><\/span>                                                                        <span class=\"td-module-comments\"><a href=\"https:\/\/saltoecologico.es\/index.php\/2026\/04\/10\/reto-regulatorio-en-2026\/#respond\">0<\/a><\/span>                                <\/span>\r\n                                                    <\/div>\r\n                    \r\n                    <div class=\"td-excerpt\">\nEl almacenamiento y la transici\u00f3n energ\u00e9tica en Canarias\n\n\n\nEl cambio clim\u00e1tico antropog\u00e9nico representa la crisis global prioritaria de nuestro tiempo, exigiendo acciones contundentes de descarbonizaci\u00f3n....<\/div>\r\n                    \r\n                                        <div class=\"td-read-more\">\r\n                        <a href=\"https:\/\/saltoecologico.es\/index.php\/2026\/04\/10\/reto-regulatorio-en-2026\/\" title=\"Leer m\u00e1s\"  >Leer m\u00e1s<\/a>\r\n                    <\/div>\r\n                                    <\/div>\r\n            <\/div>\r\n        <\/div>\r\n\r\n        \r\n        <div class=\"td_module_flex td_module_flex_1 td_module_wrap td-animation-stack td-cpt-post\">\r\n            <div class=\"td-module-container td-category-pos-\">\r\n                                    <div class=\"td-image-container\">\r\n                                                <div class=\"td-module-thumb\"><a href=\"https:\/\/saltoecologico.es\/index.php\/2026\/03\/13\/racionalizacion-administrativa-de-bombeos\/\"  rel=\"bookmark\" class=\"td-image-wrap \" title=\"Racionalizaci\u00f3n administrativa de bombeos\" ><span class=\"entry-thumb td-thumb-css\" data-type=\"css_image\" data-img-url=\"https:\/\/saltoecologico.es\/wp-content\/uploads\/2026\/03\/Alegaciones-3-696x389.jpg\"  ><\/span><\/a><\/div>                                                                    <\/div>\r\n                \r\n                <div class=\"td-module-meta-info\">\r\n                                        \r\n                    <h3 class=\"entry-title td-module-title\"><a href=\"https:\/\/saltoecologico.es\/index.php\/2026\/03\/13\/racionalizacion-administrativa-de-bombeos\/\"  rel=\"bookmark\" title=\"Racionalizaci\u00f3n administrativa de bombeos\">Racionalizaci\u00f3n administrativa de bombeos<\/a><\/h3>\r\n                    \r\n                                            <div class=\"td-editor-date\">\r\n                                                        <a href=\"https:\/\/saltoecologico.es\/index.php\/category\/bombeos\/b_varios\/\" class=\"td-post-category\" >B_Varios<\/a>\r\n                                                            <span class=\"td-author-date\">\r\n                                                                        <span class=\"td-post-author-name\"><a href=\"https:\/\/saltoecologico.es\/index.php\/author\/saltoecologico\/\">admin<\/a> <span>-<\/span> <\/span>                                    <span class=\"td-post-date\"><time class=\"entry-date updated td-module-date\" datetime=\"2026-03-13T22:35:36+00:00\" >marzo 13, 2026<\/time><\/span>                                                                        <span class=\"td-module-comments\"><a href=\"https:\/\/saltoecologico.es\/index.php\/2026\/03\/13\/racionalizacion-administrativa-de-bombeos\/#respond\">0<\/a><\/span>                                <\/span>\r\n                                                    <\/div>\r\n                    \r\n                    <div class=\"td-excerpt\">\nInforme Integral sobre la Racionalizaci\u00f3n Administrativa de las Centrales Hidr\u00e1ulicas Reversibles: Un Imperativo para la Estabilidad de la Red y la Transici\u00f3n Energ\u00e9tica\n\n\n\n1. El...<\/div>\r\n                    \r\n                                        <div class=\"td-read-more\">\r\n                        <a href=\"https:\/\/saltoecologico.es\/index.php\/2026\/03\/13\/racionalizacion-administrativa-de-bombeos\/\" title=\"Leer m\u00e1s\"  >Leer m\u00e1s<\/a>\r\n                    <\/div>\r\n                                    <\/div>\r\n            <\/div>\r\n        <\/div>\r\n\r\n        \r\n        <div class=\"td_module_flex td_module_flex_1 td_module_wrap td-animation-stack td-cpt-post\">\r\n            <div class=\"td-module-container td-category-pos-\">\r\n                                    <div class=\"td-image-container\">\r\n                                                <div class=\"td-module-thumb\"><a href=\"https:\/\/saltoecologico.es\/index.php\/2026\/03\/07\/fuerteventura-y-el-boe-seguimos-contaminando\/\"  rel=\"bookmark\" class=\"td-image-wrap \" title=\"Fuerteventura y el BOE. Seguimos contaminando\" ><span class=\"entry-thumb td-thumb-css\" data-type=\"css_image\" data-img-url=\"https:\/\/saltoecologico.es\/wp-content\/uploads\/2026\/03\/Fuerteventura-2-696x389.jpg\"  ><\/span><\/a><\/div>                                                                    <\/div>\r\n                \r\n                <div class=\"td-module-meta-info\">\r\n                                        \r\n                    <h3 class=\"entry-title td-module-title\"><a href=\"https:\/\/saltoecologico.es\/index.php\/2026\/03\/07\/fuerteventura-y-el-boe-seguimos-contaminando\/\"  rel=\"bookmark\" title=\"Fuerteventura y el BOE. Seguimos contaminando\">Fuerteventura y el BOE. Seguimos contaminando<\/a><\/h3>\r\n                    \r\n                                            <div class=\"td-editor-date\">\r\n                                                        <a href=\"https:\/\/saltoecologico.es\/index.php\/category\/concurrencia-competitiva\/\" class=\"td-post-category\" >Concurrencia competitiva<\/a>\r\n                                                            <span class=\"td-author-date\">\r\n                                                                        <span class=\"td-post-author-name\"><a href=\"https:\/\/saltoecologico.es\/index.php\/author\/saltoecologico\/\">admin<\/a> <span>-<\/span> <\/span>                                    <span class=\"td-post-date\"><time class=\"entry-date updated td-module-date\" datetime=\"2026-03-07T10:26:58+00:00\" >marzo 7, 2026<\/time><\/span>                                                                        <span class=\"td-module-comments\"><a href=\"https:\/\/saltoecologico.es\/index.php\/2026\/03\/07\/fuerteventura-y-el-boe-seguimos-contaminando\/#respond\">0<\/a><\/span>                                <\/span>\r\n                                                    <\/div>\r\n                    \r\n                    <div class=\"td-excerpt\">\nEl Anacronismo de Anclar la Red El\u00e9ctrica a los Combustibles F\u00f3siles\n\n\n\nA fecha de hoy, 5 de marzo de 2026, la evidencia cient\u00edfica sobre el...<\/div>\r\n                    \r\n                                        <div class=\"td-read-more\">\r\n                        <a href=\"https:\/\/saltoecologico.es\/index.php\/2026\/03\/07\/fuerteventura-y-el-boe-seguimos-contaminando\/\" title=\"Leer m\u00e1s\"  >Leer m\u00e1s<\/a>\r\n                    <\/div>\r\n                                    <\/div>\r\n            <\/div>\r\n        <\/div>\r\n\r\n        \r\n        <div class=\"td_module_flex td_module_flex_1 td_module_wrap td-animation-stack td-cpt-post\">\r\n            <div class=\"td-module-container td-category-pos-\">\r\n                                    <div class=\"td-image-container\">\r\n                                                <div class=\"td-module-thumb\"><a href=\"https:\/\/saltoecologico.es\/index.php\/2026\/03\/02\/futuro-electrico-de-lanzarote\/\"  rel=\"bookmark\" class=\"td-image-wrap \" title=\"Futuro el\u00e9ctrico de Lanzarote: an\u00e1lisis de nuevas normativas\" ><span class=\"entry-thumb td-thumb-css\" data-type=\"css_image\" data-img-url=\"https:\/\/saltoecologico.es\/wp-content\/uploads\/2026\/03\/Lanzarote-2-696x389.jpg\"  ><\/span><\/a><\/div>                                                                    <\/div>\r\n                \r\n                <div class=\"td-module-meta-info\">\r\n                                        \r\n                    <h3 class=\"entry-title td-module-title\"><a href=\"https:\/\/saltoecologico.es\/index.php\/2026\/03\/02\/futuro-electrico-de-lanzarote\/\"  rel=\"bookmark\" title=\"Futuro el\u00e9ctrico de Lanzarote: an\u00e1lisis de nuevas normativas\">Futuro el\u00e9ctrico de Lanzarote: an\u00e1lisis de nuevas normativas<\/a><\/h3>\r\n                    \r\n                                            <div class=\"td-editor-date\">\r\n                                                        <a href=\"https:\/\/saltoecologico.es\/index.php\/category\/concurrencia-competitiva\/\" class=\"td-post-category\" >Concurrencia competitiva<\/a>\r\n                                                            <span class=\"td-author-date\">\r\n                                                                        <span class=\"td-post-author-name\"><a href=\"https:\/\/saltoecologico.es\/index.php\/author\/saltoecologico\/\">admin<\/a> <span>-<\/span> <\/span>                                    <span class=\"td-post-date\"><time class=\"entry-date updated td-module-date\" datetime=\"2026-03-02T20:21:52+00:00\" >marzo 2, 2026<\/time><\/span>                                                                        <span class=\"td-module-comments\"><a href=\"https:\/\/saltoecologico.es\/index.php\/2026\/03\/02\/futuro-electrico-de-lanzarote\/#respond\">0<\/a><\/span>                                <\/span>\r\n                                                    <\/div>\r\n                    \r\n                    <div class=\"td-excerpt\">\nEl Futuro El\u00e9ctrico de Lanzarote a la Luz del BOE de febrero de 2026\n\n\n\nLa crisis clim\u00e1tica antropog\u00e9nica, impulsada irremediablemente por la quema de combustibles...<\/div>\r\n                    \r\n                                        <div class=\"td-read-more\">\r\n                        <a href=\"https:\/\/saltoecologico.es\/index.php\/2026\/03\/02\/futuro-electrico-de-lanzarote\/\" title=\"Leer m\u00e1s\"  >Leer m\u00e1s<\/a>\r\n                    <\/div>\r\n                                    <\/div>\r\n            <\/div>\r\n        <\/div>\r\n\r\n        \r\n        <div class=\"td_module_flex td_module_flex_1 td_module_wrap td-animation-stack td-cpt-post\">\r\n            <div class=\"td-module-container td-category-pos-\">\r\n                                    <div class=\"td-image-container\">\r\n                                                <div class=\"td-module-thumb\"><a href=\"https:\/\/saltoecologico.es\/index.php\/2026\/02\/28\/doble-rasero-en-tenerife\/\"  rel=\"bookmark\" class=\"td-image-wrap \" title=\"Doble rasero en Tenerife. M\u00e1s generaci\u00f3n f\u00f3sil\" ><span class=\"entry-thumb td-thumb-css\" data-type=\"css_image\" data-img-url=\"https:\/\/saltoecologico.es\/wp-content\/uploads\/2026\/02\/Tenerife-1-696x389.jpg\"  ><\/span><\/a><\/div>                                                                    <\/div>\r\n                \r\n                <div class=\"td-module-meta-info\">\r\n                                        \r\n                    <h3 class=\"entry-title td-module-title\"><a href=\"https:\/\/saltoecologico.es\/index.php\/2026\/02\/28\/doble-rasero-en-tenerife\/\"  rel=\"bookmark\" title=\"Doble rasero en Tenerife. M\u00e1s generaci\u00f3n f\u00f3sil\">Doble rasero en Tenerife. M\u00e1s generaci\u00f3n f\u00f3sil<\/a><\/h3>\r\n                    \r\n                                            <div class=\"td-editor-date\">\r\n                                                        <a href=\"https:\/\/saltoecologico.es\/index.php\/category\/concurrencia-competitiva\/\" class=\"td-post-category\" >Concurrencia competitiva<\/a>\r\n                                                            <span class=\"td-author-date\">\r\n                                                                        <span class=\"td-post-author-name\"><a href=\"https:\/\/saltoecologico.es\/index.php\/author\/saltoecologico\/\">admin<\/a> <span>-<\/span> <\/span>                                    <span class=\"td-post-date\"><time class=\"entry-date updated td-module-date\" datetime=\"2026-02-28T21:22:44+00:00\" >febrero 28, 2026<\/time><\/span>                                                                        <span class=\"td-module-comments\"><a href=\"https:\/\/saltoecologico.es\/index.php\/2026\/02\/28\/doble-rasero-en-tenerife\/#respond\">0<\/a><\/span>                                <\/span>\r\n                                                    <\/div>\r\n                    \r\n                    <div class=\"td-excerpt\">\nNueva Generaci\u00f3n F\u00f3sil\n\n\n\nEl reloj clim\u00e1tico no perdona. Quienes conocen de cerca las entra\u00f1as de nuestras redes insulares saben que el calentamiento global, provocado directamente...<\/div>\r\n                    \r\n                                        <div class=\"td-read-more\">\r\n                        <a href=\"https:\/\/saltoecologico.es\/index.php\/2026\/02\/28\/doble-rasero-en-tenerife\/\" title=\"Leer m\u00e1s\"  >Leer m\u00e1s<\/a>\r\n                    <\/div>\r\n                                    <\/div>\r\n            <\/div>\r\n        <\/div>\r\n\r\n        \r\n        <div class=\"td_module_flex td_module_flex_1 td_module_wrap td-animation-stack td-cpt-post\">\r\n            <div class=\"td-module-container td-category-pos-\">\r\n                                    <div class=\"td-image-container\">\r\n                                                <div class=\"td-module-thumb\"><a href=\"https:\/\/saltoecologico.es\/index.php\/2026\/02\/27\/radiografia-de-gran-canaria\/\"  rel=\"bookmark\" class=\"td-image-wrap \" title=\"Radiograf\u00eda de Gran Canaria tras la concurrencia competitiva\" ><span class=\"entry-thumb td-thumb-css\" data-type=\"css_image\" data-img-url=\"https:\/\/saltoecologico.es\/wp-content\/uploads\/2026\/02\/Gran-Canaria-1-696x389.jpg\"  ><\/span><\/a><\/div>                                                                    <\/div>\r\n                \r\n                <div class=\"td-module-meta-info\">\r\n                                        \r\n                    <h3 class=\"entry-title td-module-title\"><a href=\"https:\/\/saltoecologico.es\/index.php\/2026\/02\/27\/radiografia-de-gran-canaria\/\"  rel=\"bookmark\" title=\"Radiograf\u00eda de Gran Canaria tras la concurrencia competitiva\">Radiograf\u00eda de Gran Canaria tras la concurrencia competitiva<\/a><\/h3>\r\n                    \r\n                                            <div class=\"td-editor-date\">\r\n                                                        <a href=\"https:\/\/saltoecologico.es\/index.php\/category\/concurrencia-competitiva\/\" class=\"td-post-category\" >Concurrencia competitiva<\/a>\r\n                                                            <span class=\"td-author-date\">\r\n                                                                        <span class=\"td-post-author-name\"><a href=\"https:\/\/saltoecologico.es\/index.php\/author\/saltoecologico\/\">admin<\/a> <span>-<\/span> <\/span>                                    <span class=\"td-post-date\"><time class=\"entry-date updated td-module-date\" datetime=\"2026-02-27T12:52:06+00:00\" >febrero 27, 2026<\/time><\/span>                                                                        <span class=\"td-module-comments\"><a href=\"https:\/\/saltoecologico.es\/index.php\/2026\/02\/27\/radiografia-de-gran-canaria\/#respond\">0<\/a><\/span>                                <\/span>\r\n                                                    <\/div>\r\n                    \r\n                    <div class=\"td-excerpt\">\n\u00bfQu\u00e9 supone la \u00faltima resoluci\u00f3n del BOE para nuestro futuro renovable?\n\n\n\nEl cambio clim\u00e1tico antropog\u00e9nico, impulsado por las emisiones de gases de efecto invernadero procedentes...<\/div>\r\n                    \r\n                                        <div class=\"td-read-more\">\r\n                        <a href=\"https:\/\/saltoecologico.es\/index.php\/2026\/02\/27\/radiografia-de-gran-canaria\/\" title=\"Leer m\u00e1s\"  >Leer m\u00e1s<\/a>\r\n                    <\/div>\r\n                                    <\/div>\r\n            <\/div>\r\n        <\/div>\r\n\r\n        \r\n        <div class=\"td_module_flex td_module_flex_1 td_module_wrap td-animation-stack td-cpt-post\">\r\n            <div class=\"td-module-container td-category-pos-\">\r\n                                    <div class=\"td-image-container\">\r\n                                                <div class=\"td-module-thumb\"><a href=\"https:\/\/saltoecologico.es\/index.php\/2026\/02\/25\/procedimiento-de-concurrencia-competitiva\/\"  rel=\"bookmark\" class=\"td-image-wrap \" title=\"Procedimiento de concurrencia competitiva: Su resoluci\u00f3n\" ><span class=\"entry-thumb td-thumb-css\" data-type=\"css_image\" data-img-url=\"https:\/\/saltoecologico.es\/wp-content\/uploads\/2026\/02\/Resolucion-1-1-696x389.jpg\"  ><\/span><\/a><\/div>                                                                    <\/div>\r\n                \r\n                <div class=\"td-module-meta-info\">\r\n                                        \r\n                    <h3 class=\"entry-title td-module-title\"><a href=\"https:\/\/saltoecologico.es\/index.php\/2026\/02\/25\/procedimiento-de-concurrencia-competitiva\/\"  rel=\"bookmark\" title=\"Procedimiento de concurrencia competitiva: Su resoluci\u00f3n\">Procedimiento de concurrencia competitiva: Su resoluci\u00f3n<\/a><\/h3>\r\n                    \r\n                                            <div class=\"td-editor-date\">\r\n                                                        <a href=\"https:\/\/saltoecologico.es\/index.php\/category\/concurrencia-competitiva\/\" class=\"td-post-category\" >Concurrencia competitiva<\/a>\r\n                                                            <span class=\"td-author-date\">\r\n                                                                        <span class=\"td-post-author-name\"><a href=\"https:\/\/saltoecologico.es\/index.php\/author\/saltoecologico\/\">admin<\/a> <span>-<\/span> <\/span>                                    <span class=\"td-post-date\"><time class=\"entry-date updated td-module-date\" datetime=\"2026-02-25T19:24:05+00:00\" >febrero 25, 2026<\/time><\/span>                                                                        <span class=\"td-module-comments\"><a href=\"https:\/\/saltoecologico.es\/index.php\/2026\/02\/25\/procedimiento-de-concurrencia-competitiva\/#respond\">0<\/a><\/span>                                <\/span>\r\n                                                    <\/div>\r\n                    \r\n                    <div class=\"td-excerpt\">\nAn\u00e1lisis de la Resoluci\u00f3n del BOE sobre el R\u00e9gimen Retributivo Adicional: \u00bfGarant\u00eda de suministro o freno a la transici\u00f3n energ\u00e9tica en Canarias?\n\n\n\nEl martes 24...<\/div>\r\n                    \r\n                                        <div class=\"td-read-more\">\r\n                        <a href=\"https:\/\/saltoecologico.es\/index.php\/2026\/02\/25\/procedimiento-de-concurrencia-competitiva\/\" title=\"Leer m\u00e1s\"  >Leer m\u00e1s<\/a>\r\n                    <\/div>\r\n                                    <\/div>\r\n            <\/div>\r\n        <\/div>\r\n\r\n        \r\n        <div class=\"td_module_flex td_module_flex_1 td_module_wrap td-animation-stack td-cpt-post\">\r\n            <div class=\"td-module-container td-category-pos-\">\r\n                                    <div class=\"td-image-container\">\r\n                                                <div class=\"td-module-thumb\"><a href=\"https:\/\/saltoecologico.es\/index.php\/2026\/02\/04\/la-hoja-de-ruta\/\"  rel=\"bookmark\" class=\"td-image-wrap \" title=\"La Hoja de Ruta para la \u00abIsla Bonita\u00bb\" ><span class=\"entry-thumb td-thumb-css\" data-type=\"css_image\" data-img-url=\"https:\/\/saltoecologico.es\/wp-content\/uploads\/2026\/02\/La-Palma-4-696x389.jpg\"  ><\/span><\/a><\/div>                                                                    <\/div>\r\n                \r\n                <div class=\"td-module-meta-info\">\r\n                                        \r\n                    <h3 class=\"entry-title td-module-title\"><a href=\"https:\/\/saltoecologico.es\/index.php\/2026\/02\/04\/la-hoja-de-ruta\/\"  rel=\"bookmark\" title=\"La Hoja de Ruta para la \u00abIsla Bonita\u00bb\">La Hoja de Ruta para la \u00abIsla Bonita\u00bb<\/a><\/h3>\r\n                    \r\n                                            <div class=\"td-editor-date\">\r\n                                                        <a href=\"https:\/\/saltoecologico.es\/index.php\/category\/general\/\" class=\"td-post-category\" >General<\/a>\r\n                                                            <span class=\"td-author-date\">\r\n                                                                        <span class=\"td-post-author-name\"><a href=\"https:\/\/saltoecologico.es\/index.php\/author\/saltoecologico\/\">admin<\/a> <span>-<\/span> <\/span>                                    <span class=\"td-post-date\"><time class=\"entry-date updated td-module-date\" datetime=\"2026-02-04T21:21:28+00:00\" >febrero 4, 2026<\/time><\/span>                                                                        <span class=\"td-module-comments\"><a href=\"https:\/\/saltoecologico.es\/index.php\/2026\/02\/04\/la-hoja-de-ruta\/#respond\">0<\/a><\/span>                                <\/span>\r\n                                                    <\/div>\r\n                    \r\n                    <div class=\"td-excerpt\">\n1. El Alma de la Isla y el Imperativo de la Luz\n\n\n\nLa Palma no es simplemente un territorio geogr\u00e1fico anclado en las aguas profundas...<\/div>\r\n                    \r\n                                        <div class=\"td-read-more\">\r\n                        <a href=\"https:\/\/saltoecologico.es\/index.php\/2026\/02\/04\/la-hoja-de-ruta\/\" title=\"Leer m\u00e1s\"  >Leer m\u00e1s<\/a>\r\n                    <\/div>\r\n                                    <\/div>\r\n            <\/div>\r\n        <\/div>\r\n\r\n        \r\n        <div class=\"td_module_flex td_module_flex_1 td_module_wrap td-animation-stack td-cpt-post\">\r\n            <div class=\"td-module-container td-category-pos-\">\r\n                                    <div class=\"td-image-container\">\r\n                                                <div class=\"td-module-thumb\"><a href=\"https:\/\/saltoecologico.es\/index.php\/2026\/01\/29\/el-abandono-de-endesa\/\"  rel=\"bookmark\" class=\"td-image-wrap \" title=\"El abandono de Endesa\" ><span class=\"entry-thumb td-thumb-css\" data-type=\"css_image\" data-img-url=\"https:\/\/saltoecologico.es\/wp-content\/uploads\/2026\/01\/Endesa-696x389.jpg\"  ><\/span><\/a><\/div>                                                                    <\/div>\r\n                \r\n                <div class=\"td-module-meta-info\">\r\n                                        \r\n                    <h3 class=\"entry-title td-module-title\"><a href=\"https:\/\/saltoecologico.es\/index.php\/2026\/01\/29\/el-abandono-de-endesa\/\"  rel=\"bookmark\" title=\"El abandono de Endesa\">El abandono de Endesa<\/a><\/h3>\r\n                    \r\n                                            <div class=\"td-editor-date\">\r\n                                                        <a href=\"https:\/\/saltoecologico.es\/index.php\/category\/concurrencia-competitiva\/\" class=\"td-post-category\" >Concurrencia competitiva<\/a>\r\n                                                            <span class=\"td-author-date\">\r\n                                                                        <span class=\"td-post-author-name\"><a href=\"https:\/\/saltoecologico.es\/index.php\/author\/saltoecologico\/\">admin<\/a> <span>-<\/span> <\/span>                                    <span class=\"td-post-date\"><time class=\"entry-date updated td-module-date\" datetime=\"2026-01-29T19:48:27+00:00\" >enero 29, 2026<\/time><\/span>                                                                        <span class=\"td-module-comments\"><a href=\"https:\/\/saltoecologico.es\/index.php\/2026\/01\/29\/el-abandono-de-endesa\/#respond\">0<\/a><\/span>                                <\/span>\r\n                                                    <\/div>\r\n                    \r\n                    <div class=\"td-excerpt\">\nHa salido a la luz,&nbsp;a trav\u00e9s de informaciones period\u00edsticas, que Endesa decidi\u00f3 abandonar su propuesta en el proceso de concurrencia competitiva en cuatro islas&nbsp;en...<\/div>\r\n                    \r\n                                        <div class=\"td-read-more\">\r\n                        <a href=\"https:\/\/saltoecologico.es\/index.php\/2026\/01\/29\/el-abandono-de-endesa\/\" title=\"Leer m\u00e1s\"  >Leer m\u00e1s<\/a>\r\n                    <\/div>\r\n                                    <\/div>\r\n            <\/div>\r\n        <\/div>\r\n\r\n        \r\n        <div class=\"td_module_flex td_module_flex_1 td_module_wrap td-animation-stack td-cpt-post\">\r\n            <div class=\"td-module-container td-category-pos-\">\r\n                                    <div class=\"td-image-container\">\r\n                                                <div class=\"td-module-thumb\"><a href=\"https:\/\/saltoecologico.es\/index.php\/2026\/01\/08\/gran-canaria-2025\/\"  rel=\"bookmark\" class=\"td-image-wrap \" title=\"Gran Canaria 2025: Desglose del Sistema El\u00e9ctrico\" ><span class=\"entry-thumb td-thumb-css\" data-type=\"css_image\" data-img-url=\"https:\/\/saltoecologico.es\/wp-content\/uploads\/2026\/01\/GC-2025-696x393.jpg\"  ><\/span><\/a><\/div>                                                                    <\/div>\r\n                \r\n                <div class=\"td-module-meta-info\">\r\n                                        \r\n                    <h3 class=\"entry-title td-module-title\"><a href=\"https:\/\/saltoecologico.es\/index.php\/2026\/01\/08\/gran-canaria-2025\/\"  rel=\"bookmark\" title=\"Gran Canaria 2025: Desglose del Sistema El\u00e9ctrico\">Gran Canaria 2025: Desglose del Sistema El\u00e9ctrico<\/a><\/h3>\r\n                    \r\n                                            <div class=\"td-editor-date\">\r\n                                                        <a href=\"https:\/\/saltoecologico.es\/index.php\/category\/sistema-electrico\/\" class=\"td-post-category\" >Sistema el\u00e9ctrico<\/a>\r\n                                                            <span class=\"td-author-date\">\r\n                                                                        <span class=\"td-post-author-name\"><a href=\"https:\/\/saltoecologico.es\/index.php\/author\/saltoecologico\/\">admin<\/a> <span>-<\/span> <\/span>                                    <span class=\"td-post-date\"><time class=\"entry-date updated td-module-date\" datetime=\"2026-01-08T10:47:17+00:00\" >enero 8, 2026<\/time><\/span>                                                                        <span class=\"td-module-comments\"><a href=\"https:\/\/saltoecologico.es\/index.php\/2026\/01\/08\/gran-canaria-2025\/#respond\">0<\/a><\/span>                                <\/span>\r\n                                                    <\/div>\r\n                    \r\n                    <div class=\"td-excerpt\">\nGran Canaria 2025: La verdad inc\u00f3moda y la llave del cambio\n\n\n\nA menudo, cuando encendemos la luz o cargamos nuestro veh\u00edculo el\u00e9ctrico, no somos conscientes...<\/div>\r\n                    \r\n                                        <div class=\"td-read-more\">\r\n                        <a href=\"https:\/\/saltoecologico.es\/index.php\/2026\/01\/08\/gran-canaria-2025\/\" title=\"Leer m\u00e1s\"  >Leer m\u00e1s<\/a>\r\n                    <\/div>\r\n                                    <\/div>\r\n            <\/div>\r\n        <\/div>\r\n\r\n        \r\n        <div class=\"td_module_flex td_module_flex_1 td_module_wrap td-animation-stack td-cpt-post\">\r\n            <div class=\"td-module-container td-category-pos-\">\r\n                                    <div class=\"td-image-container\">\r\n                                                <div class=\"td-module-thumb\"><a href=\"https:\/\/saltoecologico.es\/index.php\/2025\/12\/08\/powership-en-el-puerto\/\"  rel=\"bookmark\" class=\"td-image-wrap \" title=\"Powership en el Puerto y su Impacto Ecol\u00f3gico\" ><span class=\"entry-thumb td-thumb-css\" data-type=\"css_image\" data-img-url=\"https:\/\/saltoecologico.es\/wp-content\/uploads\/2025\/12\/Powership-4-696x393.jpg\"  ><\/span><\/a><\/div>                                                                    <\/div>\r\n                \r\n                <div class=\"td-module-meta-info\">\r\n                                        \r\n                    <h3 class=\"entry-title td-module-title\"><a href=\"https:\/\/saltoecologico.es\/index.php\/2025\/12\/08\/powership-en-el-puerto\/\"  rel=\"bookmark\" title=\"Powership en el Puerto y su Impacto Ecol\u00f3gico\">Powership en el Puerto y su Impacto Ecol\u00f3gico<\/a><\/h3>\r\n                    \r\n                                            <div class=\"td-editor-date\">\r\n                                                        <a href=\"https:\/\/saltoecologico.es\/index.php\/category\/fosiles\/\" class=\"td-post-category\" >F\u00f3siles<\/a>\r\n                                                            <span class=\"td-author-date\">\r\n                                                                        <span class=\"td-post-author-name\"><a href=\"https:\/\/saltoecologico.es\/index.php\/author\/saltoecologico\/\">admin<\/a> <span>-<\/span> <\/span>                                    <span class=\"td-post-date\"><time class=\"entry-date updated td-module-date\" datetime=\"2025-12-08T19:35:16+00:00\" >diciembre 8, 2025<\/time><\/span>                                                                        <span class=\"td-module-comments\"><a href=\"https:\/\/saltoecologico.es\/index.php\/2025\/12\/08\/powership-en-el-puerto\/#respond\">0<\/a><\/span>                                <\/span>\r\n                                                    <\/div>\r\n                    \r\n                    <div class=\"td-excerpt\">\nLa Trampa de la Emergencia: An\u00e1lisis Integral de los Riesgos Sist\u00e9micos de la Central El\u00e9ctrica Flotante en el Puerto de La Luz frente a...<\/div>\r\n                    \r\n                                        <div class=\"td-read-more\">\r\n                        <a href=\"https:\/\/saltoecologico.es\/index.php\/2025\/12\/08\/powership-en-el-puerto\/\" title=\"Leer m\u00e1s\"  >Leer m\u00e1s<\/a>\r\n                    <\/div>\r\n                                    <\/div>\r\n            <\/div>\r\n        <\/div>\r\n\r\n        \r\n        <div class=\"td_module_flex td_module_flex_1 td_module_wrap td-animation-stack td-cpt-post\">\r\n            <div class=\"td-module-container td-category-pos-\">\r\n                                    <div class=\"td-image-container\">\r\n                                                <div class=\"td-module-thumb\"><a href=\"https:\/\/saltoecologico.es\/index.php\/2025\/10\/09\/barco-electrico-en-gran-canaria\/\"  rel=\"bookmark\" class=\"td-image-wrap \" title=\"Barco el\u00e9ctrico en Gran Canaria\" ><span class=\"entry-thumb td-thumb-css\" data-type=\"css_image\" data-img-url=\"https:\/\/saltoecologico.es\/wp-content\/uploads\/2025\/10\/Powership-1-696x393.jpg\"  ><\/span><\/a><\/div>                                                                    <\/div>\r\n                \r\n                <div class=\"td-module-meta-info\">\r\n                                        \r\n                    <h3 class=\"entry-title td-module-title\"><a href=\"https:\/\/saltoecologico.es\/index.php\/2025\/10\/09\/barco-electrico-en-gran-canaria\/\"  rel=\"bookmark\" title=\"Barco el\u00e9ctrico en Gran Canaria\">Barco el\u00e9ctrico en Gran Canaria<\/a><\/h3>\r\n                    \r\n                                            <div class=\"td-editor-date\">\r\n                                                        <a href=\"https:\/\/saltoecologico.es\/index.php\/category\/fosiles\/\" class=\"td-post-category\" >F\u00f3siles<\/a>\r\n                                                            <span class=\"td-author-date\">\r\n                                                                        <span class=\"td-post-author-name\"><a href=\"https:\/\/saltoecologico.es\/index.php\/author\/saltoecologico\/\">admin<\/a> <span>-<\/span> <\/span>                                    <span class=\"td-post-date\"><time class=\"entry-date updated td-module-date\" datetime=\"2025-10-09T20:38:59+00:00\" >octubre 9, 2025<\/time><\/span>                                                                        <span class=\"td-module-comments\"><a href=\"https:\/\/saltoecologico.es\/index.php\/2025\/10\/09\/barco-electrico-en-gran-canaria\/#respond\">0<\/a><\/span>                                <\/span>\r\n                                                    <\/div>\r\n                    \r\n                    <div class=\"td-excerpt\">\nGran Canaria no es ajena a la improvisaci\u00f3n del Gobierno canario ante los cambios que requiere el sistema el\u00e9ctrico para hacer frente al cambio...<\/div>\r\n                    \r\n                                        <div class=\"td-read-more\">\r\n                        <a href=\"https:\/\/saltoecologico.es\/index.php\/2025\/10\/09\/barco-electrico-en-gran-canaria\/\" title=\"Leer m\u00e1s\"  >Leer m\u00e1s<\/a>\r\n                    <\/div>\r\n                                    <\/div>\r\n            <\/div>\r\n        <\/div>\r\n\r\n        \r\n        <div class=\"td_module_flex td_module_flex_1 td_module_wrap td-animation-stack td-cpt-post\">\r\n            <div class=\"td-module-container td-category-pos-\">\r\n                                    <div class=\"td-image-container\">\r\n                                                <div class=\"td-module-thumb\"><a href=\"https:\/\/saltoecologico.es\/index.php\/2025\/08\/21\/borrador-automaticopropano-en-salinetas\/\"  rel=\"bookmark\" class=\"td-image-wrap \" title=\"Tres asociaciones se unen para rechazar la planta de propano en Salinetas\" ><span class=\"entry-thumb td-thumb-css\" data-type=\"css_image\" data-img-url=\"https:\/\/saltoecologico.es\/wp-content\/uploads\/2025\/08\/Salinetas-696x392.jpg\"  ><\/span><\/a><\/div>                                                                    <\/div>\r\n                \r\n                <div class=\"td-module-meta-info\">\r\n                                        \r\n                    <h3 class=\"entry-title td-module-title\"><a href=\"https:\/\/saltoecologico.es\/index.php\/2025\/08\/21\/borrador-automaticopropano-en-salinetas\/\"  rel=\"bookmark\" title=\"Tres asociaciones se unen para rechazar la planta de propano en Salinetas\">Tres asociaciones se unen para rechazar la planta de propano en Salinetas<\/a><\/h3>\r\n                    \r\n                                            <div class=\"td-editor-date\">\r\n                                                        <a href=\"https:\/\/saltoecologico.es\/index.php\/category\/general\/\" class=\"td-post-category\" >General<\/a>\r\n                                                            <span class=\"td-author-date\">\r\n                                                                        <span class=\"td-post-author-name\"><a href=\"https:\/\/saltoecologico.es\/index.php\/author\/saltoecologico\/\">admin<\/a> <span>-<\/span> <\/span>                                    <span class=\"td-post-date\"><time class=\"entry-date updated td-module-date\" datetime=\"2025-08-21T11:45:59+00:00\" >agosto 21, 2025<\/time><\/span>                                                                        <span class=\"td-module-comments\"><a href=\"https:\/\/saltoecologico.es\/index.php\/2025\/08\/21\/borrador-automaticopropano-en-salinetas\/#respond\">0<\/a><\/span>                                <\/span>\r\n                                                    <\/div>\r\n                    \r\n                    <div class=\"td-excerpt\">\nSe trata de la asociaci\u00f3n vecinal MECLASA, el colectivo Turc\u00f3n-Ecologistas en Acci\u00f3n y la asociaci\u00f3n ciudadana \u201cSalto a la Transici\u00f3n Ecol\u00f3gica\u201d. Todas ellas presentaron...<\/div>\r\n                    \r\n                                        <div class=\"td-read-more\">\r\n                        <a href=\"https:\/\/saltoecologico.es\/index.php\/2025\/08\/21\/borrador-automaticopropano-en-salinetas\/\" title=\"Leer m\u00e1s\"  >Leer m\u00e1s<\/a>\r\n                    <\/div>\r\n                                    <\/div>\r\n            <\/div>\r\n        <\/div>\r\n\r\n        \r\n        <div class=\"td_module_flex td_module_flex_1 td_module_wrap td-animation-stack td-cpt-post\">\r\n            <div class=\"td-module-container td-category-pos-\">\r\n                                    <div class=\"td-image-container\">\r\n                                                <div class=\"td-module-thumb\"><a href=\"https:\/\/saltoecologico.es\/index.php\/2025\/08\/06\/matar-mosquitos-a-canonazos\/\"  rel=\"bookmark\" class=\"td-image-wrap \" title=\"Matar mosquitos a ca\u00f1onazos\" ><span class=\"entry-thumb td-thumb-css\" data-type=\"css_image\" data-img-url=\"https:\/\/saltoecologico.es\/wp-content\/uploads\/2025\/08\/Matar-mosquitos-696x696.png\"  ><\/span><\/a><\/div>                                                                    <\/div>\r\n                \r\n                <div class=\"td-module-meta-info\">\r\n                                        \r\n                    <h3 class=\"entry-title td-module-title\"><a href=\"https:\/\/saltoecologico.es\/index.php\/2025\/08\/06\/matar-mosquitos-a-canonazos\/\"  rel=\"bookmark\" title=\"Matar mosquitos a ca\u00f1onazos\">Matar mosquitos a ca\u00f1onazos<\/a><\/h3>\r\n                    \r\n                                            <div class=\"td-editor-date\">\r\n                                                        <a href=\"https:\/\/saltoecologico.es\/index.php\/category\/general\/\" class=\"td-post-category\" >General<\/a>\r\n                                                            <span class=\"td-author-date\">\r\n                                                                        <span class=\"td-post-author-name\"><a href=\"https:\/\/saltoecologico.es\/index.php\/author\/saltoecologico\/\">admin<\/a> <span>-<\/span> <\/span>                                    <span class=\"td-post-date\"><time class=\"entry-date updated td-module-date\" datetime=\"2025-08-06T10:00:14+00:00\" >agosto 6, 2025<\/time><\/span>                                                                        <span class=\"td-module-comments\"><a href=\"https:\/\/saltoecologico.es\/index.php\/2025\/08\/06\/matar-mosquitos-a-canonazos\/#respond\">0<\/a><\/span>                                <\/span>\r\n                                                    <\/div>\r\n                    \r\n                    <div class=\"td-excerpt\">\nEsta es la expresi\u00f3n que utiliz\u00f3 la diputada socialista Alicia Vanoostende en la Comisi\u00f3n de Transici\u00f3n Ecol\u00f3gica el 28 de julio pasado al referirse...<\/div>\r\n                    \r\n                                        <div class=\"td-read-more\">\r\n                        <a href=\"https:\/\/saltoecologico.es\/index.php\/2025\/08\/06\/matar-mosquitos-a-canonazos\/\" title=\"Leer m\u00e1s\"  >Leer m\u00e1s<\/a>\r\n                    <\/div>\r\n                                    <\/div>\r\n            <\/div>\r\n        <\/div>\r\n\r\n        \r\n        <div class=\"td_module_flex td_module_flex_1 td_module_wrap td-animation-stack td-cpt-post\">\r\n            <div class=\"td-module-container td-category-pos-\">\r\n                                    <div class=\"td-image-container\">\r\n                                                <div class=\"td-module-thumb\"><a href=\"https:\/\/saltoecologico.es\/index.php\/2025\/07\/10\/firma-la-peticion\/\"  rel=\"bookmark\" class=\"td-image-wrap \" title=\"\u00a1\u00a1\u00a1Firma la petici\u00f3n!!!\" ><span class=\"entry-thumb td-thumb-css\" data-type=\"css_image\" data-img-url=\"https:\/\/saltoecologico.es\/wp-content\/uploads\/2025\/07\/Captura-de-pantalla-2025-07-10-212720-696x437.png\"  ><\/span><\/a><\/div>                                                                    <\/div>\r\n                \r\n                <div class=\"td-module-meta-info\">\r\n                                        \r\n                    <h3 class=\"entry-title td-module-title\"><a href=\"https:\/\/saltoecologico.es\/index.php\/2025\/07\/10\/firma-la-peticion\/\"  rel=\"bookmark\" title=\"\u00a1\u00a1\u00a1Firma la petici\u00f3n!!!\">\u00a1\u00a1\u00a1Firma la petici\u00f3n!!!<\/a><\/h3>\r\n                    \r\n                                            <div class=\"td-editor-date\">\r\n                                                        <a href=\"https:\/\/saltoecologico.es\/index.php\/category\/general\/\" class=\"td-post-category\" >General<\/a>\r\n                                                            <span class=\"td-author-date\">\r\n                                                                        <span class=\"td-post-author-name\"><a href=\"https:\/\/saltoecologico.es\/index.php\/author\/saltoecologico\/\">admin<\/a> <span>-<\/span> <\/span>                                    <span class=\"td-post-date\"><time class=\"entry-date updated td-module-date\" datetime=\"2025-07-10T20:40:21+00:00\" >julio 10, 2025<\/time><\/span>                                                                        <span class=\"td-module-comments\"><a href=\"https:\/\/saltoecologico.es\/index.php\/2025\/07\/10\/firma-la-peticion\/#respond\">0<\/a><\/span>                                <\/span>\r\n                                                    <\/div>\r\n                    \r\n                    <div class=\"td-excerpt\">\n\u00a1NO a la ubicaci\u00f3n de la Planta de Generaci\u00f3n de Emergencia \u201cPlanta Tigaiga\u201d en La Zamora (Los Realejos)!\n\n\n\nA la atenci\u00f3n de la Direcci\u00f3n General...<\/div>\r\n                    \r\n                                        <div class=\"td-read-more\">\r\n                        <a href=\"https:\/\/saltoecologico.es\/index.php\/2025\/07\/10\/firma-la-peticion\/\" title=\"Leer m\u00e1s\"  >Leer m\u00e1s<\/a>\r\n                    <\/div>\r\n                                    <\/div>\r\n            <\/div>\r\n        <\/div>\r\n\r\n        \r\n        <div class=\"td_module_flex td_module_flex_1 td_module_wrap td-animation-stack td-cpt-post\">\r\n            <div class=\"td-module-container td-category-pos-\">\r\n                                    <div class=\"td-image-container\">\r\n                                                <div class=\"td-module-thumb\"><a href=\"https:\/\/saltoecologico.es\/index.php\/2025\/07\/07\/propano-en-la-costa\/\"  rel=\"bookmark\" class=\"td-image-wrap \" title=\"Propano en la costa\" ><span class=\"entry-thumb td-thumb-css\" data-type=\"css_image\" data-img-url=\"https:\/\/saltoecologico.es\/wp-content\/uploads\/2025\/07\/Salinetas-2-696x464.jpeg\"  ><\/span><\/a><\/div>                                                                    <\/div>\r\n                \r\n                <div class=\"td-module-meta-info\">\r\n                                        \r\n                    <h3 class=\"entry-title td-module-title\"><a href=\"https:\/\/saltoecologico.es\/index.php\/2025\/07\/07\/propano-en-la-costa\/\"  rel=\"bookmark\" title=\"Propano en la costa\">Propano en la costa<\/a><\/h3>\r\n                    \r\n                                            <div class=\"td-editor-date\">\r\n                                                        <a href=\"https:\/\/saltoecologico.es\/index.php\/category\/general\/\" class=\"td-post-category\" >General<\/a>\r\n                                                            <span class=\"td-author-date\">\r\n                                                                        <span class=\"td-post-author-name\"><a href=\"https:\/\/saltoecologico.es\/index.php\/author\/saltoecologico\/\">admin<\/a> <span>-<\/span> <\/span>                                    <span class=\"td-post-date\"><time class=\"entry-date updated td-module-date\" datetime=\"2025-07-07T17:19:05+00:00\" >julio 7, 2025<\/time><\/span>                                                                        <span class=\"td-module-comments\"><a href=\"https:\/\/saltoecologico.es\/index.php\/2025\/07\/07\/propano-en-la-costa\/#respond\">0<\/a><\/span>                                <\/span>\r\n                                                    <\/div>\r\n                    \r\n                    <div class=\"td-excerpt\">\nPropano en la costa: los riesgos invisibles de la nueva planta de DISA\n\n\n\nEn Salinetas, una zona costera que muchos asociamos con paseos al atardecer,...<\/div>\r\n                    \r\n                                        <div class=\"td-read-more\">\r\n                        <a href=\"https:\/\/saltoecologico.es\/index.php\/2025\/07\/07\/propano-en-la-costa\/\" title=\"Leer m\u00e1s\"  >Leer m\u00e1s<\/a>\r\n                    <\/div>\r\n                                    <\/div>\r\n            <\/div>\r\n        <\/div>\r\n\r\n        \r\n        <div class=\"td_module_flex td_module_flex_1 td_module_wrap td-animation-stack td-cpt-post\">\r\n            <div class=\"td-module-container td-category-pos-\">\r\n                                    <div class=\"td-image-container\">\r\n                                                <div class=\"td-module-thumb\"><a href=\"https:\/\/saltoecologico.es\/index.php\/2025\/07\/02\/la-respuesta-de-disa-a-la-zamora\/\"  rel=\"bookmark\" class=\"td-image-wrap \" title=\"La respuesta de Disa a La Zamora\" ><span class=\"entry-thumb td-thumb-css\" data-type=\"css_image\" data-img-url=\"https:\/\/saltoecologico.es\/wp-content\/uploads\/2025\/07\/Imagen-Disa-696x464.png\"  ><\/span><\/a><\/div>                                                                    <\/div>\r\n                \r\n                <div class=\"td-module-meta-info\">\r\n                                        \r\n                    <h3 class=\"entry-title td-module-title\"><a href=\"https:\/\/saltoecologico.es\/index.php\/2025\/07\/02\/la-respuesta-de-disa-a-la-zamora\/\"  rel=\"bookmark\" title=\"La respuesta de Disa a La Zamora\">La respuesta de Disa a La Zamora<\/a><\/h3>\r\n                    \r\n                                            <div class=\"td-editor-date\">\r\n                                                        <a href=\"https:\/\/saltoecologico.es\/index.php\/category\/general\/\" class=\"td-post-category\" >General<\/a>\r\n                                                            <span class=\"td-author-date\">\r\n                                                                        <span class=\"td-post-author-name\"><a href=\"https:\/\/saltoecologico.es\/index.php\/author\/saltoecologico\/\">admin<\/a> <span>-<\/span> <\/span>                                    <span class=\"td-post-date\"><time class=\"entry-date updated td-module-date\" datetime=\"2025-07-02T21:58:02+00:00\" >julio 2, 2025<\/time><\/span>                                                                        <span class=\"td-module-comments\"><a href=\"https:\/\/saltoecologico.es\/index.php\/2025\/07\/02\/la-respuesta-de-disa-a-la-zamora\/#respond\">0<\/a><\/span>                                <\/span>\r\n                                                    <\/div>\r\n                    \r\n                    <div class=\"td-excerpt\">\nCentral de Tigaiga: La Respuesta de DISA No Logra Calmar los Temores de la Comunidad\n\n\n\nLa respuesta oficial de DISA a las alegaciones ciudadanas sobre...<\/div>\r\n                    \r\n                                        <div class=\"td-read-more\">\r\n                        <a href=\"https:\/\/saltoecologico.es\/index.php\/2025\/07\/02\/la-respuesta-de-disa-a-la-zamora\/\" title=\"Leer m\u00e1s\"  >Leer m\u00e1s<\/a>\r\n                    <\/div>\r\n                                    <\/div>\r\n            <\/div>\r\n        <\/div>\r\n\r\n        \r\n        <div class=\"td_module_flex td_module_flex_1 td_module_wrap td-animation-stack td-cpt-post\">\r\n            <div class=\"td-module-container td-category-pos-\">\r\n                                    <div class=\"td-image-container\">\r\n                                                <div class=\"td-module-thumb\"><a href=\"https:\/\/saltoecologico.es\/index.php\/2025\/06\/27\/la-auditoria-que-no-vimos\/\"  rel=\"bookmark\" class=\"td-image-wrap \" title=\"La auditor\u00eda que no vimos\" ><span class=\"entry-thumb td-thumb-css\" data-type=\"css_image\" data-img-url=\"https:\/\/saltoecologico.es\/wp-content\/uploads\/2025\/06\/Auditoria-696x464.jpg\"  ><\/span><\/a><\/div>                                                                    <\/div>\r\n                \r\n                <div class=\"td-module-meta-info\">\r\n                                        \r\n                    <h3 class=\"entry-title td-module-title\"><a href=\"https:\/\/saltoecologico.es\/index.php\/2025\/06\/27\/la-auditoria-que-no-vimos\/\"  rel=\"bookmark\" title=\"La auditor\u00eda que no vimos\">La auditor\u00eda que no vimos<\/a><\/h3>\r\n                    \r\n                                            <div class=\"td-editor-date\">\r\n                                                        <a href=\"https:\/\/saltoecologico.es\/index.php\/category\/general\/\" class=\"td-post-category\" >General<\/a>\r\n                                                            <span class=\"td-author-date\">\r\n                                                                        <span class=\"td-post-author-name\"><a href=\"https:\/\/saltoecologico.es\/index.php\/author\/saltoecologico\/\">admin<\/a> <span>-<\/span> <\/span>                                    <span class=\"td-post-date\"><time class=\"entry-date updated td-module-date\" datetime=\"2025-06-27T11:34:24+00:00\" >junio 27, 2025<\/time><\/span>                                                                        <span class=\"td-module-comments\"><a href=\"https:\/\/saltoecologico.es\/index.php\/2025\/06\/27\/la-auditoria-que-no-vimos\/#respond\">0<\/a><\/span>                                <\/span>\r\n                                                    <\/div>\r\n                    \r\n                    <div class=\"td-excerpt\">\nEsa auditor\u00eda que no vimos (ni sabemos si existe)\n\n\n\nEn pol\u00edtica, como en la vida, hay respuestas que suenan a evasiva antes incluso de terminar...<\/div>\r\n                    \r\n                                        <div class=\"td-read-more\">\r\n                        <a href=\"https:\/\/saltoecologico.es\/index.php\/2025\/06\/27\/la-auditoria-que-no-vimos\/\" title=\"Leer m\u00e1s\"  >Leer m\u00e1s<\/a>\r\n                    <\/div>\r\n                                    <\/div>\r\n            <\/div>\r\n        <\/div>\r\n\r\n        \r\n        <div class=\"td_module_flex td_module_flex_1 td_module_wrap td-animation-stack td-cpt-post\">\r\n            <div class=\"td-module-container td-category-pos-\">\r\n                                    <div class=\"td-image-container\">\r\n                                                <div class=\"td-module-thumb\"><a href=\"https:\/\/saltoecologico.es\/index.php\/2025\/06\/26\/una-emergencia-discutible\/\"  rel=\"bookmark\" class=\"td-image-wrap \" title=\"Una emergencia discutible\" ><span class=\"entry-thumb td-thumb-css\" data-type=\"css_image\" data-img-url=\"https:\/\/saltoecologico.es\/wp-content\/uploads\/2025\/06\/Propano-696x464.jpg\"  ><\/span><\/a><\/div>                                                                    <\/div>\r\n                \r\n                <div class=\"td-module-meta-info\">\r\n                                        \r\n                    <h3 class=\"entry-title td-module-title\"><a href=\"https:\/\/saltoecologico.es\/index.php\/2025\/06\/26\/una-emergencia-discutible\/\"  rel=\"bookmark\" title=\"Una emergencia discutible\">Una emergencia discutible<\/a><\/h3>\r\n                    \r\n                                            <div class=\"td-editor-date\">\r\n                                                        <a href=\"https:\/\/saltoecologico.es\/index.php\/category\/general\/\" class=\"td-post-category\" >General<\/a>\r\n                                                            <span class=\"td-author-date\">\r\n                                                                        <span class=\"td-post-author-name\"><a href=\"https:\/\/saltoecologico.es\/index.php\/author\/saltoecologico\/\">admin<\/a> <span>-<\/span> <\/span>                                    <span class=\"td-post-date\"><time class=\"entry-date updated td-module-date\" datetime=\"2025-06-26T10:44:27+00:00\" >junio 26, 2025<\/time><\/span>                                                                        <span class=\"td-module-comments\"><a href=\"https:\/\/saltoecologico.es\/index.php\/2025\/06\/26\/una-emergencia-discutible\/#respond\">0<\/a><\/span>                                <\/span>\r\n                                                    <\/div>\r\n                    \r\n                    <div class=\"td-excerpt\">\nUNA EMERGENCIA DISCUTIBLE\n\n\n\nEn una parcela costera del pol\u00edgono de Salinetas, en el municipio de Telde, se proyecta levantar una planta de generaci\u00f3n el\u00e9ctrica de...<\/div>\r\n                    \r\n                                        <div class=\"td-read-more\">\r\n                        <a href=\"https:\/\/saltoecologico.es\/index.php\/2025\/06\/26\/una-emergencia-discutible\/\" title=\"Leer m\u00e1s\"  >Leer m\u00e1s<\/a>\r\n                    <\/div>\r\n                                    <\/div>\r\n            <\/div>\r\n        <\/div>\r\n\r\n        \r\n        <div class=\"td_module_flex td_module_flex_1 td_module_wrap td-animation-stack td-cpt-post\">\r\n            <div class=\"td-module-container td-category-pos-\">\r\n                                    <div class=\"td-image-container\">\r\n                                                <div class=\"td-module-thumb\"><a href=\"https:\/\/saltoecologico.es\/index.php\/2025\/06\/20\/comision-transicion-ecologica\/\"  rel=\"bookmark\" class=\"td-image-wrap \" title=\"Comisi\u00f3n Transici\u00f3n Ecol\u00f3gica\" ><span class=\"entry-thumb td-thumb-css\" data-type=\"css_image\" data-img-url=\"https:\/\/saltoecologico.es\/wp-content\/uploads\/2025\/06\/Comision-696x464.jpg\"  ><\/span><\/a><\/div>                                                                    <\/div>\r\n                \r\n                <div class=\"td-module-meta-info\">\r\n                                        \r\n                    <h3 class=\"entry-title td-module-title\"><a href=\"https:\/\/saltoecologico.es\/index.php\/2025\/06\/20\/comision-transicion-ecologica\/\"  rel=\"bookmark\" title=\"Comisi\u00f3n Transici\u00f3n Ecol\u00f3gica\">Comisi\u00f3n Transici\u00f3n Ecol\u00f3gica<\/a><\/h3>\r\n                    \r\n                                            <div class=\"td-editor-date\">\r\n                                                        <a href=\"https:\/\/saltoecologico.es\/index.php\/category\/sistema-electrico\/\" class=\"td-post-category\" >Sistema el\u00e9ctrico<\/a>\r\n                                                            <span class=\"td-author-date\">\r\n                                                                        <span class=\"td-post-author-name\"><a href=\"https:\/\/saltoecologico.es\/index.php\/author\/saltoecologico\/\">admin<\/a> <span>-<\/span> <\/span>                                    <span class=\"td-post-date\"><time class=\"entry-date updated td-module-date\" datetime=\"2025-06-20T21:16:24+00:00\" >junio 20, 2025<\/time><\/span>                                                                        <span class=\"td-module-comments\"><a href=\"https:\/\/saltoecologico.es\/index.php\/2025\/06\/20\/comision-transicion-ecologica\/#respond\">0<\/a><\/span>                                <\/span>\r\n                                                    <\/div>\r\n                    \r\n                    <div class=\"td-excerpt\">\nT\u00edtulo: La Palma no merece oscuridad: exigencia de rigor y futuro energ\u00e9tico digno\n\n\n\nEn la \u00faltima sesi\u00f3n de la Comisi\u00f3n de Transici\u00f3n Ecol\u00f3gica del Parlamento...<\/div>\r\n                    \r\n                                        <div class=\"td-read-more\">\r\n                        <a href=\"https:\/\/saltoecologico.es\/index.php\/2025\/06\/20\/comision-transicion-ecologica\/\" title=\"Leer m\u00e1s\"  >Leer m\u00e1s<\/a>\r\n                    <\/div>\r\n                                    <\/div>\r\n            <\/div>\r\n        <\/div>\r\n\r\n        \r\n        <div class=\"td_module_flex td_module_flex_1 td_module_wrap td-animation-stack td-cpt-post\">\r\n            <div class=\"td-module-container td-category-pos-\">\r\n                                    <div class=\"td-image-container\">\r\n                                                <div class=\"td-module-thumb\"><a href=\"https:\/\/saltoecologico.es\/index.php\/2025\/06\/18\/informe-del-cero-peninsular\/\"  rel=\"bookmark\" class=\"td-image-wrap \" title=\"Informe del \u00abcero\u00bb peninsular.\" ><span class=\"entry-thumb td-thumb-css\" data-type=\"css_image\" data-img-url=\"https:\/\/saltoecologico.es\/wp-content\/uploads\/2025\/06\/Informe-28-de-abril-696x464.jpg\"  ><\/span><\/a><\/div>                                                                    <\/div>\r\n                \r\n                <div class=\"td-module-meta-info\">\r\n                                        \r\n                    <h3 class=\"entry-title td-module-title\"><a href=\"https:\/\/saltoecologico.es\/index.php\/2025\/06\/18\/informe-del-cero-peninsular\/\"  rel=\"bookmark\" title=\"Informe del \u00abcero\u00bb peninsular.\">Informe del \u00abcero\u00bb peninsular.<\/a><\/h3>\r\n                    \r\n                                            <div class=\"td-editor-date\">\r\n                                                        <a href=\"https:\/\/saltoecologico.es\/index.php\/category\/sistema-electrico\/\" class=\"td-post-category\" >Sistema el\u00e9ctrico<\/a>\r\n                                                            <span class=\"td-author-date\">\r\n                                                                        <span class=\"td-post-author-name\"><a href=\"https:\/\/saltoecologico.es\/index.php\/author\/saltoecologico\/\">admin<\/a> <span>-<\/span> <\/span>                                    <span class=\"td-post-date\"><time class=\"entry-date updated td-module-date\" datetime=\"2025-06-18T09:12:51+00:00\" >junio 18, 2025<\/time><\/span>                                                                        <span class=\"td-module-comments\"><a href=\"https:\/\/saltoecologico.es\/index.php\/2025\/06\/18\/informe-del-cero-peninsular\/#respond\">0<\/a><\/span>                                <\/span>\r\n                                                    <\/div>\r\n                    \r\n                    <div class=\"td-excerpt\">\nLecciones de un colapso: el informe del Comit\u00e9 sobre la Crisis El\u00e9ctrica del 28 de abril\n\n\n\nEl pasado 28 de abril de 2025, a las...<\/div>\r\n                    \r\n                                        <div class=\"td-read-more\">\r\n                        <a href=\"https:\/\/saltoecologico.es\/index.php\/2025\/06\/18\/informe-del-cero-peninsular\/\" title=\"Leer m\u00e1s\"  >Leer m\u00e1s<\/a>\r\n                    <\/div>\r\n                                    <\/div>\r\n            <\/div>\r\n        <\/div>\r\n\r\n        \r\n        <div class=\"td_module_flex td_module_flex_1 td_module_wrap td-animation-stack td-cpt-post\">\r\n            <div class=\"td-module-container td-category-pos-\">\r\n                                    <div class=\"td-image-container\">\r\n                                                <div class=\"td-module-thumb\"><a href=\"https:\/\/saltoecologico.es\/index.php\/2025\/06\/17\/diseccion-de-un-cero\/\"  rel=\"bookmark\" class=\"td-image-wrap \" title=\"Disecci\u00f3n de un cero\" ><span class=\"entry-thumb td-thumb-css\" data-type=\"css_image\" data-img-url=\"https:\/\/saltoecologico.es\/wp-content\/uploads\/2025\/06\/Informe-696x464.jpg\"  ><\/span><\/a><\/div>                                                                    <\/div>\r\n                \r\n                <div class=\"td-module-meta-info\">\r\n                                        \r\n                    <h3 class=\"entry-title td-module-title\"><a href=\"https:\/\/saltoecologico.es\/index.php\/2025\/06\/17\/diseccion-de-un-cero\/\"  rel=\"bookmark\" title=\"Disecci\u00f3n de un cero\">Disecci\u00f3n de un cero<\/a><\/h3>\r\n                    \r\n                                            <div class=\"td-editor-date\">\r\n                                                        <a href=\"https:\/\/saltoecologico.es\/index.php\/category\/sistema-electrico\/\" class=\"td-post-category\" >Sistema el\u00e9ctrico<\/a>\r\n                                                            <span class=\"td-author-date\">\r\n                                                                        <span class=\"td-post-author-name\"><a href=\"https:\/\/saltoecologico.es\/index.php\/author\/saltoecologico\/\">admin<\/a> <span>-<\/span> <\/span>                                    <span class=\"td-post-date\"><time class=\"entry-date updated td-module-date\" datetime=\"2025-06-17T18:11:56+00:00\" >junio 17, 2025<\/time><\/span>                                                                        <span class=\"td-module-comments\"><a href=\"https:\/\/saltoecologico.es\/index.php\/2025\/06\/17\/diseccion-de-un-cero\/#respond\">0<\/a><\/span>                                <\/span>\r\n                                                    <\/div>\r\n                    \r\n                    <div class=\"td-excerpt\">\nInforme Detallado sobre el Cero Energ\u00e9tico en La Palma del 10 de junio de 2025: Un An\u00e1lisis Profundo de los Fallos Sist\u00e9micos\n\n\n\n1. Resumen Ejecutivo\n\n\n\nEste...<\/div>\r\n                    \r\n                                        <div class=\"td-read-more\">\r\n                        <a href=\"https:\/\/saltoecologico.es\/index.php\/2025\/06\/17\/diseccion-de-un-cero\/\" title=\"Leer m\u00e1s\"  >Leer m\u00e1s<\/a>\r\n                    <\/div>\r\n                                    <\/div>\r\n            <\/div>\r\n        <\/div>\r\n\r\n        \r\n        <div class=\"td_module_flex td_module_flex_1 td_module_wrap td-animation-stack td-cpt-post\">\r\n            <div class=\"td-module-container td-category-pos-\">\r\n                                    <div class=\"td-image-container\">\r\n                                                <div class=\"td-module-thumb\"><a href=\"https:\/\/saltoecologico.es\/index.php\/2025\/06\/13\/ceros-en-la-palma\/\"  rel=\"bookmark\" class=\"td-image-wrap \" title=\"Ceros en La Palma\" ><span class=\"entry-thumb td-thumb-css\" data-type=\"css_image\" data-img-url=\"https:\/\/saltoecologico.es\/wp-content\/uploads\/2025\/06\/Guinchos-696x464.jpg\"  ><\/span><\/a><\/div>                                                                    <\/div>\r\n                \r\n                <div class=\"td-module-meta-info\">\r\n                                        \r\n                    <h3 class=\"entry-title td-module-title\"><a href=\"https:\/\/saltoecologico.es\/index.php\/2025\/06\/13\/ceros-en-la-palma\/\"  rel=\"bookmark\" title=\"Ceros en La Palma\">Ceros en La Palma<\/a><\/h3>\r\n                    \r\n                                            <div class=\"td-editor-date\">\r\n                                                        <a href=\"https:\/\/saltoecologico.es\/index.php\/category\/general\/\" class=\"td-post-category\" >General<\/a>\r\n                                                            <span class=\"td-author-date\">\r\n                                                                        <span class=\"td-post-author-name\"><a href=\"https:\/\/saltoecologico.es\/index.php\/author\/saltoecologico\/\">admin<\/a> <span>-<\/span> <\/span>                                    <span class=\"td-post-date\"><time class=\"entry-date updated td-module-date\" datetime=\"2025-06-13T20:06:27+00:00\" >junio 13, 2025<\/time><\/span>                                                                        <span class=\"td-module-comments\"><a href=\"https:\/\/saltoecologico.es\/index.php\/2025\/06\/13\/ceros-en-la-palma\/#respond\">0<\/a><\/span>                                <\/span>\r\n                                                    <\/div>\r\n                    \r\n                    <div class=\"td-excerpt\">\n\u00bfCu\u00e1ntos ceros m\u00e1s necesita La Palma?\n\n\n\nLa Palma vuelve a vivir un nuevo apag\u00f3n total. Ya son tres ceros el\u00e9ctricos en lo que va de...<\/div>\r\n                    \r\n                                        <div class=\"td-read-more\">\r\n                        <a href=\"https:\/\/saltoecologico.es\/index.php\/2025\/06\/13\/ceros-en-la-palma\/\" title=\"Leer m\u00e1s\"  >Leer m\u00e1s<\/a>\r\n                    <\/div>\r\n                                    <\/div>\r\n            <\/div>\r\n        <\/div>\r\n\r\n        \r\n        <div class=\"td_module_flex td_module_flex_1 td_module_wrap td-animation-stack td-cpt-post\">\r\n            <div class=\"td-module-container td-category-pos-\">\r\n                                    <div class=\"td-image-container\">\r\n                                                <div class=\"td-module-thumb\"><a href=\"https:\/\/saltoecologico.es\/index.php\/2025\/06\/10\/espejo-energetico\/\"  rel=\"bookmark\" class=\"td-image-wrap \" title=\"Espejo energ\u00e9tico (I)\" ><span class=\"entry-thumb td-thumb-css\" data-type=\"css_image\" data-img-url=\"https:\/\/saltoecologico.es\/wp-content\/uploads\/2025\/06\/Espejo-energetico-696x464.jpg\"  ><\/span><\/a><\/div>                                                                    <\/div>\r\n                \r\n                <div class=\"td-module-meta-info\">\r\n                                        \r\n                    <h3 class=\"entry-title td-module-title\"><a href=\"https:\/\/saltoecologico.es\/index.php\/2025\/06\/10\/espejo-energetico\/\"  rel=\"bookmark\" title=\"Espejo energ\u00e9tico (I)\">Espejo energ\u00e9tico (I)<\/a><\/h3>\r\n                    \r\n                                            <div class=\"td-editor-date\">\r\n                                                        <a href=\"https:\/\/saltoecologico.es\/index.php\/category\/general\/\" class=\"td-post-category\" >General<\/a>\r\n                                                            <span class=\"td-author-date\">\r\n                                                                        <span class=\"td-post-author-name\"><a href=\"https:\/\/saltoecologico.es\/index.php\/author\/saltoecologico\/\">admin<\/a> <span>-<\/span> <\/span>                                    <span class=\"td-post-date\"><time class=\"entry-date updated td-module-date\" datetime=\"2025-06-10T21:33:44+00:00\" >junio 10, 2025<\/time><\/span>                                                                        <span class=\"td-module-comments\"><a href=\"https:\/\/saltoecologico.es\/index.php\/2025\/06\/10\/espejo-energetico\/#respond\">0<\/a><\/span>                                <\/span>\r\n                                                    <\/div>\r\n                    \r\n                    <div class=\"td-excerpt\">\n\u00bfReaccionar o transformar?\n\n\n\nEstos d\u00edas hemos tenido la posibilidad de acceder, por fin, al informe de cobertura del sistema el\u00e9ctrico de Canarias para el periodo...<\/div>\r\n                    \r\n                                        <div class=\"td-read-more\">\r\n                        <a href=\"https:\/\/saltoecologico.es\/index.php\/2025\/06\/10\/espejo-energetico\/\" title=\"Leer m\u00e1s\"  >Leer m\u00e1s<\/a>\r\n                    <\/div>\r\n                                    <\/div>\r\n            <\/div>\r\n        <\/div>\r\n\r\n        \r\n        <div class=\"td_module_flex td_module_flex_1 td_module_wrap td-animation-stack td-cpt-post\">\r\n            <div class=\"td-module-container td-category-pos-\">\r\n                                    <div class=\"td-image-container\">\r\n                                                <div class=\"td-module-thumb\"><a href=\"https:\/\/saltoecologico.es\/index.php\/2025\/05\/25\/detras-de-los-informes\/\"  rel=\"bookmark\" class=\"td-image-wrap \" title=\"Detras de los informes\" ><span class=\"entry-thumb td-thumb-css\" data-type=\"css_image\" data-img-url=\"https:\/\/saltoecologico.es\/wp-content\/uploads\/2025\/05\/Informe-de-cobertura-696x464.jpg\"  ><\/span><\/a><\/div>                                                                    <\/div>\r\n                \r\n                <div class=\"td-module-meta-info\">\r\n                                        \r\n                    <h3 class=\"entry-title td-module-title\"><a href=\"https:\/\/saltoecologico.es\/index.php\/2025\/05\/25\/detras-de-los-informes\/\"  rel=\"bookmark\" title=\"Detras de los informes\">Detras de los informes<\/a><\/h3>\r\n                    \r\n                                            <div class=\"td-editor-date\">\r\n                                                        <a href=\"https:\/\/saltoecologico.es\/index.php\/category\/general\/\" class=\"td-post-category\" >General<\/a>\r\n                                                            <span class=\"td-author-date\">\r\n                                                                        <span class=\"td-post-author-name\"><a href=\"https:\/\/saltoecologico.es\/index.php\/author\/saltoecologico\/\">admin<\/a> <span>-<\/span> <\/span>                                    <span class=\"td-post-date\"><time class=\"entry-date updated td-module-date\" datetime=\"2025-05-25T11:40:32+00:00\" >mayo 25, 2025<\/time><\/span>                                                                        <span class=\"td-module-comments\"><a href=\"https:\/\/saltoecologico.es\/index.php\/2025\/05\/25\/detras-de-los-informes\/#respond\">0<\/a><\/span>                                <\/span>\r\n                                                    <\/div>\r\n                    \r\n                    <div class=\"td-excerpt\">\nHAY QUE HACER P\u00daBLICOS LOS INFORMES DE REE\n\n\n\nUna y otra vez, en la explicaciones que se hacen desde la administraci\u00f3n acerca de la \u201cEmergencia...<\/div>\r\n                    \r\n                                        <div class=\"td-read-more\">\r\n                        <a href=\"https:\/\/saltoecologico.es\/index.php\/2025\/05\/25\/detras-de-los-informes\/\" title=\"Leer m\u00e1s\"  >Leer m\u00e1s<\/a>\r\n                    <\/div>\r\n                                    <\/div>\r\n            <\/div>\r\n        <\/div>\r\n\r\n        \r\n        <div class=\"td_module_flex td_module_flex_1 td_module_wrap td-animation-stack td-cpt-post\">\r\n            <div class=\"td-module-container td-category-pos-\">\r\n                                    <div class=\"td-image-container\">\r\n                                                <div class=\"td-module-thumb\"><a href=\"https:\/\/saltoecologico.es\/index.php\/2025\/05\/23\/una-auditorias\/\"  rel=\"bookmark\" class=\"td-image-wrap \" title=\"Una auditor\u00eda\" ><span class=\"entry-thumb td-thumb-css\" data-type=\"css_image\" data-img-url=\"https:\/\/saltoecologico.es\/wp-content\/uploads\/2025\/05\/Auditoria-696x464.jpg\"  ><\/span><\/a><\/div>                                                                    <\/div>\r\n                \r\n                <div class=\"td-module-meta-info\">\r\n                                        \r\n                    <h3 class=\"entry-title td-module-title\"><a href=\"https:\/\/saltoecologico.es\/index.php\/2025\/05\/23\/una-auditorias\/\"  rel=\"bookmark\" title=\"Una auditor\u00eda\">Una auditor\u00eda<\/a><\/h3>\r\n                    \r\n                                            <div class=\"td-editor-date\">\r\n                                                        <a href=\"https:\/\/saltoecologico.es\/index.php\/category\/sistema-electrico\/\" class=\"td-post-category\" >Sistema el\u00e9ctrico<\/a>\r\n                                                            <span class=\"td-author-date\">\r\n                                                                        <span class=\"td-post-author-name\"><a href=\"https:\/\/saltoecologico.es\/index.php\/author\/saltoecologico\/\">admin<\/a> <span>-<\/span> <\/span>                                    <span class=\"td-post-date\"><time class=\"entry-date updated td-module-date\" datetime=\"2025-05-23T15:31:27+00:00\" >mayo 23, 2025<\/time><\/span>                                                                        <span class=\"td-module-comments\"><a href=\"https:\/\/saltoecologico.es\/index.php\/2025\/05\/23\/una-auditorias\/#respond\">0<\/a><\/span>                                <\/span>\r\n                                                    <\/div>\r\n                    \r\n                    <div class=\"td-excerpt\">\nLa hora de la verdad para los sistemas el\u00e9ctricos de Canarias\n\n\n\nEn los \u00faltimos d\u00edas hemos sido testigos de varios incidentes en el suministro el\u00e9ctrico...<\/div>\r\n                    \r\n                                        <div class=\"td-read-more\">\r\n                        <a href=\"https:\/\/saltoecologico.es\/index.php\/2025\/05\/23\/una-auditorias\/\" title=\"Leer m\u00e1s\"  >Leer m\u00e1s<\/a>\r\n                    <\/div>\r\n                                    <\/div>\r\n            <\/div>\r\n        <\/div>\r\n\r\n        \r\n        <div class=\"td_module_flex td_module_flex_1 td_module_wrap td-animation-stack td-cpt-post\">\r\n            <div class=\"td-module-container td-category-pos-\">\r\n                                    <div class=\"td-image-container\">\r\n                                                <div class=\"td-module-thumb\"><a href=\"https:\/\/saltoecologico.es\/index.php\/2025\/05\/17\/alegaciones-a-la-emergencia\/\"  rel=\"bookmark\" class=\"td-image-wrap \" title=\"Alegaciones a la emergencia\" ><span class=\"entry-thumb td-thumb-css\" data-type=\"css_image\" data-img-url=\"https:\/\/saltoecologico.es\/wp-content\/uploads\/2025\/05\/Presentacion-de-alegaciones-696x464.jpg\"  ><\/span><\/a><\/div>                                                                    <\/div>\r\n                \r\n                <div class=\"td-module-meta-info\">\r\n                                        \r\n                    <h3 class=\"entry-title td-module-title\"><a href=\"https:\/\/saltoecologico.es\/index.php\/2025\/05\/17\/alegaciones-a-la-emergencia\/\"  rel=\"bookmark\" title=\"Alegaciones a la emergencia\">Alegaciones a la emergencia<\/a><\/h3>\r\n                    \r\n                                            <div class=\"td-editor-date\">\r\n                                                        <a href=\"https:\/\/saltoecologico.es\/index.php\/category\/general\/\" class=\"td-post-category\" >General<\/a>\r\n                                                            <span class=\"td-author-date\">\r\n                                                                        <span class=\"td-post-author-name\"><a href=\"https:\/\/saltoecologico.es\/index.php\/author\/saltoecologico\/\">admin<\/a> <span>-<\/span> <\/span>                                    <span class=\"td-post-date\"><time class=\"entry-date updated td-module-date\" datetime=\"2025-05-17T10:43:13+00:00\" >mayo 17, 2025<\/time><\/span>                                                                        <span class=\"td-module-comments\"><a href=\"https:\/\/saltoecologico.es\/index.php\/2025\/05\/17\/alegaciones-a-la-emergencia\/#respond\">0<\/a><\/span>                                <\/span>\r\n                                                    <\/div>\r\n                    \r\n                    <div class=\"td-excerpt\">\nPresentamos Alegaciones en Defensa de un Futuro Renovable\n\n\n\nFecha: 17 de mayo de 2025\n\n\n\nEn la b\u00fasqueda constante de un horizonte energ\u00e9tico m\u00e1s limpio, resiliente y...<\/div>\r\n                    \r\n                                        <div class=\"td-read-more\">\r\n                        <a href=\"https:\/\/saltoecologico.es\/index.php\/2025\/05\/17\/alegaciones-a-la-emergencia\/\" title=\"Leer m\u00e1s\"  >Leer m\u00e1s<\/a>\r\n                    <\/div>\r\n                                    <\/div>\r\n            <\/div>\r\n        <\/div>\r\n\r\n        \r\n        <div class=\"td_module_flex td_module_flex_1 td_module_wrap td-animation-stack td-cpt-post\">\r\n            <div class=\"td-module-container td-category-pos-\">\r\n                                    <div class=\"td-image-container\">\r\n                                                <div class=\"td-module-thumb\"><a href=\"https:\/\/saltoecologico.es\/index.php\/2025\/05\/11\/encrucijada-energetica-2\/\"  rel=\"bookmark\" class=\"td-image-wrap \" title=\"Encrucijada energ\u00e9tica\" ><span class=\"entry-thumb td-thumb-css\" data-type=\"css_image\" data-img-url=\"https:\/\/saltoecologico.es\/wp-content\/uploads\/2025\/05\/Grupos-electrogenos-696x464.jpg\"  ><\/span><\/a><\/div>                                                                    <\/div>\r\n                \r\n                <div class=\"td-module-meta-info\">\r\n                                        \r\n                    <h3 class=\"entry-title td-module-title\"><a href=\"https:\/\/saltoecologico.es\/index.php\/2025\/05\/11\/encrucijada-energetica-2\/\"  rel=\"bookmark\" title=\"Encrucijada energ\u00e9tica\">Encrucijada energ\u00e9tica<\/a><\/h3>\r\n                    \r\n                                            <div class=\"td-editor-date\">\r\n                                                        <a href=\"https:\/\/saltoecologico.es\/index.php\/category\/fosiles\/\" class=\"td-post-category\" >F\u00f3siles<\/a>\r\n                                                            <span class=\"td-author-date\">\r\n                                                                        <span class=\"td-post-author-name\"><a href=\"https:\/\/saltoecologico.es\/index.php\/author\/saltoecologico\/\">admin<\/a> <span>-<\/span> <\/span>                                    <span class=\"td-post-date\"><time class=\"entry-date updated td-module-date\" datetime=\"2025-05-11T06:21:52+00:00\" >mayo 11, 2025<\/time><\/span>                                                                        <span class=\"td-module-comments\"><a href=\"https:\/\/saltoecologico.es\/index.php\/2025\/05\/11\/encrucijada-energetica-2\/#respond\">0<\/a><\/span>                                <\/span>\r\n                                                    <\/div>\r\n                    \r\n                    <div class=\"td-excerpt\">\nEn pleno 2025, mientras las Islas Canarias deber\u00edan estar acelerando con una determinaci\u00f3n inquebrantable su camino hacia un futuro energ\u00e9tico 100% renovable, observamos con...<\/div>\r\n                    \r\n                                        <div class=\"td-read-more\">\r\n                        <a href=\"https:\/\/saltoecologico.es\/index.php\/2025\/05\/11\/encrucijada-energetica-2\/\" title=\"Leer m\u00e1s\"  >Leer m\u00e1s<\/a>\r\n                    <\/div>\r\n                                    <\/div>\r\n            <\/div>\r\n        <\/div>\r\n\r\n        \r\n        <div class=\"td_module_flex td_module_flex_1 td_module_wrap td-animation-stack td-cpt-post\">\r\n            <div class=\"td-module-container td-category-pos-\">\r\n                                    <div class=\"td-image-container\">\r\n                                                <div class=\"td-module-thumb\"><a href=\"https:\/\/saltoecologico.es\/index.php\/2025\/05\/07\/apagon-de-ideas\/\"  rel=\"bookmark\" class=\"td-image-wrap \" title=\"Apag\u00f3n de ideas\" ><span class=\"entry-thumb td-thumb-css\" data-type=\"css_image\" data-img-url=\"https:\/\/saltoecologico.es\/wp-content\/uploads\/2025\/05\/Defensa-Renovables-696x464.jpg\"  ><\/span><\/a><\/div>                                                                    <\/div>\r\n                \r\n                <div class=\"td-module-meta-info\">\r\n                                        \r\n                    <h3 class=\"entry-title td-module-title\"><a href=\"https:\/\/saltoecologico.es\/index.php\/2025\/05\/07\/apagon-de-ideas\/\"  rel=\"bookmark\" title=\"Apag\u00f3n de ideas\">Apag\u00f3n de ideas<\/a><\/h3>\r\n                    \r\n                                            <div class=\"td-editor-date\">\r\n                                                        <a href=\"https:\/\/saltoecologico.es\/index.php\/category\/general\/\" class=\"td-post-category\" >General<\/a>\r\n                                                            <span class=\"td-author-date\">\r\n                                                                        <span class=\"td-post-author-name\"><a href=\"https:\/\/saltoecologico.es\/index.php\/author\/saltoecologico\/\">admin<\/a> <span>-<\/span> <\/span>                                    <span class=\"td-post-date\"><time class=\"entry-date updated td-module-date\" datetime=\"2025-05-07T04:40:41+00:00\" >mayo 7, 2025<\/time><\/span>                                                                        <span class=\"td-module-comments\"><a href=\"https:\/\/saltoecologico.es\/index.php\/2025\/05\/07\/apagon-de-ideas\/#respond\">0<\/a><\/span>                                <\/span>\r\n                                                    <\/div>\r\n                    \r\n                    <div class=\"td-excerpt\">\nEl reciente apag\u00f3n que dej\u00f3 a gran parte de la pen\u00ednsula sin suministro el\u00e9ctrico ha desatado una tormenta de reacciones. Lo que deber\u00eda haber...<\/div>\r\n                    \r\n                                        <div class=\"td-read-more\">\r\n                        <a href=\"https:\/\/saltoecologico.es\/index.php\/2025\/05\/07\/apagon-de-ideas\/\" title=\"Leer m\u00e1s\"  >Leer m\u00e1s<\/a>\r\n                    <\/div>\r\n                                    <\/div>\r\n            <\/div>\r\n        <\/div>\r\n\r\n        \r\n        <div class=\"td_module_flex td_module_flex_1 td_module_wrap td-animation-stack td-cpt-post\">\r\n            <div class=\"td-module-container td-category-pos-\">\r\n                                    <div class=\"td-image-container\">\r\n                                                <div class=\"td-module-thumb\"><a href=\"https:\/\/saltoecologico.es\/index.php\/2025\/04\/26\/encrucijada-energetica\/\"  rel=\"bookmark\" class=\"td-image-wrap \" title=\"Encrucijada energ\u00e9tica\" ><span class=\"entry-thumb td-thumb-css\" data-type=\"css_image\" data-img-url=\"https:\/\/saltoecologico.es\/wp-content\/uploads\/2025\/04\/ChatGPT-Image-25-abr-2025-13_32_53-696x464.png\"  ><\/span><\/a><\/div>                                                                    <\/div>\r\n                \r\n                <div class=\"td-module-meta-info\">\r\n                                        \r\n                    <h3 class=\"entry-title td-module-title\"><a href=\"https:\/\/saltoecologico.es\/index.php\/2025\/04\/26\/encrucijada-energetica\/\"  rel=\"bookmark\" title=\"Encrucijada energ\u00e9tica\">Encrucijada energ\u00e9tica<\/a><\/h3>\r\n                    \r\n                                            <div class=\"td-editor-date\">\r\n                                                        <a href=\"https:\/\/saltoecologico.es\/index.php\/category\/fosiles\/\" class=\"td-post-category\" >F\u00f3siles<\/a>\r\n                                                            <span class=\"td-author-date\">\r\n                                                                        <span class=\"td-post-author-name\"><a href=\"https:\/\/saltoecologico.es\/index.php\/author\/saltoecologico\/\">admin<\/a> <span>-<\/span> <\/span>                                    <span class=\"td-post-date\"><time class=\"entry-date updated td-module-date\" datetime=\"2025-04-26T07:47:23+00:00\" >abril 26, 2025<\/time><\/span>                                                                        <span class=\"td-module-comments\"><a href=\"https:\/\/saltoecologico.es\/index.php\/2025\/04\/26\/encrucijada-energetica\/#respond\">0<\/a><\/span>                                <\/span>\r\n                                                    <\/div>\r\n                    \r\n                    <div class=\"td-excerpt\">\nEn estos d\u00edas, el debate energ\u00e9tico en Canarias vuelve a ocupar titulares tras las declaraciones del Consejero de Transici\u00f3n Ecol\u00f3gica sobre la cr\u00edtica situaci\u00f3n...<\/div>\r\n                    \r\n                                        <div class=\"td-read-more\">\r\n                        <a href=\"https:\/\/saltoecologico.es\/index.php\/2025\/04\/26\/encrucijada-energetica\/\" title=\"Leer m\u00e1s\"  >Leer m\u00e1s<\/a>\r\n                    <\/div>\r\n                                    <\/div>\r\n            <\/div>\r\n        <\/div>\r\n\r\n        \r\n        <div class=\"td_module_flex td_module_flex_1 td_module_wrap td-animation-stack td-cpt-post\">\r\n            <div class=\"td-module-container td-category-pos-\">\r\n                                    <div class=\"td-image-container\">\r\n                                                <div class=\"td-module-thumb\"><a href=\"https:\/\/saltoecologico.es\/index.php\/2025\/04\/24\/consulta-publica\/\"  rel=\"bookmark\" class=\"td-image-wrap \" title=\"Consulta p\u00fablica\" ><span class=\"entry-thumb td-thumb-css\" data-type=\"css_image\" data-img-url=\"https:\/\/saltoecologico.es\/wp-content\/uploads\/2025\/04\/Alegaciones-696x464.jpg\"  ><\/span><\/a><\/div>                                                                    <\/div>\r\n                \r\n                <div class=\"td-module-meta-info\">\r\n                                        \r\n                    <h3 class=\"entry-title td-module-title\"><a href=\"https:\/\/saltoecologico.es\/index.php\/2025\/04\/24\/consulta-publica\/\"  rel=\"bookmark\" title=\"Consulta p\u00fablica\">Consulta p\u00fablica<\/a><\/h3>\r\n                    \r\n                                            <div class=\"td-editor-date\">\r\n                                                        <a href=\"https:\/\/saltoecologico.es\/index.php\/category\/general\/\" class=\"td-post-category\" >General<\/a>\r\n                                                            <span class=\"td-author-date\">\r\n                                                                        <span class=\"td-post-author-name\"><a href=\"https:\/\/saltoecologico.es\/index.php\/author\/saltoecologico\/\">admin<\/a> <span>-<\/span> <\/span>                                    <span class=\"td-post-date\"><time class=\"entry-date updated td-module-date\" datetime=\"2025-04-24T20:16:52+00:00\" >abril 24, 2025<\/time><\/span>                                                                        <span class=\"td-module-comments\"><a href=\"https:\/\/saltoecologico.es\/index.php\/2025\/04\/24\/consulta-publica\/#respond\">0<\/a><\/span>                                <\/span>\r\n                                                    <\/div>\r\n                    \r\n                    <div class=\"td-excerpt\">\nLa transici\u00f3n energ\u00e9tica en Canarias ya no es una opci\u00f3n de futuro: es una necesidad urgente, estrat\u00e9gica y \u00e9tica. Ante una realidad insular marcada...<\/div>\r\n                    \r\n                                        <div class=\"td-read-more\">\r\n                        <a href=\"https:\/\/saltoecologico.es\/index.php\/2025\/04\/24\/consulta-publica\/\" title=\"Leer m\u00e1s\"  >Leer m\u00e1s<\/a>\r\n                    <\/div>\r\n                                    <\/div>\r\n            <\/div>\r\n        <\/div>\r\n\r\n        \r\n        <div class=\"td_module_flex td_module_flex_1 td_module_wrap td-animation-stack td-cpt-post\">\r\n            <div class=\"td-module-container td-category-pos-\">\r\n                                    <div class=\"td-image-container\">\r\n                                                <div class=\"td-module-thumb\"><a href=\"https:\/\/saltoecologico.es\/index.php\/2025\/04\/21\/motores-en-silencio\/\"  rel=\"bookmark\" class=\"td-image-wrap \" title=\"Motores en silencio\" ><span class=\"entry-thumb td-thumb-css\" data-type=\"css_image\" data-img-url=\"https:\/\/saltoecologico.es\/wp-content\/uploads\/2025\/04\/Muelle-696x464.jpg\"  ><\/span><\/a><\/div>                                                                    <\/div>\r\n                \r\n                <div class=\"td-module-meta-info\">\r\n                                        \r\n                    <h3 class=\"entry-title td-module-title\"><a href=\"https:\/\/saltoecologico.es\/index.php\/2025\/04\/21\/motores-en-silencio\/\"  rel=\"bookmark\" title=\"Motores en silencio\">Motores en silencio<\/a><\/h3>\r\n                    \r\n                                            <div class=\"td-editor-date\">\r\n                                                        <a href=\"https:\/\/saltoecologico.es\/index.php\/category\/general\/\" class=\"td-post-category\" >General<\/a>\r\n                                                            <span class=\"td-author-date\">\r\n                                                                        <span class=\"td-post-author-name\"><a href=\"https:\/\/saltoecologico.es\/index.php\/author\/saltoecologico\/\">admin<\/a> <span>-<\/span> <\/span>                                    <span class=\"td-post-date\"><time class=\"entry-date updated td-module-date\" datetime=\"2025-04-21T14:50:03+00:00\" >abril 21, 2025<\/time><\/span>                                                                        <span class=\"td-module-comments\"><a href=\"https:\/\/saltoecologico.es\/index.php\/2025\/04\/21\/motores-en-silencio\/#respond\">0<\/a><\/span>                                <\/span>\r\n                                                    <\/div>\r\n                    \r\n                    <div class=\"td-excerpt\">\nEl silencio de los motores\n\n\n\nEsta semana, el Bolet\u00edn Oficial del Estado ha hecho oficial lo que muchos tem\u00edamos en silencio: los puertos de inter\u00e9s...<\/div>\r\n                    \r\n                                        <div class=\"td-read-more\">\r\n                        <a href=\"https:\/\/saltoecologico.es\/index.php\/2025\/04\/21\/motores-en-silencio\/\" title=\"Leer m\u00e1s\"  >Leer m\u00e1s<\/a>\r\n                    <\/div>\r\n                                    <\/div>\r\n            <\/div>\r\n        <\/div>\r\n\r\n        \r\n        <div class=\"td_module_flex td_module_flex_1 td_module_wrap td-animation-stack td-cpt-post\">\r\n            <div class=\"td-module-container td-category-pos-\">\r\n                                    <div class=\"td-image-container\">\r\n                                                <div class=\"td-module-thumb\"><a href=\"https:\/\/saltoecologico.es\/index.php\/2025\/04\/08\/las-ninas\/\"  rel=\"bookmark\" class=\"td-image-wrap \" title=\"Las Ni\u00f1as\" ><span class=\"entry-thumb td-thumb-css\" data-type=\"css_image\" data-img-url=\"https:\/\/saltoecologico.es\/wp-content\/uploads\/2025\/04\/Salto-29-696x391.jpg\"  ><\/span><\/a><\/div>                                                                    <\/div>\r\n                \r\n                <div class=\"td-module-meta-info\">\r\n                                        \r\n                    <h3 class=\"entry-title td-module-title\"><a href=\"https:\/\/saltoecologico.es\/index.php\/2025\/04\/08\/las-ninas\/\"  rel=\"bookmark\" title=\"Las Ni\u00f1as\">Las Ni\u00f1as<\/a><\/h3>\r\n                    \r\n                                            <div class=\"td-editor-date\">\r\n                                                        <a href=\"https:\/\/saltoecologico.es\/index.php\/category\/bombeos\/b_varios\/\" class=\"td-post-category\" >B_Varios<\/a>\r\n                                                            <span class=\"td-author-date\">\r\n                                                                        <span class=\"td-post-author-name\"><a href=\"https:\/\/saltoecologico.es\/index.php\/author\/saltoecologico\/\">admin<\/a> <span>-<\/span> <\/span>                                    <span class=\"td-post-date\"><time class=\"entry-date updated td-module-date\" datetime=\"2025-04-08T09:00:41+00:00\" >abril 8, 2025<\/time><\/span>                                                                        <span class=\"td-module-comments\"><a href=\"https:\/\/saltoecologico.es\/index.php\/2025\/04\/08\/las-ninas\/#respond\">0<\/a><\/span>                                <\/span>\r\n                                                    <\/div>\r\n                    \r\n                    <div class=\"td-excerpt\">\nLa aprobaci\u00f3n del Plan Insular de Ordenaci\u00f3n (PIO) de Gran Canaria ha supuesto un antes y un despu\u00e9s en la forma de entender el...<\/div>\r\n                    \r\n                                        <div class=\"td-read-more\">\r\n                        <a href=\"https:\/\/saltoecologico.es\/index.php\/2025\/04\/08\/las-ninas\/\" title=\"Leer m\u00e1s\"  >Leer m\u00e1s<\/a>\r\n                    <\/div>\r\n                                    <\/div>\r\n            <\/div>\r\n        <\/div>\r\n\r\n        \r\n        <div class=\"td_module_flex td_module_flex_1 td_module_wrap td-animation-stack td-cpt-post\">\r\n            <div class=\"td-module-container td-category-pos-\">\r\n                                    <div class=\"td-image-container\">\r\n                                                <div class=\"td-module-thumb\"><a href=\"https:\/\/saltoecologico.es\/index.php\/2025\/03\/31\/gorona-del-viento-2\/\"  rel=\"bookmark\" class=\"td-image-wrap \" title=\"Gorona del Viento\" ><span class=\"entry-thumb td-thumb-css\" data-type=\"css_image\" data-img-url=\"https:\/\/saltoecologico.es\/wp-content\/uploads\/2025\/04\/Gorona-del-viento-696x464.png\"  ><\/span><\/a><\/div>                                                                    <\/div>\r\n                \r\n                <div class=\"td-module-meta-info\">\r\n                                        \r\n                    <h3 class=\"entry-title td-module-title\"><a href=\"https:\/\/saltoecologico.es\/index.php\/2025\/03\/31\/gorona-del-viento-2\/\"  rel=\"bookmark\" title=\"Gorona del Viento\">Gorona del Viento<\/a><\/h3>\r\n                    \r\n                                            <div class=\"td-editor-date\">\r\n                                                        <a href=\"https:\/\/saltoecologico.es\/index.php\/category\/gorona-del-viento\/\" class=\"td-post-category\" >Gorona del viento<\/a>\r\n                                                            <span class=\"td-author-date\">\r\n                                                                        <span class=\"td-post-author-name\"><a href=\"https:\/\/saltoecologico.es\/index.php\/author\/saltoecologico\/\">admin<\/a> <span>-<\/span> <\/span>                                    <span class=\"td-post-date\"><time class=\"entry-date updated td-module-date\" datetime=\"2025-03-31T08:55:00+00:00\" >marzo 31, 2025<\/time><\/span>                                                                        <span class=\"td-module-comments\"><a href=\"https:\/\/saltoecologico.es\/index.php\/2025\/03\/31\/gorona-del-viento-2\/#respond\">0<\/a><\/span>                                <\/span>\r\n                                                    <\/div>\r\n                    \r\n                    <div class=\"td-excerpt\">\nDesde su puesta en marcha, la Central Hidroe\u00f3lica de Gorona del Viento ha sido objeto de una extra\u00f1a paradoja: mientras medios internacionales, universidades y...<\/div>\r\n                    \r\n                                        <div class=\"td-read-more\">\r\n                        <a href=\"https:\/\/saltoecologico.es\/index.php\/2025\/03\/31\/gorona-del-viento-2\/\" title=\"Leer m\u00e1s\"  >Leer m\u00e1s<\/a>\r\n                    <\/div>\r\n                                    <\/div>\r\n            <\/div>\r\n        <\/div>\r\n\r\n        \r\n        <div class=\"td_module_flex td_module_flex_1 td_module_wrap td-animation-stack td-cpt-post\">\r\n            <div class=\"td-module-container td-category-pos-\">\r\n                                    <div class=\"td-image-container\">\r\n                                                <div class=\"td-module-thumb\"><a href=\"https:\/\/saltoecologico.es\/index.php\/2025\/03\/24\/libertad-de-empresa\/\"  rel=\"bookmark\" class=\"td-image-wrap \" title=\"Libertad de empresa\" ><span class=\"entry-thumb td-thumb-css\" data-type=\"css_image\" data-img-url=\"https:\/\/saltoecologico.es\/wp-content\/uploads\/2025\/04\/Disa-696x464.png\"  ><\/span><\/a><\/div>                                                                    <\/div>\r\n                \r\n                <div class=\"td-module-meta-info\">\r\n                                        \r\n                    <h3 class=\"entry-title td-module-title\"><a href=\"https:\/\/saltoecologico.es\/index.php\/2025\/03\/24\/libertad-de-empresa\/\"  rel=\"bookmark\" title=\"Libertad de empresa\">Libertad de empresa<\/a><\/h3>\r\n                    \r\n                                            <div class=\"td-editor-date\">\r\n                                                        <a href=\"https:\/\/saltoecologico.es\/index.php\/category\/fosiles\/\" class=\"td-post-category\" >F\u00f3siles<\/a>\r\n                                                            <span class=\"td-author-date\">\r\n                                                                        <span class=\"td-post-author-name\"><a href=\"https:\/\/saltoecologico.es\/index.php\/author\/saltoecologico\/\">admin<\/a> <span>-<\/span> <\/span>                                    <span class=\"td-post-date\"><time class=\"entry-date updated td-module-date\" datetime=\"2025-03-24T08:47:00+00:00\" >marzo 24, 2025<\/time><\/span>                                                                        <span class=\"td-module-comments\"><a href=\"https:\/\/saltoecologico.es\/index.php\/2025\/03\/24\/libertad-de-empresa\/#respond\">0<\/a><\/span>                                <\/span>\r\n                                                    <\/div>\r\n                    \r\n                    <div class=\"td-excerpt\">\n\u00a1Qu\u00e9 inspirador resulta siempre escuchar a una gran corporaci\u00f3n energ\u00e9tica hablar en nombre de la justicia y la libertad! Esta vez, DISA, conocida por...<\/div>\r\n                    \r\n                                        <div class=\"td-read-more\">\r\n                        <a href=\"https:\/\/saltoecologico.es\/index.php\/2025\/03\/24\/libertad-de-empresa\/\" title=\"Leer m\u00e1s\"  >Leer m\u00e1s<\/a>\r\n                    <\/div>\r\n                                    <\/div>\r\n            <\/div>\r\n        <\/div>\r\n\r\n        \r\n        <div class=\"td_module_flex td_module_flex_1 td_module_wrap td-animation-stack td-cpt-post\">\r\n            <div class=\"td-module-container td-category-pos-\">\r\n                                    <div class=\"td-image-container\">\r\n                                                <div class=\"td-module-thumb\"><a href=\"https:\/\/saltoecologico.es\/index.php\/2025\/03\/21\/el-arte-de-no-hacer-nada\/\"  rel=\"bookmark\" class=\"td-image-wrap \" title=\"El arte de no hacer nada\" ><span class=\"entry-thumb td-thumb-css\" data-type=\"css_image\" data-img-url=\"https:\/\/saltoecologico.es\/wp-content\/uploads\/2025\/04\/Fosiles27-1-696x464.jpg\"  ><\/span><\/a><\/div>                                                                    <\/div>\r\n                \r\n                <div class=\"td-module-meta-info\">\r\n                                        \r\n                    <h3 class=\"entry-title td-module-title\"><a href=\"https:\/\/saltoecologico.es\/index.php\/2025\/03\/21\/el-arte-de-no-hacer-nada\/\"  rel=\"bookmark\" title=\"El arte de no hacer nada\">El arte de no hacer nada<\/a><\/h3>\r\n                    \r\n                                            <div class=\"td-editor-date\">\r\n                                                        <a href=\"https:\/\/saltoecologico.es\/index.php\/category\/general\/\" class=\"td-post-category\" >General<\/a>\r\n                                                            <span class=\"td-author-date\">\r\n                                                                        <span class=\"td-post-author-name\"><a href=\"https:\/\/saltoecologico.es\/index.php\/author\/saltoecologico\/\">admin<\/a> <span>-<\/span> <\/span>                                    <span class=\"td-post-date\"><time class=\"entry-date updated td-module-date\" datetime=\"2025-03-21T08:45:00+00:00\" >marzo 21, 2025<\/time><\/span>                                                                        <span class=\"td-module-comments\"><a href=\"https:\/\/saltoecologico.es\/index.php\/2025\/03\/21\/el-arte-de-no-hacer-nada\/#respond\">0<\/a><\/span>                                <\/span>\r\n                                                    <\/div>\r\n                    \r\n                    <div class=\"td-excerpt\">\nHace unos d\u00edas, el consejero de Industria del Cabildo de Tenerife nos regal\u00f3 una perla para el debate energ\u00e9tico: \u201cCanarias no estar\u00e1 preparada para...<\/div>\r\n                    \r\n                                        <div class=\"td-read-more\">\r\n                        <a href=\"https:\/\/saltoecologico.es\/index.php\/2025\/03\/21\/el-arte-de-no-hacer-nada\/\" title=\"Leer m\u00e1s\"  >Leer m\u00e1s<\/a>\r\n                    <\/div>\r\n                                    <\/div>\r\n            <\/div>\r\n        <\/div>\r\n\r\n        \r\n        <div class=\"td_module_flex td_module_flex_1 td_module_wrap td-animation-stack td-cpt-post\">\r\n            <div class=\"td-module-container td-category-pos-\">\r\n                                    <div class=\"td-image-container\">\r\n                                                <div class=\"td-module-thumb\"><a href=\"https:\/\/saltoecologico.es\/index.php\/2025\/03\/07\/estudio-de-la-ull\/\"  rel=\"bookmark\" class=\"td-image-wrap \" title=\"Estudio de la ULL\" ><span class=\"entry-thumb td-thumb-css\" data-type=\"css_image\" data-img-url=\"https:\/\/saltoecologico.es\/wp-content\/uploads\/2025\/04\/Eolico-13-1-696x464.jpg\"  ><\/span><\/a><\/div>                                                                    <\/div>\r\n                \r\n                <div class=\"td-module-meta-info\">\r\n                                        \r\n                    <h3 class=\"entry-title td-module-title\"><a href=\"https:\/\/saltoecologico.es\/index.php\/2025\/03\/07\/estudio-de-la-ull\/\"  rel=\"bookmark\" title=\"Estudio de la ULL\">Estudio de la ULL<\/a><\/h3>\r\n                    \r\n                                            <div class=\"td-editor-date\">\r\n                                                        <a href=\"https:\/\/saltoecologico.es\/index.php\/category\/transicion\/t_varios\/\" class=\"td-post-category\" >T_Varios<\/a>\r\n                                                            <span class=\"td-author-date\">\r\n                                                                        <span class=\"td-post-author-name\"><a href=\"https:\/\/saltoecologico.es\/index.php\/author\/saltoecologico\/\">admin<\/a> <span>-<\/span> <\/span>                                    <span class=\"td-post-date\"><time class=\"entry-date updated td-module-date\" datetime=\"2025-03-07T08:23:00+00:00\" >marzo 7, 2025<\/time><\/span>                                                                        <span class=\"td-module-comments\"><a href=\"https:\/\/saltoecologico.es\/index.php\/2025\/03\/07\/estudio-de-la-ull\/#respond\">0<\/a><\/span>                                <\/span>\r\n                                                    <\/div>\r\n                    \r\n                    <div class=\"td-excerpt\">\nCuando un estudio se presenta con la intenci\u00f3n de analizar la viabilidad de un sistema energ\u00e9tico 100% renovable y autosuficiente para Tenerife, uno esperar\u00eda...<\/div>\r\n                    \r\n                                        <div class=\"td-read-more\">\r\n                        <a href=\"https:\/\/saltoecologico.es\/index.php\/2025\/03\/07\/estudio-de-la-ull\/\" title=\"Leer m\u00e1s\"  >Leer m\u00e1s<\/a>\r\n                    <\/div>\r\n                                    <\/div>\r\n            <\/div>\r\n        <\/div>\r\n\r\n        \r\n        <div class=\"td_module_flex td_module_flex_1 td_module_wrap td-animation-stack td-cpt-post\">\r\n            <div class=\"td-module-container td-category-pos-\">\r\n                                    <div class=\"td-image-container\">\r\n                                                <div class=\"td-module-thumb\"><a href=\"https:\/\/saltoecologico.es\/index.php\/2025\/03\/04\/endesa-y-el-gas\/\"  rel=\"bookmark\" class=\"td-image-wrap \" title=\"Endesa y el gas\" ><span class=\"entry-thumb td-thumb-css\" data-type=\"css_image\" data-img-url=\"https:\/\/saltoecologico.es\/wp-content\/uploads\/2025\/04\/GNL18-696x391.jpg\"  ><\/span><\/a><\/div>                                                                    <\/div>\r\n                \r\n                <div class=\"td-module-meta-info\">\r\n                                        \r\n                    <h3 class=\"entry-title td-module-title\"><a href=\"https:\/\/saltoecologico.es\/index.php\/2025\/03\/04\/endesa-y-el-gas\/\"  rel=\"bookmark\" title=\"Endesa y el gas\">Endesa y el gas<\/a><\/h3>\r\n                    \r\n                                            <div class=\"td-editor-date\">\r\n                                                        <a href=\"https:\/\/saltoecologico.es\/index.php\/category\/gnl\/g_varios\/\" class=\"td-post-category\" >G_Varios<\/a>\r\n                                                            <span class=\"td-author-date\">\r\n                                                                        <span class=\"td-post-author-name\"><a href=\"https:\/\/saltoecologico.es\/index.php\/author\/saltoecologico\/\">admin<\/a> <span>-<\/span> <\/span>                                    <span class=\"td-post-date\"><time class=\"entry-date updated td-module-date\" datetime=\"2025-03-04T08:19:00+00:00\" >marzo 4, 2025<\/time><\/span>                                                                        <span class=\"td-module-comments\"><a href=\"https:\/\/saltoecologico.es\/index.php\/2025\/03\/04\/endesa-y-el-gas\/#respond\">0<\/a><\/span>                                <\/span>\r\n                                                    <\/div>\r\n                    \r\n                    <div class=\"td-excerpt\">\nDicen que todas las historias de amor tienen un final, pero la de Endesa con el gas natural parece m\u00e1s bien una relaci\u00f3n t\u00f3xica...<\/div>\r\n                    \r\n                                        <div class=\"td-read-more\">\r\n                        <a href=\"https:\/\/saltoecologico.es\/index.php\/2025\/03\/04\/endesa-y-el-gas\/\" title=\"Leer m\u00e1s\"  >Leer m\u00e1s<\/a>\r\n                    <\/div>\r\n                                    <\/div>\r\n            <\/div>\r\n        <\/div>\r\n\r\n        \r\n        <div class=\"td_module_flex td_module_flex_1 td_module_wrap td-animation-stack td-cpt-post\">\r\n            <div class=\"td-module-container td-category-pos-\">\r\n                                    <div class=\"td-image-container\">\r\n                                                <div class=\"td-module-thumb\"><a href=\"https:\/\/saltoecologico.es\/index.php\/2025\/02\/23\/calculos-fotovoltaicos\/\"  rel=\"bookmark\" class=\"td-image-wrap \" title=\"C\u00e1lculos fotovoltaicos\" ><span class=\"entry-thumb td-thumb-css\" data-type=\"css_image\" data-img-url=\"https:\/\/saltoecologico.es\/wp-content\/uploads\/2025\/04\/Fotovoltaica-21-696x463.jpg\"  ><\/span><\/a><\/div>                                                                    <\/div>\r\n                \r\n                <div class=\"td-module-meta-info\">\r\n                                        \r\n                    <h3 class=\"entry-title td-module-title\"><a href=\"https:\/\/saltoecologico.es\/index.php\/2025\/02\/23\/calculos-fotovoltaicos\/\"  rel=\"bookmark\" title=\"C\u00e1lculos fotovoltaicos\">C\u00e1lculos fotovoltaicos<\/a><\/h3>\r\n                    \r\n                                            <div class=\"td-editor-date\">\r\n                                                        <a href=\"https:\/\/saltoecologico.es\/index.php\/category\/renovables\/r_autoconsumo\/\" class=\"td-post-category\" >R_Autoconsumo<\/a>\r\n                                                            <span class=\"td-author-date\">\r\n                                                                        <span class=\"td-post-author-name\"><a href=\"https:\/\/saltoecologico.es\/index.php\/author\/saltoecologico\/\">admin<\/a> <span>-<\/span> <\/span>                                    <span class=\"td-post-date\"><time class=\"entry-date updated td-module-date\" datetime=\"2025-02-23T08:16:00+00:00\" >febrero 23, 2025<\/time><\/span>                                                                        <span class=\"td-module-comments\"><a href=\"https:\/\/saltoecologico.es\/index.php\/2025\/02\/23\/calculos-fotovoltaicos\/#respond\">0<\/a><\/span>                                <\/span>\r\n                                                    <\/div>\r\n                    \r\n                    <div class=\"td-excerpt\">\nINTRODUCCI\u00d3N\n\n\n\nLa preocupaci\u00f3n de que el mantra de que es posible alimentar un sistema el\u00e9ctrico complejo mediante exclusivamente placas fotovoltaicas ubicadas en los tejados de...<\/div>\r\n                    \r\n                                        <div class=\"td-read-more\">\r\n                        <a href=\"https:\/\/saltoecologico.es\/index.php\/2025\/02\/23\/calculos-fotovoltaicos\/\" title=\"Leer m\u00e1s\"  >Leer m\u00e1s<\/a>\r\n                    <\/div>\r\n                                    <\/div>\r\n            <\/div>\r\n        <\/div>\r\n\r\n        \r\n        <div class=\"td_module_flex td_module_flex_1 td_module_wrap td-animation-stack td-cpt-post\">\r\n            <div class=\"td-module-container td-category-pos-\">\r\n                                    <div class=\"td-image-container\">\r\n                                                <div class=\"td-module-thumb\"><a href=\"https:\/\/saltoecologico.es\/index.php\/2025\/02\/22\/carta-al-ecologismo\/\"  rel=\"bookmark\" class=\"td-image-wrap \" title=\"Carta al ecologismo\" ><span class=\"entry-thumb td-thumb-css\" data-type=\"css_image\" data-img-url=\"https:\/\/saltoecologico.es\/wp-content\/uploads\/2025\/04\/Fotovoltaica-20-696x464.jpg\"  ><\/span><\/a><\/div>                                                                    <\/div>\r\n                \r\n                <div class=\"td-module-meta-info\">\r\n                                        \r\n                    <h3 class=\"entry-title td-module-title\"><a href=\"https:\/\/saltoecologico.es\/index.php\/2025\/02\/22\/carta-al-ecologismo\/\"  rel=\"bookmark\" title=\"Carta al ecologismo\">Carta al ecologismo<\/a><\/h3>\r\n                    \r\n                                            <div class=\"td-editor-date\">\r\n                                                        <a href=\"https:\/\/saltoecologico.es\/index.php\/category\/general\/\" class=\"td-post-category\" >General<\/a>\r\n                                                            <span class=\"td-author-date\">\r\n                                                                        <span class=\"td-post-author-name\"><a href=\"https:\/\/saltoecologico.es\/index.php\/author\/saltoecologico\/\">admin<\/a> <span>-<\/span> <\/span>                                    <span class=\"td-post-date\"><time class=\"entry-date updated td-module-date\" datetime=\"2025-02-22T08:13:00+00:00\" >febrero 22, 2025<\/time><\/span>                                                                        <span class=\"td-module-comments\"><a href=\"https:\/\/saltoecologico.es\/index.php\/2025\/02\/22\/carta-al-ecologismo\/#respond\">0<\/a><\/span>                                <\/span>\r\n                                                    <\/div>\r\n                    \r\n                    <div class=\"td-excerpt\">\nDesde nuestra organizaci\u00f3n, no hemos sido, ni seremos, defensores de la Consejer\u00eda en muchas de sus pol\u00edticas. Estamos firmemente enfrentados al proceso de concurrencia...<\/div>\r\n                    \r\n                                        <div class=\"td-read-more\">\r\n                        <a href=\"https:\/\/saltoecologico.es\/index.php\/2025\/02\/22\/carta-al-ecologismo\/\" title=\"Leer m\u00e1s\"  >Leer m\u00e1s<\/a>\r\n                    <\/div>\r\n                                    <\/div>\r\n            <\/div>\r\n        <\/div>\r\n\r\n        \r\n        <div class=\"td_module_flex td_module_flex_1 td_module_wrap td-animation-stack td-cpt-post\">\r\n            <div class=\"td-module-container td-category-pos-\">\r\n                                    <div class=\"td-image-container\">\r\n                                                <div class=\"td-module-thumb\"><a href=\"https:\/\/saltoecologico.es\/index.php\/2025\/02\/21\/mal-calificativo\/\"  rel=\"bookmark\" class=\"td-image-wrap \" title=\"Mal calificativo\" ><span class=\"entry-thumb td-thumb-css\" data-type=\"css_image\" data-img-url=\"https:\/\/saltoecologico.es\/wp-content\/uploads\/2025\/04\/Eolico-13-696x464.jpg\"  ><\/span><\/a><\/div>                                                                    <\/div>\r\n                \r\n                <div class=\"td-module-meta-info\">\r\n                                        \r\n                    <h3 class=\"entry-title td-module-title\"><a href=\"https:\/\/saltoecologico.es\/index.php\/2025\/02\/21\/mal-calificativo\/\"  rel=\"bookmark\" title=\"Mal calificativo\">Mal calificativo<\/a><\/h3>\r\n                    \r\n                                            <div class=\"td-editor-date\">\r\n                                                        <a href=\"https:\/\/saltoecologico.es\/index.php\/category\/general\/\" class=\"td-post-category\" >General<\/a>\r\n                                                            <span class=\"td-author-date\">\r\n                                                                        <span class=\"td-post-author-name\"><a href=\"https:\/\/saltoecologico.es\/index.php\/author\/saltoecologico\/\">admin<\/a> <span>-<\/span> <\/span>                                    <span class=\"td-post-date\"><time class=\"entry-date updated td-module-date\" datetime=\"2025-02-21T08:12:00+00:00\" >febrero 21, 2025<\/time><\/span>                                                                        <span class=\"td-module-comments\"><a href=\"https:\/\/saltoecologico.es\/index.php\/2025\/02\/21\/mal-calificativo\/#respond\">0<\/a><\/span>                                <\/span>\r\n                                                    <\/div>\r\n                    \r\n                    <div class=\"td-excerpt\">\nRecientemente hemos podido leer en la prensa del archipi\u00e9lago unas declaraciones de ciertos grupos ecologistas que tachan de \u201cca\u00f3tico\u201d el despliegue de renovables en...<\/div>\r\n                    \r\n                                        <div class=\"td-read-more\">\r\n                        <a href=\"https:\/\/saltoecologico.es\/index.php\/2025\/02\/21\/mal-calificativo\/\" title=\"Leer m\u00e1s\"  >Leer m\u00e1s<\/a>\r\n                    <\/div>\r\n                                    <\/div>\r\n            <\/div>\r\n        <\/div>\r\n\r\n        \r\n        <div class=\"td_module_flex td_module_flex_1 td_module_wrap td-animation-stack td-cpt-post\">\r\n            <div class=\"td-module-container td-category-pos-\">\r\n                                    <div class=\"td-image-container\">\r\n                                                <div class=\"td-module-thumb\"><a href=\"https:\/\/saltoecologico.es\/index.php\/2025\/02\/21\/idea-ingenua\/\"  rel=\"bookmark\" class=\"td-image-wrap \" title=\"Idea ingenua\" ><span class=\"entry-thumb td-thumb-css\" data-type=\"css_image\" data-img-url=\"https:\/\/saltoecologico.es\/wp-content\/uploads\/2025\/04\/Fotovoltaica-19-696x392.jpg\"  ><\/span><\/a><\/div>                                                                    <\/div>\r\n                \r\n                <div class=\"td-module-meta-info\">\r\n                                        \r\n                    <h3 class=\"entry-title td-module-title\"><a href=\"https:\/\/saltoecologico.es\/index.php\/2025\/02\/21\/idea-ingenua\/\"  rel=\"bookmark\" title=\"Idea ingenua\">Idea ingenua<\/a><\/h3>\r\n                    \r\n                                            <div class=\"td-editor-date\">\r\n                                                        <a href=\"https:\/\/saltoecologico.es\/index.php\/category\/renovables\/r_autoconsumo\/\" class=\"td-post-category\" >R_Autoconsumo<\/a>\r\n                                                            <span class=\"td-author-date\">\r\n                                                                        <span class=\"td-post-author-name\"><a href=\"https:\/\/saltoecologico.es\/index.php\/author\/saltoecologico\/\">admin<\/a> <span>-<\/span> <\/span>                                    <span class=\"td-post-date\"><time class=\"entry-date updated td-module-date\" datetime=\"2025-02-21T08:09:00+00:00\" >febrero 21, 2025<\/time><\/span>                                                                        <span class=\"td-module-comments\"><a href=\"https:\/\/saltoecologico.es\/index.php\/2025\/02\/21\/idea-ingenua\/#respond\">0<\/a><\/span>                                <\/span>\r\n                                                    <\/div>\r\n                    \r\n                    <div class=\"td-excerpt\">\nLa idea de que Gran Canaria pueda ser abastecida exclusivamente con fotovoltaica en tejados y bater\u00edas no solo es ingenua, sino que carece por...<\/div>\r\n                    \r\n                                        <div class=\"td-read-more\">\r\n                        <a href=\"https:\/\/saltoecologico.es\/index.php\/2025\/02\/21\/idea-ingenua\/\" title=\"Leer m\u00e1s\"  >Leer m\u00e1s<\/a>\r\n                    <\/div>\r\n                                    <\/div>\r\n            <\/div>\r\n        <\/div>\r\n\r\n        \r\n        <div class=\"td_module_flex td_module_flex_1 td_module_wrap td-animation-stack td-cpt-post\">\r\n            <div class=\"td-module-container td-category-pos-\">\r\n                                    <div class=\"td-image-container\">\r\n                                                <div class=\"td-module-thumb\"><a href=\"https:\/\/saltoecologico.es\/index.php\/2025\/02\/21\/perspectiva-erronea\/\"  rel=\"bookmark\" class=\"td-image-wrap \" title=\"Perspectiva err\u00f3nea\" ><span class=\"entry-thumb td-thumb-css\" data-type=\"css_image\" data-img-url=\"https:\/\/saltoecologico.es\/wp-content\/uploads\/2025\/04\/Eolico-12-696x464.jpg\"  ><\/span><\/a><\/div>                                                                    <\/div>\r\n                \r\n                <div class=\"td-module-meta-info\">\r\n                                        \r\n                    <h3 class=\"entry-title td-module-title\"><a href=\"https:\/\/saltoecologico.es\/index.php\/2025\/02\/21\/perspectiva-erronea\/\"  rel=\"bookmark\" title=\"Perspectiva err\u00f3nea\">Perspectiva err\u00f3nea<\/a><\/h3>\r\n                    \r\n                                            <div class=\"td-editor-date\">\r\n                                                        <a href=\"https:\/\/saltoecologico.es\/index.php\/category\/transicion\/t_varios\/\" class=\"td-post-category\" >T_Varios<\/a>\r\n                                                            <span class=\"td-author-date\">\r\n                                                                        <span class=\"td-post-author-name\"><a href=\"https:\/\/saltoecologico.es\/index.php\/author\/saltoecologico\/\">admin<\/a> <span>-<\/span> <\/span>                                    <span class=\"td-post-date\"><time class=\"entry-date updated td-module-date\" datetime=\"2025-02-21T08:07:00+00:00\" >febrero 21, 2025<\/time><\/span>                                                                        <span class=\"td-module-comments\"><a href=\"https:\/\/saltoecologico.es\/index.php\/2025\/02\/21\/perspectiva-erronea\/#respond\">0<\/a><\/span>                                <\/span>\r\n                                                    <\/div>\r\n                    \r\n                    <div class=\"td-excerpt\">\nLos colectivos ecologistas que se oponen sistem\u00e1ticamente a la instalaci\u00f3n de proyectos e\u00f3licos y fotovoltaicos en suelo bajo la premisa de que toda la...<\/div>\r\n                    \r\n                                        <div class=\"td-read-more\">\r\n                        <a href=\"https:\/\/saltoecologico.es\/index.php\/2025\/02\/21\/perspectiva-erronea\/\" title=\"Leer m\u00e1s\"  >Leer m\u00e1s<\/a>\r\n                    <\/div>\r\n                                    <\/div>\r\n            <\/div>\r\n        <\/div>\r\n\r\n        \r\n        <div class=\"td_module_flex td_module_flex_1 td_module_wrap td-animation-stack td-cpt-post\">\r\n            <div class=\"td-module-container td-category-pos-\">\r\n                                    <div class=\"td-image-container\">\r\n                                                <div class=\"td-module-thumb\"><a href=\"https:\/\/saltoecologico.es\/index.php\/2025\/02\/19\/isla-samso\/\"  rel=\"bookmark\" class=\"td-image-wrap \" title=\"Isla Samso\" ><span class=\"entry-thumb td-thumb-css\" data-type=\"css_image\" data-img-url=\"https:\/\/saltoecologico.es\/wp-content\/uploads\/2025\/04\/Eolico-11-2-696x464.jpg\"  ><\/span><\/a><\/div>                                                                    <\/div>\r\n                \r\n                <div class=\"td-module-meta-info\">\r\n                                        \r\n                    <h3 class=\"entry-title td-module-title\"><a href=\"https:\/\/saltoecologico.es\/index.php\/2025\/02\/19\/isla-samso\/\"  rel=\"bookmark\" title=\"Isla Samso\">Isla Samso<\/a><\/h3>\r\n                    \r\n                                            <div class=\"td-editor-date\">\r\n                                                        <a href=\"https:\/\/saltoecologico.es\/index.php\/category\/transicion\/t_varios\/\" class=\"td-post-category\" >T_Varios<\/a>\r\n                                                            <span class=\"td-author-date\">\r\n                                                                        <span class=\"td-post-author-name\"><a href=\"https:\/\/saltoecologico.es\/index.php\/author\/saltoecologico\/\">admin<\/a> <span>-<\/span> <\/span>                                    <span class=\"td-post-date\"><time class=\"entry-date updated td-module-date\" datetime=\"2025-02-19T08:05:00+00:00\" >febrero 19, 2025<\/time><\/span>                                                                        <span class=\"td-module-comments\"><a href=\"https:\/\/saltoecologico.es\/index.php\/2025\/02\/19\/isla-samso\/#respond\">0<\/a><\/span>                                <\/span>\r\n                                                    <\/div>\r\n                    \r\n                    <div class=\"td-excerpt\">\nRecientemente hemos sido conocedores de que representantes del Cabildo, La Palma Renovable y Energ\u00eda Bonita han viajado para conocer la experiencia de la isla...<\/div>\r\n                    \r\n                                        <div class=\"td-read-more\">\r\n                        <a href=\"https:\/\/saltoecologico.es\/index.php\/2025\/02\/19\/isla-samso\/\" title=\"Leer m\u00e1s\"  >Leer m\u00e1s<\/a>\r\n                    <\/div>\r\n                                    <\/div>\r\n            <\/div>\r\n        <\/div>\r\n\r\n        \r\n        <div class=\"td_module_flex td_module_flex_1 td_module_wrap td-animation-stack td-cpt-post\">\r\n            <div class=\"td-module-container td-category-pos-\">\r\n                                    <div class=\"td-image-container\">\r\n                                                <div class=\"td-module-thumb\"><a href=\"https:\/\/saltoecologico.es\/index.php\/2025\/01\/26\/la-coherencia-personificada\/\"  rel=\"bookmark\" class=\"td-image-wrap \" title=\"La coherencia personificada\" ><span class=\"entry-thumb td-thumb-css\" data-type=\"css_image\" data-img-url=\"https:\/\/saltoecologico.es\/wp-content\/uploads\/2025\/04\/Eolico-10-1-696x464.jpg\"  ><\/span><\/a><\/div>                                                                    <\/div>\r\n                \r\n                <div class=\"td-module-meta-info\">\r\n                                        \r\n                    <h3 class=\"entry-title td-module-title\"><a href=\"https:\/\/saltoecologico.es\/index.php\/2025\/01\/26\/la-coherencia-personificada\/\"  rel=\"bookmark\" title=\"La coherencia personificada\">La coherencia personificada<\/a><\/h3>\r\n                    \r\n                                            <div class=\"td-editor-date\">\r\n                                                        <a href=\"https:\/\/saltoecologico.es\/index.php\/category\/general\/\" class=\"td-post-category\" >General<\/a>\r\n                                                            <span class=\"td-author-date\">\r\n                                                                        <span class=\"td-post-author-name\"><a href=\"https:\/\/saltoecologico.es\/index.php\/author\/saltoecologico\/\">admin<\/a> <span>-<\/span> <\/span>                                    <span class=\"td-post-date\"><time class=\"entry-date updated td-module-date\" datetime=\"2025-01-26T08:03:00+00:00\" >enero 26, 2025<\/time><\/span>                                                                        <span class=\"td-module-comments\"><a href=\"https:\/\/saltoecologico.es\/index.php\/2025\/01\/26\/la-coherencia-personificada\/#respond\">0<\/a><\/span>                                <\/span>\r\n                                                    <\/div>\r\n                    \r\n                    <div class=\"td-excerpt\">\nDesde este grupo sabes perfectamente reconocer las bondades cuando se muestran de una manera clara y rotunda y es lo que vamos a hacer...<\/div>\r\n                    \r\n                                        <div class=\"td-read-more\">\r\n                        <a href=\"https:\/\/saltoecologico.es\/index.php\/2025\/01\/26\/la-coherencia-personificada\/\" title=\"Leer m\u00e1s\"  >Leer m\u00e1s<\/a>\r\n                    <\/div>\r\n                                    <\/div>\r\n            <\/div>\r\n        <\/div>\r\n\r\n        \r\n        <div class=\"td_module_flex td_module_flex_1 td_module_wrap td-animation-stack td-cpt-post\">\r\n            <div class=\"td-module-container td-category-pos-\">\r\n                                    <div class=\"td-image-container\">\r\n                                                <div class=\"td-module-thumb\"><a href=\"https:\/\/saltoecologico.es\/index.php\/2025\/01\/19\/el-lado-oscuro\/\"  rel=\"bookmark\" class=\"td-image-wrap \" title=\"El lado oscuro\" ><span class=\"entry-thumb td-thumb-css\" data-type=\"css_image\" data-img-url=\"https:\/\/saltoecologico.es\/wp-content\/uploads\/2025\/04\/GNL17-696x391.jpg\"  ><\/span><\/a><\/div>                                                                    <\/div>\r\n                \r\n                <div class=\"td-module-meta-info\">\r\n                                        \r\n                    <h3 class=\"entry-title td-module-title\"><a href=\"https:\/\/saltoecologico.es\/index.php\/2025\/01\/19\/el-lado-oscuro\/\"  rel=\"bookmark\" title=\"El lado oscuro\">El lado oscuro<\/a><\/h3>\r\n                    \r\n                                            <div class=\"td-editor-date\">\r\n                                                        <a href=\"https:\/\/saltoecologico.es\/index.php\/category\/gnl\/g_varios\/\" class=\"td-post-category\" >G_Varios<\/a>\r\n                                                            <span class=\"td-author-date\">\r\n                                                                        <span class=\"td-post-author-name\"><a href=\"https:\/\/saltoecologico.es\/index.php\/author\/saltoecologico\/\">admin<\/a> <span>-<\/span> <\/span>                                    <span class=\"td-post-date\"><time class=\"entry-date updated td-module-date\" datetime=\"2025-01-19T08:00:00+00:00\" >enero 19, 2025<\/time><\/span>                                                                        <span class=\"td-module-comments\"><a href=\"https:\/\/saltoecologico.es\/index.php\/2025\/01\/19\/el-lado-oscuro\/#respond\">0<\/a><\/span>                                <\/span>\r\n                                                    <\/div>\r\n                    \r\n                    <div class=\"td-excerpt\">\nEn la lucha contra el cambio clim\u00e1tico, el gas natural se ha presentado como una alternativa &quot;m\u00e1s limpia&quot; a otros combustibles f\u00f3siles. Sin embargo,...<\/div>\r\n                    \r\n                                        <div class=\"td-read-more\">\r\n                        <a href=\"https:\/\/saltoecologico.es\/index.php\/2025\/01\/19\/el-lado-oscuro\/\" title=\"Leer m\u00e1s\"  >Leer m\u00e1s<\/a>\r\n                    <\/div>\r\n                                    <\/div>\r\n            <\/div>\r\n        <\/div>\r\n\r\n        \r\n        <div class=\"td_module_flex td_module_flex_1 td_module_wrap td-animation-stack td-cpt-post\">\r\n            <div class=\"td-module-container td-category-pos-\">\r\n                                    <div class=\"td-image-container\">\r\n                                                <div class=\"td-module-thumb\"><a href=\"https:\/\/saltoecologico.es\/index.php\/2025\/01\/12\/iniciativa-acertada\/\"  rel=\"bookmark\" class=\"td-image-wrap \" title=\"Iniciativa acertada\" ><span class=\"entry-thumb td-thumb-css\" data-type=\"css_image\" data-img-url=\"https:\/\/saltoecologico.es\/wp-content\/uploads\/2025\/04\/Fotovoltaica-18-696x464.jpg\"  ><\/span><\/a><\/div>                                                                    <\/div>\r\n                \r\n                <div class=\"td-module-meta-info\">\r\n                                        \r\n                    <h3 class=\"entry-title td-module-title\"><a href=\"https:\/\/saltoecologico.es\/index.php\/2025\/01\/12\/iniciativa-acertada\/\"  rel=\"bookmark\" title=\"Iniciativa acertada\">Iniciativa acertada<\/a><\/h3>\r\n                    \r\n                                            <div class=\"td-editor-date\">\r\n                                                        <a href=\"https:\/\/saltoecologico.es\/index.php\/category\/general\/\" class=\"td-post-category\" >General<\/a>\r\n                                                            <span class=\"td-author-date\">\r\n                                                                        <span class=\"td-post-author-name\"><a href=\"https:\/\/saltoecologico.es\/index.php\/author\/saltoecologico\/\">admin<\/a> <span>-<\/span> <\/span>                                    <span class=\"td-post-date\"><time class=\"entry-date updated td-module-date\" datetime=\"2025-01-12T07:58:00+00:00\" >enero 12, 2025<\/time><\/span>                                                                        <span class=\"td-module-comments\"><a href=\"https:\/\/saltoecologico.es\/index.php\/2025\/01\/12\/iniciativa-acertada\/#respond\">0<\/a><\/span>                                <\/span>\r\n                                                    <\/div>\r\n                    \r\n                    <div class=\"td-excerpt\">\nCiertos grupos ecologistas, con una visi\u00f3n retardista de la implantaci\u00f3n de renovables para luchar contra el cambio clim\u00e1tico antropog\u00e9nico, basan su discurso en el...<\/div>\r\n                    \r\n                                        <div class=\"td-read-more\">\r\n                        <a href=\"https:\/\/saltoecologico.es\/index.php\/2025\/01\/12\/iniciativa-acertada\/\" title=\"Leer m\u00e1s\"  >Leer m\u00e1s<\/a>\r\n                    <\/div>\r\n                                    <\/div>\r\n            <\/div>\r\n        <\/div>\r\n\r\n        \r\n        <div class=\"td_module_flex td_module_flex_1 td_module_wrap td-animation-stack td-cpt-post\">\r\n            <div class=\"td-module-container td-category-pos-\">\r\n                                    <div class=\"td-image-container\">\r\n                                                <div class=\"td-module-thumb\"><a href=\"https:\/\/saltoecologico.es\/index.php\/2025\/01\/08\/totisa-no\/\"  rel=\"bookmark\" class=\"td-image-wrap \" title=\"Totisa no\" ><span class=\"entry-thumb td-thumb-css\" data-type=\"css_image\" data-img-url=\"https:\/\/saltoecologico.es\/wp-content\/uploads\/2025\/04\/GNL16-696x391.jpg\"  ><\/span><\/a><\/div>                                                                    <\/div>\r\n                \r\n                <div class=\"td-module-meta-info\">\r\n                                        \r\n                    <h3 class=\"entry-title td-module-title\"><a href=\"https:\/\/saltoecologico.es\/index.php\/2025\/01\/08\/totisa-no\/\"  rel=\"bookmark\" title=\"Totisa no\">Totisa no<\/a><\/h3>\r\n                    \r\n                                            <div class=\"td-editor-date\">\r\n                                                        <a href=\"https:\/\/saltoecologico.es\/index.php\/category\/gnl\/g_totisa\/\" class=\"td-post-category\" >G_Totisa<\/a>\r\n                                                            <span class=\"td-author-date\">\r\n                                                                        <span class=\"td-post-author-name\"><a href=\"https:\/\/saltoecologico.es\/index.php\/author\/saltoecologico\/\">admin<\/a> <span>-<\/span> <\/span>                                    <span class=\"td-post-date\"><time class=\"entry-date updated td-module-date\" datetime=\"2025-01-08T07:56:00+00:00\" >enero 8, 2025<\/time><\/span>                                                                        <span class=\"td-module-comments\"><a href=\"https:\/\/saltoecologico.es\/index.php\/2025\/01\/08\/totisa-no\/#respond\">0<\/a><\/span>                                <\/span>\r\n                                                    <\/div>\r\n                    \r\n                    <div class=\"td-excerpt\">\nTodo parece indicar que el proyecto de Totisa en el muelle de La Luz ha tropezado con un escollo bastante importante y es el...<\/div>\r\n                    \r\n                                        <div class=\"td-read-more\">\r\n                        <a href=\"https:\/\/saltoecologico.es\/index.php\/2025\/01\/08\/totisa-no\/\" title=\"Leer m\u00e1s\"  >Leer m\u00e1s<\/a>\r\n                    <\/div>\r\n                                    <\/div>\r\n            <\/div>\r\n        <\/div>\r\n\r\n        \r\n        <div class=\"td_module_flex td_module_flex_1 td_module_wrap td-animation-stack td-cpt-post\">\r\n            <div class=\"td-module-container td-category-pos-\">\r\n                                    <div class=\"td-image-container\">\r\n                                                <div class=\"td-module-thumb\"><a href=\"https:\/\/saltoecologico.es\/index.php\/2024\/12\/25\/negacionistas-climaticos\/\"  rel=\"bookmark\" class=\"td-image-wrap \" title=\"Negacionistas clim\u00e1ticos\" ><span class=\"entry-thumb td-thumb-css\" data-type=\"css_image\" data-img-url=\"https:\/\/saltoecologico.es\/wp-content\/uploads\/2025\/04\/Fosiles41-696x464.jpg\"  ><\/span><\/a><\/div>                                                                    <\/div>\r\n                \r\n                <div class=\"td-module-meta-info\">\r\n                                        \r\n                    <h3 class=\"entry-title td-module-title\"><a href=\"https:\/\/saltoecologico.es\/index.php\/2024\/12\/25\/negacionistas-climaticos\/\"  rel=\"bookmark\" title=\"Negacionistas clim\u00e1ticos\">Negacionistas clim\u00e1ticos<\/a><\/h3>\r\n                    \r\n                                            <div class=\"td-editor-date\">\r\n                                                        <a href=\"https:\/\/saltoecologico.es\/index.php\/category\/concurrencia-competitiva\/\" class=\"td-post-category\" >Concurrencia competitiva<\/a>\r\n                                                            <span class=\"td-author-date\">\r\n                                                                        <span class=\"td-post-author-name\"><a href=\"https:\/\/saltoecologico.es\/index.php\/author\/saltoecologico\/\">admin<\/a> <span>-<\/span> <\/span>                                    <span class=\"td-post-date\"><time class=\"entry-date updated td-module-date\" datetime=\"2024-12-25T17:49:00+00:00\" >diciembre 25, 2024<\/time><\/span>                                                                        <span class=\"td-module-comments\"><a href=\"https:\/\/saltoecologico.es\/index.php\/2024\/12\/25\/negacionistas-climaticos\/#respond\">0<\/a><\/span>                                <\/span>\r\n                                                    <\/div>\r\n                    \r\n                    <div class=\"td-excerpt\">\nRecientemente hemos conocido dos hechos que desmantelan completamente el relato de las administraciones canarias, en el sentido de que est\u00e1n haciendo una apuesta clara...<\/div>\r\n                    \r\n                                        <div class=\"td-read-more\">\r\n                        <a href=\"https:\/\/saltoecologico.es\/index.php\/2024\/12\/25\/negacionistas-climaticos\/\" title=\"Leer m\u00e1s\"  >Leer m\u00e1s<\/a>\r\n                    <\/div>\r\n                                    <\/div>\r\n            <\/div>\r\n        <\/div>\r\n\r\n        \r\n        <div class=\"td_module_flex td_module_flex_1 td_module_wrap td-animation-stack td-cpt-post\">\r\n            <div class=\"td-module-container td-category-pos-\">\r\n                                    <div class=\"td-image-container\">\r\n                                                <div class=\"td-module-thumb\"><a href=\"https:\/\/saltoecologico.es\/index.php\/2024\/12\/24\/feliz-navidad\/\"  rel=\"bookmark\" class=\"td-image-wrap \" title=\"Feliz Navidad\" ><span class=\"entry-thumb td-thumb-css\" data-type=\"css_image\" data-img-url=\"https:\/\/saltoecologico.es\/wp-content\/uploads\/2025\/04\/Fotovoltaica-17-696x463.jpg\"  ><\/span><\/a><\/div>                                                                    <\/div>\r\n                \r\n                <div class=\"td-module-meta-info\">\r\n                                        \r\n                    <h3 class=\"entry-title td-module-title\"><a href=\"https:\/\/saltoecologico.es\/index.php\/2024\/12\/24\/feliz-navidad\/\"  rel=\"bookmark\" title=\"Feliz Navidad\">Feliz Navidad<\/a><\/h3>\r\n                    \r\n                                            <div class=\"td-editor-date\">\r\n                                                        <a href=\"https:\/\/saltoecologico.es\/index.php\/category\/general\/\" class=\"td-post-category\" >General<\/a>\r\n                                                            <span class=\"td-author-date\">\r\n                                                                        <span class=\"td-post-author-name\"><a href=\"https:\/\/saltoecologico.es\/index.php\/author\/saltoecologico\/\">admin<\/a> <span>-<\/span> <\/span>                                    <span class=\"td-post-date\"><time class=\"entry-date updated td-module-date\" datetime=\"2024-12-24T17:46:00+00:00\" >diciembre 24, 2024<\/time><\/span>                                                                        <span class=\"td-module-comments\"><a href=\"https:\/\/saltoecologico.es\/index.php\/2024\/12\/24\/feliz-navidad\/#respond\">0<\/a><\/span>                                <\/span>\r\n                                                    <\/div>\r\n                    \r\n                    <div class=\"td-excerpt\">\nSe sea creyente o no, todos los que hemos nacido y hemos sido criados en una sociedad donde el cristianismo tiene profundo arraigo, cuando...<\/div>\r\n                    \r\n                                        <div class=\"td-read-more\">\r\n                        <a href=\"https:\/\/saltoecologico.es\/index.php\/2024\/12\/24\/feliz-navidad\/\" title=\"Leer m\u00e1s\"  >Leer m\u00e1s<\/a>\r\n                    <\/div>\r\n                                    <\/div>\r\n            <\/div>\r\n        <\/div>\r\n\r\n        \r\n        <div class=\"td_module_flex td_module_flex_1 td_module_wrap td-animation-stack td-cpt-post\">\r\n            <div class=\"td-module-container td-category-pos-\">\r\n                                    <div class=\"td-image-container\">\r\n                                                <div class=\"td-module-thumb\"><a href=\"https:\/\/saltoecologico.es\/index.php\/2024\/12\/22\/la-agenda-del-cabildo\/\"  rel=\"bookmark\" class=\"td-image-wrap \" title=\"La Agenda del Cabildo\" ><span class=\"entry-thumb td-thumb-css\" data-type=\"css_image\" data-img-url=\"https:\/\/saltoecologico.es\/wp-content\/uploads\/2025\/04\/Fotovoltaica-16-696x464.jpg\"  ><\/span><\/a><\/div>                                                                    <\/div>\r\n                \r\n                <div class=\"td-module-meta-info\">\r\n                                        \r\n                    <h3 class=\"entry-title td-module-title\"><a href=\"https:\/\/saltoecologico.es\/index.php\/2024\/12\/22\/la-agenda-del-cabildo\/\"  rel=\"bookmark\" title=\"La Agenda del Cabildo\">La Agenda del Cabildo<\/a><\/h3>\r\n                    \r\n                                            <div class=\"td-editor-date\">\r\n                                                        <a href=\"https:\/\/saltoecologico.es\/index.php\/category\/transicion\/t_varios\/\" class=\"td-post-category\" >T_Varios<\/a>\r\n                                                            <span class=\"td-author-date\">\r\n                                                                        <span class=\"td-post-author-name\"><a href=\"https:\/\/saltoecologico.es\/index.php\/author\/saltoecologico\/\">admin<\/a> <span>-<\/span> <\/span>                                    <span class=\"td-post-date\"><time class=\"entry-date updated td-module-date\" datetime=\"2024-12-22T17:43:00+00:00\" >diciembre 22, 2024<\/time><\/span>                                                                        <span class=\"td-module-comments\"><a href=\"https:\/\/saltoecologico.es\/index.php\/2024\/12\/22\/la-agenda-del-cabildo\/#respond\">0<\/a><\/span>                                <\/span>\r\n                                                    <\/div>\r\n                    \r\n                    <div class=\"td-excerpt\">\nEl pasado 16 de diciembre, esta casa public\u00f3, que el Consejo de Gobierno del Cabildo de Gran Canaria hab\u00eda aprobado la denominada Agenda de...<\/div>\r\n                    \r\n                                        <div class=\"td-read-more\">\r\n                        <a href=\"https:\/\/saltoecologico.es\/index.php\/2024\/12\/22\/la-agenda-del-cabildo\/\" title=\"Leer m\u00e1s\"  >Leer m\u00e1s<\/a>\r\n                    <\/div>\r\n                                    <\/div>\r\n            <\/div>\r\n        <\/div>\r\n\r\n        \r\n        <div class=\"td_module_flex td_module_flex_1 td_module_wrap td-animation-stack td-cpt-post\">\r\n            <div class=\"td-module-container td-category-pos-\">\r\n                                    <div class=\"td-image-container\">\r\n                                                <div class=\"td-module-thumb\"><a href=\"https:\/\/saltoecologico.es\/index.php\/2024\/12\/06\/aprovechando-la-coyuntura\/\"  rel=\"bookmark\" class=\"td-image-wrap \" title=\"Aprovechando la coyuntura\" ><span class=\"entry-thumb td-thumb-css\" data-type=\"css_image\" data-img-url=\"https:\/\/saltoecologico.es\/wp-content\/uploads\/2025\/04\/Fosiles39-696x465.jpg\"  ><\/span><\/a><\/div>                                                                    <\/div>\r\n                \r\n                <div class=\"td-module-meta-info\">\r\n                                        \r\n                    <h3 class=\"entry-title td-module-title\"><a href=\"https:\/\/saltoecologico.es\/index.php\/2024\/12\/06\/aprovechando-la-coyuntura\/\"  rel=\"bookmark\" title=\"Aprovechando la coyuntura\">Aprovechando la coyuntura<\/a><\/h3>\r\n                    \r\n                                            <div class=\"td-editor-date\">\r\n                                                        <a href=\"https:\/\/saltoecologico.es\/index.php\/category\/general\/\" class=\"td-post-category\" >General<\/a>\r\n                                                            <span class=\"td-author-date\">\r\n                                                                        <span class=\"td-post-author-name\"><a href=\"https:\/\/saltoecologico.es\/index.php\/author\/saltoecologico\/\">admin<\/a> <span>-<\/span> <\/span>                                    <span class=\"td-post-date\"><time class=\"entry-date updated td-module-date\" datetime=\"2024-12-06T17:40:00+00:00\" >diciembre 6, 2024<\/time><\/span>                                                                        <span class=\"td-module-comments\"><a href=\"https:\/\/saltoecologico.es\/index.php\/2024\/12\/06\/aprovechando-la-coyuntura\/#respond\">0<\/a><\/span>                                <\/span>\r\n                                                    <\/div>\r\n                    \r\n                    <div class=\"td-excerpt\">\nTodas las l\u00edneas argumentales, sobre todo sin son falaces, va sufriendo modificaciones para adaptarse al hecho cierto que intentan contraponer, a medida, como no...<\/div>\r\n                    \r\n                                        <div class=\"td-read-more\">\r\n                        <a href=\"https:\/\/saltoecologico.es\/index.php\/2024\/12\/06\/aprovechando-la-coyuntura\/\" title=\"Leer m\u00e1s\"  >Leer m\u00e1s<\/a>\r\n                    <\/div>\r\n                                    <\/div>\r\n            <\/div>\r\n        <\/div>\r\n\r\n        \r\n        <div class=\"td_module_flex td_module_flex_1 td_module_wrap td-animation-stack td-cpt-post\">\r\n            <div class=\"td-module-container td-category-pos-\">\r\n                                    <div class=\"td-image-container\">\r\n                                                <div class=\"td-module-thumb\"><a href=\"https:\/\/saltoecologico.es\/index.php\/2024\/12\/06\/el-relato\/\"  rel=\"bookmark\" class=\"td-image-wrap \" title=\"El relato\" ><span class=\"entry-thumb td-thumb-css\" data-type=\"css_image\" data-img-url=\"https:\/\/saltoecologico.es\/wp-content\/uploads\/2025\/04\/Fosiles38-696x464.jpg\"  ><\/span><\/a><\/div>                                                                    <\/div>\r\n                \r\n                <div class=\"td-module-meta-info\">\r\n                                        \r\n                    <h3 class=\"entry-title td-module-title\"><a href=\"https:\/\/saltoecologico.es\/index.php\/2024\/12\/06\/el-relato\/\"  rel=\"bookmark\" title=\"El relato\">El relato<\/a><\/h3>\r\n                    \r\n                                            <div class=\"td-editor-date\">\r\n                                                        <a href=\"https:\/\/saltoecologico.es\/index.php\/category\/general\/\" class=\"td-post-category\" >General<\/a>\r\n                                                            <span class=\"td-author-date\">\r\n                                                                        <span class=\"td-post-author-name\"><a href=\"https:\/\/saltoecologico.es\/index.php\/author\/saltoecologico\/\">admin<\/a> <span>-<\/span> <\/span>                                    <span class=\"td-post-date\"><time class=\"entry-date updated td-module-date\" datetime=\"2024-12-06T17:38:00+00:00\" >diciembre 6, 2024<\/time><\/span>                                                                        <span class=\"td-module-comments\"><a href=\"https:\/\/saltoecologico.es\/index.php\/2024\/12\/06\/el-relato\/#respond\">0<\/a><\/span>                                <\/span>\r\n                                                    <\/div>\r\n                    \r\n                    <div class=\"td-excerpt\">\nHay ocasiones en las que el paso del tiempo va colocando a los relatos interesados en el lugar justo que le corresponde, dado que...<\/div>\r\n                    \r\n                                        <div class=\"td-read-more\">\r\n                        <a href=\"https:\/\/saltoecologico.es\/index.php\/2024\/12\/06\/el-relato\/\" title=\"Leer m\u00e1s\"  >Leer m\u00e1s<\/a>\r\n                    <\/div>\r\n                                    <\/div>\r\n            <\/div>\r\n        <\/div>\r\n\r\n        \r\n        <div class=\"td_module_flex td_module_flex_1 td_module_wrap td-animation-stack td-cpt-post\">\r\n            <div class=\"td-module-container td-category-pos-\">\r\n                                    <div class=\"td-image-container\">\r\n                                                <div class=\"td-module-thumb\"><a href=\"https:\/\/saltoecologico.es\/index.php\/2024\/11\/29\/presidenta-preocupada\/\"  rel=\"bookmark\" class=\"td-image-wrap \" title=\"Presidenta preocupada\" ><span class=\"entry-thumb td-thumb-css\" data-type=\"css_image\" data-img-url=\"https:\/\/saltoecologico.es\/wp-content\/uploads\/2025\/04\/Fosiles37c-696x464.jpg\"  ><\/span><\/a><\/div>                                                                    <\/div>\r\n                \r\n                <div class=\"td-module-meta-info\">\r\n                                        \r\n                    <h3 class=\"entry-title td-module-title\"><a href=\"https:\/\/saltoecologico.es\/index.php\/2024\/11\/29\/presidenta-preocupada\/\"  rel=\"bookmark\" title=\"Presidenta preocupada\">Presidenta preocupada<\/a><\/h3>\r\n                    \r\n                                            <div class=\"td-editor-date\">\r\n                                                        <a href=\"https:\/\/saltoecologico.es\/index.php\/category\/fosiles\/\" class=\"td-post-category\" >F\u00f3siles<\/a>\r\n                                                            <span class=\"td-author-date\">\r\n                                                                        <span class=\"td-post-author-name\"><a href=\"https:\/\/saltoecologico.es\/index.php\/author\/saltoecologico\/\">admin<\/a> <span>-<\/span> <\/span>                                    <span class=\"td-post-date\"><time class=\"entry-date updated td-module-date\" datetime=\"2024-11-29T17:35:00+00:00\" >noviembre 29, 2024<\/time><\/span>                                                                        <span class=\"td-module-comments\"><a href=\"https:\/\/saltoecologico.es\/index.php\/2024\/11\/29\/presidenta-preocupada\/#respond\">0<\/a><\/span>                                <\/span>\r\n                                                    <\/div>\r\n                    \r\n                    <div class=\"td-excerpt\">\nNo nos cabe la menor duda que la preocupaci\u00f3n que manifiesta Do\u00f1a Lola Garc\u00eda, presidenta del Cabildo de Fuerteventura, por la situaci\u00f3n de los...<\/div>\r\n                    \r\n                                        <div class=\"td-read-more\">\r\n                        <a href=\"https:\/\/saltoecologico.es\/index.php\/2024\/11\/29\/presidenta-preocupada\/\" title=\"Leer m\u00e1s\"  >Leer m\u00e1s<\/a>\r\n                    <\/div>\r\n                                    <\/div>\r\n            <\/div>\r\n        <\/div>\r\n\r\n        \r\n        <div class=\"td_module_flex td_module_flex_1 td_module_wrap td-animation-stack td-cpt-post\">\r\n            <div class=\"td-module-container td-category-pos-\">\r\n                                    <div class=\"td-image-container\">\r\n                                                <div class=\"td-module-thumb\"><a href=\"https:\/\/saltoecologico.es\/index.php\/2024\/11\/18\/poco-afortunadas\/\"  rel=\"bookmark\" class=\"td-image-wrap \" title=\"Poco afortunadas\" ><span class=\"entry-thumb td-thumb-css\" data-type=\"css_image\" data-img-url=\"https:\/\/saltoecologico.es\/wp-content\/uploads\/2025\/04\/Fosiles36-696x463.jpg\"  ><\/span><\/a><\/div>                                                                    <\/div>\r\n                \r\n                <div class=\"td-module-meta-info\">\r\n                                        \r\n                    <h3 class=\"entry-title td-module-title\"><a href=\"https:\/\/saltoecologico.es\/index.php\/2024\/11\/18\/poco-afortunadas\/\"  rel=\"bookmark\" title=\"Poco afortunadas\">Poco afortunadas<\/a><\/h3>\r\n                    \r\n                                            <div class=\"td-editor-date\">\r\n                                                        <a href=\"https:\/\/saltoecologico.es\/index.php\/category\/fosiles\/\" class=\"td-post-category\" >F\u00f3siles<\/a>\r\n                                                            <span class=\"td-author-date\">\r\n                                                                        <span class=\"td-post-author-name\"><a href=\"https:\/\/saltoecologico.es\/index.php\/author\/saltoecologico\/\">admin<\/a> <span>-<\/span> <\/span>                                    <span class=\"td-post-date\"><time class=\"entry-date updated td-module-date\" datetime=\"2024-11-18T17:34:00+00:00\" >noviembre 18, 2024<\/time><\/span>                                                                        <span class=\"td-module-comments\"><a href=\"https:\/\/saltoecologico.es\/index.php\/2024\/11\/18\/poco-afortunadas\/#respond\">0<\/a><\/span>                                <\/span>\r\n                                                    <\/div>\r\n                    \r\n                    <div class=\"td-excerpt\">\nPodr\u00edamos recurrir al viejo eslogan de decir que cada vez que el se\u00f1or Zapata hace declaraciones \u201csube el pan\u201d. Efectivamente, Don Mariano Zapato, Consejero...<\/div>\r\n                    \r\n                                        <div class=\"td-read-more\">\r\n                        <a href=\"https:\/\/saltoecologico.es\/index.php\/2024\/11\/18\/poco-afortunadas\/\" title=\"Leer m\u00e1s\"  >Leer m\u00e1s<\/a>\r\n                    <\/div>\r\n                                    <\/div>\r\n            <\/div>\r\n        <\/div>\r\n\r\n        \r\n        <div class=\"td_module_flex td_module_flex_1 td_module_wrap td-animation-stack td-cpt-post\">\r\n            <div class=\"td-module-container td-category-pos-\">\r\n                                    <div class=\"td-image-container\">\r\n                                                <div class=\"td-module-thumb\"><a href=\"https:\/\/saltoecologico.es\/index.php\/2024\/11\/14\/necesaria-actualizacion\/\"  rel=\"bookmark\" class=\"td-image-wrap \" title=\"Necesaria actualizaci\u00f3n\" ><span class=\"entry-thumb td-thumb-css\" data-type=\"css_image\" data-img-url=\"https:\/\/saltoecologico.es\/wp-content\/uploads\/2025\/04\/Fotovoltaica-15-696x435.jpg\"  ><\/span><\/a><\/div>                                                                    <\/div>\r\n                \r\n                <div class=\"td-module-meta-info\">\r\n                                        \r\n                    <h3 class=\"entry-title td-module-title\"><a href=\"https:\/\/saltoecologico.es\/index.php\/2024\/11\/14\/necesaria-actualizacion\/\"  rel=\"bookmark\" title=\"Necesaria actualizaci\u00f3n\">Necesaria actualizaci\u00f3n<\/a><\/h3>\r\n                    \r\n                                            <div class=\"td-editor-date\">\r\n                                                        <a href=\"https:\/\/saltoecologico.es\/index.php\/category\/renovables\/r_autoconsumo\/\" class=\"td-post-category\" >R_Autoconsumo<\/a>\r\n                                                            <span class=\"td-author-date\">\r\n                                                                        <span class=\"td-post-author-name\"><a href=\"https:\/\/saltoecologico.es\/index.php\/author\/saltoecologico\/\">admin<\/a> <span>-<\/span> <\/span>                                    <span class=\"td-post-date\"><time class=\"entry-date updated td-module-date\" datetime=\"2024-11-14T17:31:00+00:00\" >noviembre 14, 2024<\/time><\/span>                                                                        <span class=\"td-module-comments\"><a href=\"https:\/\/saltoecologico.es\/index.php\/2024\/11\/14\/necesaria-actualizacion\/#respond\">0<\/a><\/span>                                <\/span>\r\n                                                    <\/div>\r\n                    \r\n                    <div class=\"td-excerpt\">\nDesde el 9 al 23 de octubre se llev\u00f3 a cabo por parte del Ministerio para la Transici\u00f3n Ecol\u00f3gica y el Reto Demogr\u00e1fico, la...<\/div>\r\n                    \r\n                                        <div class=\"td-read-more\">\r\n                        <a href=\"https:\/\/saltoecologico.es\/index.php\/2024\/11\/14\/necesaria-actualizacion\/\" title=\"Leer m\u00e1s\"  >Leer m\u00e1s<\/a>\r\n                    <\/div>\r\n                                    <\/div>\r\n            <\/div>\r\n        <\/div>\r\n\r\n        \r\n        <div class=\"td_module_flex td_module_flex_1 td_module_wrap td-animation-stack td-cpt-post\">\r\n            <div class=\"td-module-container td-category-pos-\">\r\n                                    <div class=\"td-image-container\">\r\n                                                <div class=\"td-module-thumb\"><a href=\"https:\/\/saltoecologico.es\/index.php\/2024\/11\/11\/proceso-condenatorio\/\"  rel=\"bookmark\" class=\"td-image-wrap \" title=\"Proceso condenatorio\" ><span class=\"entry-thumb td-thumb-css\" data-type=\"css_image\" data-img-url=\"https:\/\/saltoecologico.es\/wp-content\/uploads\/2025\/04\/Fosiles35-696x464.jpg\"  ><\/span><\/a><\/div>                                                                    <\/div>\r\n                \r\n                <div class=\"td-module-meta-info\">\r\n                                        \r\n                    <h3 class=\"entry-title td-module-title\"><a href=\"https:\/\/saltoecologico.es\/index.php\/2024\/11\/11\/proceso-condenatorio\/\"  rel=\"bookmark\" title=\"Proceso condenatorio\">Proceso condenatorio<\/a><\/h3>\r\n                    \r\n                                            <div class=\"td-editor-date\">\r\n                                                        <a href=\"https:\/\/saltoecologico.es\/index.php\/category\/concurrencia-competitiva\/\" class=\"td-post-category\" >Concurrencia competitiva<\/a>\r\n                                                            <span class=\"td-author-date\">\r\n                                                                        <span class=\"td-post-author-name\"><a href=\"https:\/\/saltoecologico.es\/index.php\/author\/saltoecologico\/\">admin<\/a> <span>-<\/span> <\/span>                                    <span class=\"td-post-date\"><time class=\"entry-date updated td-module-date\" datetime=\"2024-11-11T17:29:00+00:00\" >noviembre 11, 2024<\/time><\/span>                                                                        <span class=\"td-module-comments\"><a href=\"https:\/\/saltoecologico.es\/index.php\/2024\/11\/11\/proceso-condenatorio\/#respond\">0<\/a><\/span>                                <\/span>\r\n                                                    <\/div>\r\n                    \r\n                    <div class=\"td-excerpt\">\nCon fecha 4 de julio se public\u00f3 en el Bolet\u00edn Oficial del Estado la resoluci\u00f3n para convocar el procedimiento de concurrencia competitiva para el...<\/div>\r\n                    \r\n                                        <div class=\"td-read-more\">\r\n                        <a href=\"https:\/\/saltoecologico.es\/index.php\/2024\/11\/11\/proceso-condenatorio\/\" title=\"Leer m\u00e1s\"  >Leer m\u00e1s<\/a>\r\n                    <\/div>\r\n                                    <\/div>\r\n            <\/div>\r\n        <\/div>\r\n\r\n        \r\n        <div class=\"td_module_flex td_module_flex_1 td_module_wrap td-animation-stack td-cpt-post\">\r\n            <div class=\"td-module-container td-category-pos-\">\r\n                                    <div class=\"td-image-container\">\r\n                                                <div class=\"td-module-thumb\"><a href=\"https:\/\/saltoecologico.es\/index.php\/2024\/11\/10\/eolica-marina\/\"  rel=\"bookmark\" class=\"td-image-wrap \" title=\"E\u00f3lica marina\" ><span class=\"entry-thumb td-thumb-css\" data-type=\"css_image\" data-img-url=\"https:\/\/saltoecologico.es\/wp-content\/uploads\/2025\/04\/Offshore-2-696x464.jpg\"  ><\/span><\/a><\/div>                                                                    <\/div>\r\n                \r\n                <div class=\"td-module-meta-info\">\r\n                                        \r\n                    <h3 class=\"entry-title td-module-title\"><a href=\"https:\/\/saltoecologico.es\/index.php\/2024\/11\/10\/eolica-marina\/\"  rel=\"bookmark\" title=\"E\u00f3lica marina\">E\u00f3lica marina<\/a><\/h3>\r\n                    \r\n                                            <div class=\"td-editor-date\">\r\n                                                        <a href=\"https:\/\/saltoecologico.es\/index.php\/category\/renovables\/r_eolico\/\" class=\"td-post-category\" >R_E\u00f3lico<\/a>\r\n                                                            <span class=\"td-author-date\">\r\n                                                                        <span class=\"td-post-author-name\"><a href=\"https:\/\/saltoecologico.es\/index.php\/author\/saltoecologico\/\">admin<\/a> <span>-<\/span> <\/span>                                    <span class=\"td-post-date\"><time class=\"entry-date updated td-module-date\" datetime=\"2024-11-10T17:26:00+00:00\" >noviembre 10, 2024<\/time><\/span>                                                                        <span class=\"td-module-comments\"><a href=\"https:\/\/saltoecologico.es\/index.php\/2024\/11\/10\/eolica-marina\/#respond\">0<\/a><\/span>                                <\/span>\r\n                                                    <\/div>\r\n                    \r\n                    <div class=\"td-excerpt\">\nDe todas las generaciones el\u00e9ctricas no gestionables que utilizan energ\u00edas renovables, la m\u00e1s compleja desde el punto de vista t\u00e9cnico en sin lugar a...<\/div>\r\n                    \r\n                                        <div class=\"td-read-more\">\r\n                        <a href=\"https:\/\/saltoecologico.es\/index.php\/2024\/11\/10\/eolica-marina\/\" title=\"Leer m\u00e1s\"  >Leer m\u00e1s<\/a>\r\n                    <\/div>\r\n                                    <\/div>\r\n            <\/div>\r\n        <\/div>\r\n\r\n        \r\n        <div class=\"td_module_flex td_module_flex_1 td_module_wrap td-animation-stack td-cpt-post\">\r\n            <div class=\"td-module-container td-category-pos-\">\r\n                                    <div class=\"td-image-container\">\r\n                                                <div class=\"td-module-thumb\"><a href=\"https:\/\/saltoecologico.es\/index.php\/2024\/11\/05\/decision-tomada\/\"  rel=\"bookmark\" class=\"td-image-wrap \" title=\"Decisi\u00f3n tomada\" ><span class=\"entry-thumb td-thumb-css\" data-type=\"css_image\" data-img-url=\"https:\/\/saltoecologico.es\/wp-content\/uploads\/2025\/04\/GNL15-696x391.jpg\"  ><\/span><\/a><\/div>                                                                    <\/div>\r\n                \r\n                <div class=\"td-module-meta-info\">\r\n                                        \r\n                    <h3 class=\"entry-title td-module-title\"><a href=\"https:\/\/saltoecologico.es\/index.php\/2024\/11\/05\/decision-tomada\/\"  rel=\"bookmark\" title=\"Decisi\u00f3n tomada\">Decisi\u00f3n tomada<\/a><\/h3>\r\n                    \r\n                                            <div class=\"td-editor-date\">\r\n                                                        <a href=\"https:\/\/saltoecologico.es\/index.php\/category\/gnl\/g_totisa\/\" class=\"td-post-category\" >G_Totisa<\/a>\r\n                                                            <span class=\"td-author-date\">\r\n                                                                        <span class=\"td-post-author-name\"><a href=\"https:\/\/saltoecologico.es\/index.php\/author\/saltoecologico\/\">admin<\/a> <span>-<\/span> <\/span>                                    <span class=\"td-post-date\"><time class=\"entry-date updated td-module-date\" datetime=\"2024-11-05T17:24:00+00:00\" >noviembre 5, 2024<\/time><\/span>                                                                        <span class=\"td-module-comments\"><a href=\"https:\/\/saltoecologico.es\/index.php\/2024\/11\/05\/decision-tomada\/#respond\">0<\/a><\/span>                                <\/span>\r\n                                                    <\/div>\r\n                    \r\n                    <div class=\"td-excerpt\">\nRecientemente hemos podido o\u00edr a la Presidenta de la Autoridad Portuaria referirse al proyecto que TOTISA pretende llevar a cabo en el Puerto de...<\/div>\r\n                    \r\n                                        <div class=\"td-read-more\">\r\n                        <a href=\"https:\/\/saltoecologico.es\/index.php\/2024\/11\/05\/decision-tomada\/\" title=\"Leer m\u00e1s\"  >Leer m\u00e1s<\/a>\r\n                    <\/div>\r\n                                    <\/div>\r\n            <\/div>\r\n        <\/div>\r\n\r\n        \r\n        <div class=\"td_module_flex td_module_flex_1 td_module_wrap td-animation-stack td-cpt-post\">\r\n            <div class=\"td-module-container td-category-pos-\">\r\n                                    <div class=\"td-image-container\">\r\n                                                <div class=\"td-module-thumb\"><a href=\"https:\/\/saltoecologico.es\/index.php\/2024\/11\/02\/nos-falta-tiempo\/\"  rel=\"bookmark\" class=\"td-image-wrap \" title=\"Nos falta tiempo\" ><span class=\"entry-thumb td-thumb-css\" data-type=\"css_image\" data-img-url=\"https:\/\/saltoecologico.es\/wp-content\/uploads\/2025\/04\/Fosiles34-696x464.jpg\"  ><\/span><\/a><\/div>                                                                    <\/div>\r\n                \r\n                <div class=\"td-module-meta-info\">\r\n                                        \r\n                    <h3 class=\"entry-title td-module-title\"><a href=\"https:\/\/saltoecologico.es\/index.php\/2024\/11\/02\/nos-falta-tiempo\/\"  rel=\"bookmark\" title=\"Nos falta tiempo\">Nos falta tiempo<\/a><\/h3>\r\n                    \r\n                                            <div class=\"td-editor-date\">\r\n                                                        <a href=\"https:\/\/saltoecologico.es\/index.php\/category\/general\/\" class=\"td-post-category\" >General<\/a>\r\n                                                            <span class=\"td-author-date\">\r\n                                                                        <span class=\"td-post-author-name\"><a href=\"https:\/\/saltoecologico.es\/index.php\/author\/saltoecologico\/\">admin<\/a> <span>-<\/span> <\/span>                                    <span class=\"td-post-date\"><time class=\"entry-date updated td-module-date\" datetime=\"2024-11-02T17:22:00+00:00\" >noviembre 2, 2024<\/time><\/span>                                                                        <span class=\"td-module-comments\"><a href=\"https:\/\/saltoecologico.es\/index.php\/2024\/11\/02\/nos-falta-tiempo\/#respond\">0<\/a><\/span>                                <\/span>\r\n                                                    <\/div>\r\n                    \r\n                    <div class=\"td-excerpt\">\nLas consecuencias del Cambio Clim\u00e1tico Antropog\u00e9nico ya est\u00e1n aqu\u00ed. Atr\u00e1s quedaron los tiempos en que se pod\u00eda especular con que estas cuestiones eran mentiras....<\/div>\r\n                    \r\n                                        <div class=\"td-read-more\">\r\n                        <a href=\"https:\/\/saltoecologico.es\/index.php\/2024\/11\/02\/nos-falta-tiempo\/\" title=\"Leer m\u00e1s\"  >Leer m\u00e1s<\/a>\r\n                    <\/div>\r\n                                    <\/div>\r\n            <\/div>\r\n        <\/div>\r\n\r\n        <\/div><\/div><\/div><\/div><\/div><\/div><\/div><\/div>","protected":false},"excerpt":{"rendered":"","protected":false},"author":1,"featured_media":0,"parent":0,"menu_order":0,"comment_status":"closed","ping_status":"closed","template":"","meta":{"footnotes":""},"class_list":["post-893","page","type-page","status-publish"],"yoast_head":"<!-- This site is optimized with the Yoast SEO plugin v28.2 - https:\/\/yoast.com\/product\/yoast-seo-wordpress\/ -->\n<title>Hist\u00f3rico - Salto Ecol\u00f3gico<\/title>\n<meta name=\"robots\" content=\"index, follow, max-snippet:-1, max-image-preview:large, max-video-preview:-1\" \/>\n<link rel=\"canonical\" href=\"https:\/\/saltoecologico.es\/index.php\/ano-2022\/\" \/>\n<meta property=\"og:locale\" content=\"es_ES\" \/>\n<meta property=\"og:type\" content=\"article\" \/>\n<meta property=\"og:title\" content=\"Hist\u00f3rico - Salto Ecol\u00f3gico\" \/>\n<meta property=\"og:url\" content=\"https:\/\/saltoecologico.es\/index.php\/ano-2022\/\" \/>\n<meta property=\"og:site_name\" content=\"Salto Ecol\u00f3gico\" \/>\n<meta property=\"article:publisher\" content=\"https:\/\/www.facebook.com\/Saltotransicionecologica\" \/>\n<meta property=\"article:modified_time\" content=\"2025-04-20T10:31:54+00:00\" \/>\n<meta name=\"twitter:card\" content=\"summary_large_image\" \/>\n<meta name=\"twitter:label1\" content=\"Tiempo de lectura\" \/>\n\t<meta name=\"twitter:data1\" content=\"1 minuto\" \/>\n<script type=\"application\/ld+json\" class=\"yoast-schema-graph\">{\"@context\":\"https:\\\/\\\/schema.org\",\"@graph\":[{\"@type\":\"WebPage\",\"@id\":\"https:\\\/\\\/saltoecologico.es\\\/index.php\\\/ano-2022\\\/\",\"url\":\"https:\\\/\\\/saltoecologico.es\\\/index.php\\\/ano-2022\\\/\",\"name\":\"Hist\u00f3rico - Salto Ecol\u00f3gico\",\"isPartOf\":{\"@id\":\"https:\\\/\\\/saltoecologico.es\\\/#website\"},\"datePublished\":\"2025-04-20T09:13:58+00:00\",\"dateModified\":\"2025-04-20T10:31:54+00:00\",\"breadcrumb\":{\"@id\":\"https:\\\/\\\/saltoecologico.es\\\/index.php\\\/ano-2022\\\/#breadcrumb\"},\"inLanguage\":\"es\",\"potentialAction\":[{\"@type\":\"ReadAction\",\"target\":[\"https:\\\/\\\/saltoecologico.es\\\/index.php\\\/ano-2022\\\/\"]}]},{\"@type\":\"BreadcrumbList\",\"@id\":\"https:\\\/\\\/saltoecologico.es\\\/index.php\\\/ano-2022\\\/#breadcrumb\",\"itemListElement\":[{\"@type\":\"ListItem\",\"position\":1,\"name\":\"Portada\",\"item\":\"https:\\\/\\\/saltoecologico.es\\\/\"},{\"@type\":\"ListItem\",\"position\":2,\"name\":\"Hist\u00f3rico\"}]},{\"@type\":\"WebSite\",\"@id\":\"https:\\\/\\\/saltoecologico.es\\\/#website\",\"url\":\"https:\\\/\\\/saltoecologico.es\\\/\",\"name\":\"Salto Ecol\u00f3gico\",\"description\":\"\",\"publisher\":{\"@id\":\"https:\\\/\\\/saltoecologico.es\\\/#organization\"},\"potentialAction\":[{\"@type\":\"SearchAction\",\"target\":{\"@type\":\"EntryPoint\",\"urlTemplate\":\"https:\\\/\\\/saltoecologico.es\\\/?s={search_term_string}\"},\"query-input\":{\"@type\":\"PropertyValueSpecification\",\"valueRequired\":true,\"valueName\":\"search_term_string\"}}],\"inLanguage\":\"es\"},{\"@type\":\"Organization\",\"@id\":\"https:\\\/\\\/saltoecologico.es\\\/#organization\",\"name\":\"Salto a la Transici\u00f3n Ecol\u00f3gica\",\"url\":\"https:\\\/\\\/saltoecologico.es\\\/\",\"logo\":{\"@type\":\"ImageObject\",\"inLanguage\":\"es\",\"@id\":\"https:\\\/\\\/saltoecologico.es\\\/#\\\/schema\\\/logo\\\/image\\\/\",\"url\":\"https:\\\/\\\/saltoecologico.es\\\/wp-content\\\/uploads\\\/2025\\\/04\\\/Logo-STE.jpg\",\"contentUrl\":\"https:\\\/\\\/saltoecologico.es\\\/wp-content\\\/uploads\\\/2025\\\/04\\\/Logo-STE.jpg\",\"width\":435,\"height\":435,\"caption\":\"Salto a la Transici\u00f3n Ecol\u00f3gica\"},\"image\":{\"@id\":\"https:\\\/\\\/saltoecologico.es\\\/#\\\/schema\\\/logo\\\/image\\\/\"},\"sameAs\":[\"https:\\\/\\\/www.facebook.com\\\/Saltotransicionecologica\"]}]}<\/script>\n<!-- \/ Yoast SEO plugin. -->","yoast_head_json":{"title":"Hist\u00f3rico - Salto Ecol\u00f3gico","robots":{"index":"index","follow":"follow","max-snippet":"max-snippet:-1","max-image-preview":"max-image-preview:large","max-video-preview":"max-video-preview:-1"},"canonical":"https:\/\/saltoecologico.es\/index.php\/ano-2022\/","og_locale":"es_ES","og_type":"article","og_title":"Hist\u00f3rico - Salto Ecol\u00f3gico","og_url":"https:\/\/saltoecologico.es\/index.php\/ano-2022\/","og_site_name":"Salto Ecol\u00f3gico","article_publisher":"https:\/\/www.facebook.com\/Saltotransicionecologica","article_modified_time":"2025-04-20T10:31:54+00:00","twitter_card":"summary_large_image","twitter_misc":{"Tiempo de lectura":"1 minuto"},"schema":{"@context":"https:\/\/schema.org","@graph":[{"@type":"WebPage","@id":"https:\/\/saltoecologico.es\/index.php\/ano-2022\/","url":"https:\/\/saltoecologico.es\/index.php\/ano-2022\/","name":"Hist\u00f3rico - Salto Ecol\u00f3gico","isPartOf":{"@id":"https:\/\/saltoecologico.es\/#website"},"datePublished":"2025-04-20T09:13:58+00:00","dateModified":"2025-04-20T10:31:54+00:00","breadcrumb":{"@id":"https:\/\/saltoecologico.es\/index.php\/ano-2022\/#breadcrumb"},"inLanguage":"es","potentialAction":[{"@type":"ReadAction","target":["https:\/\/saltoecologico.es\/index.php\/ano-2022\/"]}]},{"@type":"BreadcrumbList","@id":"https:\/\/saltoecologico.es\/index.php\/ano-2022\/#breadcrumb","itemListElement":[{"@type":"ListItem","position":1,"name":"Portada","item":"https:\/\/saltoecologico.es\/"},{"@type":"ListItem","position":2,"name":"Hist\u00f3rico"}]},{"@type":"WebSite","@id":"https:\/\/saltoecologico.es\/#website","url":"https:\/\/saltoecologico.es\/","name":"Salto Ecol\u00f3gico","description":"","publisher":{"@id":"https:\/\/saltoecologico.es\/#organization"},"potentialAction":[{"@type":"SearchAction","target":{"@type":"EntryPoint","urlTemplate":"https:\/\/saltoecologico.es\/?s={search_term_string}"},"query-input":{"@type":"PropertyValueSpecification","valueRequired":true,"valueName":"search_term_string"}}],"inLanguage":"es"},{"@type":"Organization","@id":"https:\/\/saltoecologico.es\/#organization","name":"Salto a la Transici\u00f3n Ecol\u00f3gica","url":"https:\/\/saltoecologico.es\/","logo":{"@type":"ImageObject","inLanguage":"es","@id":"https:\/\/saltoecologico.es\/#\/schema\/logo\/image\/","url":"https:\/\/saltoecologico.es\/wp-content\/uploads\/2025\/04\/Logo-STE.jpg","contentUrl":"https:\/\/saltoecologico.es\/wp-content\/uploads\/2025\/04\/Logo-STE.jpg","width":435,"height":435,"caption":"Salto a la Transici\u00f3n Ecol\u00f3gica"},"image":{"@id":"https:\/\/saltoecologico.es\/#\/schema\/logo\/image\/"},"sameAs":["https:\/\/www.facebook.com\/Saltotransicionecologica"]}]}},"_links":{"self":[{"href":"https:\/\/saltoecologico.es\/index.php\/wp-json\/wp\/v2\/pages\/893","targetHints":{"allow":["GET"]}}],"collection":[{"href":"https:\/\/saltoecologico.es\/index.php\/wp-json\/wp\/v2\/pages"}],"about":[{"href":"https:\/\/saltoecologico.es\/index.php\/wp-json\/wp\/v2\/types\/page"}],"author":[{"embeddable":true,"href":"https:\/\/saltoecologico.es\/index.php\/wp-json\/wp\/v2\/users\/1"}],"replies":[{"embeddable":true,"href":"https:\/\/saltoecologico.es\/index.php\/wp-json\/wp\/v2\/comments?post=893"}],"version-history":[{"count":17,"href":"https:\/\/saltoecologico.es\/index.php\/wp-json\/wp\/v2\/pages\/893\/revisions"}],"predecessor-version":[{"id":920,"href":"https:\/\/saltoecologico.es\/index.php\/wp-json\/wp\/v2\/pages\/893\/revisions\/920"}],"wp:attachment":[{"href":"https:\/\/saltoecologico.es\/index.php\/wp-json\/wp\/v2\/media?parent=893"}],"curies":[{"name":"wp","href":"https:\/\/api.w.org\/{rel}","templated":true}]}}