{"id":974,"date":"2025-05-07T10:06:07","date_gmt":"2025-05-07T10:06:07","guid":{"rendered":"https:\/\/saltoecologico.es\/?page_id=974"},"modified":"2025-05-07T11:28:39","modified_gmt":"2025-05-07T11:28:39","slug":"la-herradura-resumen","status":"publish","type":"page","link":"https:\/\/saltoecologico.es\/index.php\/la-herradura-resumen\/","title":{"rendered":"La Herradura resumen"},"content":{"rendered":"\n<p class=\"wp-block-paragraph\"><strong>Proyecto:<\/strong> Planta de Emergencia La Herradura (Fuerteventura)<\/p>\n\n\n\n<p class=\"wp-block-paragraph\"><strong>Promotor:<\/strong> SAMPOL CANARIAS, S.L.<\/p>\n\n\n\n<p class=\"wp-block-paragraph\"><strong>Ubicaci\u00f3n:<\/strong> Llanos de La Higuera (La Herradura), T\u00e9rmino Municipal de Puerto del Rosario, Isla de Fuerteventura, Provincia de Las Palmas. Parcela con referencia catastral 35018A003001240000UR.<\/p>\n\n\n\n<p class=\"wp-block-paragraph\">Objetivo del Proyecto:<\/p>\n\n\n\n<p class=\"wp-block-paragraph\">El proyecto tiene como finalidad la descripci\u00f3n de las actuaciones necesarias para la instalaci\u00f3n de una planta de generaci\u00f3n el\u00e9ctrica de emergencia de 18 MW en la zona de La Herradura, Fuerteventura. Esta iniciativa surge en el contexto de la emergencia energ\u00e9tica declarada en Canarias, que evidencia la necesidad de disponer a corto plazo de potencia de generaci\u00f3n adicional gestionable para garantizar la seguridad y calidad del suministro el\u00e9ctrico en la isla. La planta se conectar\u00e1 a la Subestaci\u00f3n de Puerto del Rosario (La Herradura) de Red El\u00e9ctrica de Espa\u00f1a (REE).<\/p>\n\n\n\n<p class=\"wp-block-paragraph\"><strong>Caracter\u00edsticas Principales de la Instalaci\u00f3n:<\/strong><\/p>\n\n\n\n<ul class=\"wp-block-list\">\n<li><strong>Generaci\u00f3n:<\/strong> Se utilizar\u00e1n <strong>diez (10) grupos electr\u00f3genos de gasoil<\/strong>, modelo HTW-2295 T5 de HIMOINSA (o similar). Cada grupo tiene una potencia nominal de 2.295 kVA (1.836 kW) y una potencia en emergencia de 2.500 kVA (2.000 kW). Generan a una tensi\u00f3n de 400\/230 V y 50 Hz.<\/li>\n\n\n\n<li><strong>Transformaci\u00f3n BT\/MT:<\/strong> La energ\u00eda generada en Baja Tensi\u00f3n (BT) por cada grupo electr\u00f3geno se transformar\u00e1 a Media Tensi\u00f3n (MT) de <strong>20 kV<\/strong> mediante <strong>diez (10) Centros de Transformaci\u00f3n individuales<\/strong> (uno por grupo), cada uno con un transformador de 2.500 kVA.<\/li>\n\n\n\n<li><strong>Unificaci\u00f3n en MT y Elevaci\u00f3n a AT:<\/strong>\n<ul class=\"wp-block-list\">\n<li>La energ\u00eda de los diez transformadores de MT se unificar\u00e1 en un <strong>Centro de Entrega<\/strong> ubicado en la parcela de la planta.<\/li>\n\n\n\n<li>Desde este Centro de Entrega, la energ\u00eda a 20 kV se transportar\u00e1 mediante una l\u00ednea subterr\u00e1nea de media tensi\u00f3n (LSMT) con un circuito doble de 3x(2x(1&#215;400))mm2 Al RH5Z1 12\/20kV hasta un espacio reservado en la parcela de la planta de generaci\u00f3n de DISA.<\/li>\n\n\n\n<li>En la parcela de DISA, se realizar\u00e1 una nueva transformaci\u00f3n para elevar la tensi\u00f3n de <strong>20 kV a 66 kV<\/strong> utilizando un transformador de potencia de 30 MVA.<\/li>\n\n\n\n<li>Posteriormente, la l\u00ednea se proteger\u00e1 con un sistema h\u00edbrido <strong>PASS (Plug and Switch System)<\/strong> contenerizado, que tambi\u00e9n permitir\u00e1 la medida de la generaci\u00f3n.<\/li>\n<\/ul>\n<\/li>\n\n\n\n<li><strong>Conexi\u00f3n a la Red de Transporte:<\/strong>\n<ul class=\"wp-block-list\">\n<li>Desde el sistema PASS, un circuito de 3x(1&#215;630)mm2 Al RHZ1-RA+20L se llevar\u00e1 a un Centro de Entrega conjunto donde se unificar\u00e1 la generaci\u00f3n de SAMPOL y DISA.<\/li>\n\n\n\n<li>Finalmente, mediante una l\u00ednea subterr\u00e1nea de alta tensi\u00f3n (LSAT) de 66 kV, utilizando las calas de tiro necesarias, se conectar\u00e1 a una <strong>Posici\u00f3n Libre en la Subestaci\u00f3n de Puerto del Rosario de REE<\/strong>.<\/li>\n<\/ul>\n<\/li>\n\n\n\n<li><strong>Servicios Auxiliares (SSAA):<\/strong> Se instalar\u00e1 un transformador de 250 kVA para el suministro de los servicios auxiliares de la planta de generaci\u00f3n.<\/li>\n\n\n\n<li><strong>Edificios e Infraestructura:<\/strong>\n<ul class=\"wp-block-list\">\n<li>Los Centros de Transformaci\u00f3n (10 de generaci\u00f3n + 1 de SSAA) y el Centro de Entrega se realizar\u00e1n en <strong>Edificios Prefabricados de Superficie<\/strong> (tipo Ormazabal o similar).<\/li>\n\n\n\n<li>La parcela ocupar\u00e1 unos 4.311,66 m\u00b2 de los 12.094,00 m\u00b2 disponibles.<\/li>\n\n\n\n<li>Se prev\u00e9 la instalaci\u00f3n de una oficina, un cuarto de control y un almac\u00e9n en contenedores de 20 pies.<\/li>\n\n\n\n<li>Se instalar\u00e1n <strong>cuatro (4) dep\u00f3sitos de gasoil de 100 m\u00b3 cada uno<\/strong> para el almacenamiento de combustible, proporcionando una autonom\u00eda estimada de m\u00e1s de 3 d\u00edas (aprox. 80 horas) para el funcionamiento de los 10 grupos al 100% de carga.<\/li>\n<\/ul>\n<\/li>\n\n\n\n<li><strong>Sistema de Control:<\/strong> Se implementar\u00e1 un sistema de control integral (PLC AMC-600, HMI AGI 421) para la gesti\u00f3n de los grupos electr\u00f3genos, transformadores, celdas de MT, tanques de combustible y bombas de abastecimiento, as\u00ed como la gesti\u00f3n del interruptor de protecci\u00f3n general de grupos y el interruptor de control de la red.<\/li>\n\n\n\n<li><strong>Combustible:<\/strong> Gasoil, con un consumo aproximado de 500 l\/h por grupo a plena carga.<\/li>\n\n\n\n<li><strong>Clasificaci\u00f3n del Suelo:<\/strong> Suelo R\u00fastico de Protecci\u00f3n Territorial.<\/li>\n\n\n\n<li><strong>Impacto Ambiental:<\/strong> Se prev\u00e9 una Evaluaci\u00f3n de Impacto Ambiental Simplificada.<\/li>\n<\/ul>\n\n\n\n<p class=\"wp-block-paragraph\"><strong>Aspectos Regulatorios y Administrativos:<\/strong><\/p>\n\n\n\n<ul class=\"wp-block-list\">\n<li>El proyecto se acoge a la <strong>tramitaci\u00f3n de urgencia<\/strong> debido a la declaraci\u00f3n de emergencia energ\u00e9tica.<\/li>\n\n\n\n<li>Deber\u00e1 obtener las licencias y permisos correspondientes del Ayuntamiento de Puerto del Rosario y de Red El\u00e9ctrica de Espa\u00f1a.<\/li>\n\n\n\n<li>Cumplir\u00e1 con toda la reglamentaci\u00f3n vigente en materia de instalaciones el\u00e9ctricas de alta y baja tensi\u00f3n, seguridad industrial, prevenci\u00f3n de riesgos laborales, protecci\u00f3n contra incendios e instalaciones petrol\u00edferas.<\/li>\n<\/ul>\n\n\n\n<p class=\"wp-block-paragraph\"><\/p>\n","protected":false},"excerpt":{"rendered":"<p>Proyecto: Planta de Emergencia La Herradura (Fuerteventura) Promotor: SAMPOL CANARIAS, S.L. Ubicaci\u00f3n: Llanos de La Higuera (La Herradura), T\u00e9rmino Municipal de Puerto del Rosario, Isla de Fuerteventura, Provincia de Las Palmas. Parcela con referencia catastral 35018A003001240000UR. Objetivo del Proyecto: El proyecto tiene como finalidad la descripci\u00f3n de las actuaciones necesarias para la instalaci\u00f3n de una [&hellip;]<\/p>\n","protected":false},"author":1,"featured_media":0,"parent":0,"menu_order":0,"comment_status":"closed","ping_status":"closed","template":"","meta":{"footnotes":""},"class_list":["post-974","page","type-page","status-publish"],"yoast_head":"<!-- This site is optimized with the Yoast SEO plugin v28.2 - https:\/\/yoast.com\/product\/yoast-seo-wordpress\/ -->\n<title>La Herradura resumen - Salto Ecol\u00f3gico<\/title>\n<meta name=\"robots\" content=\"index, follow, max-snippet:-1, max-image-preview:large, max-video-preview:-1\" \/>\n<link rel=\"canonical\" href=\"https:\/\/saltoecologico.es\/index.php\/la-herradura-resumen\/\" \/>\n<meta property=\"og:locale\" content=\"es_ES\" \/>\n<meta property=\"og:type\" content=\"article\" \/>\n<meta property=\"og:title\" content=\"La Herradura resumen - Salto Ecol\u00f3gico\" \/>\n<meta property=\"og:description\" content=\"Proyecto: Planta de Emergencia La Herradura (Fuerteventura) Promotor: SAMPOL CANARIAS, S.L. Ubicaci\u00f3n: Llanos de La Higuera (La Herradura), T\u00e9rmino Municipal de Puerto del Rosario, Isla de Fuerteventura, Provincia de Las Palmas. Parcela con referencia catastral 35018A003001240000UR. Objetivo del Proyecto: El proyecto tiene como finalidad la descripci\u00f3n de las actuaciones necesarias para la instalaci\u00f3n de una [&hellip;]\" \/>\n<meta property=\"og:url\" content=\"https:\/\/saltoecologico.es\/index.php\/la-herradura-resumen\/\" \/>\n<meta property=\"og:site_name\" content=\"Salto Ecol\u00f3gico\" \/>\n<meta property=\"article:publisher\" content=\"https:\/\/www.facebook.com\/Saltotransicionecologica\" \/>\n<meta property=\"article:modified_time\" content=\"2025-05-07T11:28:39+00:00\" \/>\n<meta name=\"twitter:card\" content=\"summary_large_image\" \/>\n<meta name=\"twitter:label1\" content=\"Tiempo de lectura\" \/>\n\t<meta name=\"twitter:data1\" content=\"4 minutos\" \/>\n<script type=\"application\/ld+json\" class=\"yoast-schema-graph\">{\"@context\":\"https:\\\/\\\/schema.org\",\"@graph\":[{\"@type\":\"WebPage\",\"@id\":\"https:\\\/\\\/saltoecologico.es\\\/index.php\\\/la-herradura-resumen\\\/\",\"url\":\"https:\\\/\\\/saltoecologico.es\\\/index.php\\\/la-herradura-resumen\\\/\",\"name\":\"La Herradura resumen - Salto Ecol\u00f3gico\",\"isPartOf\":{\"@id\":\"https:\\\/\\\/saltoecologico.es\\\/#website\"},\"datePublished\":\"2025-05-07T10:06:07+00:00\",\"dateModified\":\"2025-05-07T11:28:39+00:00\",\"breadcrumb\":{\"@id\":\"https:\\\/\\\/saltoecologico.es\\\/index.php\\\/la-herradura-resumen\\\/#breadcrumb\"},\"inLanguage\":\"es\",\"potentialAction\":[{\"@type\":\"ReadAction\",\"target\":[\"https:\\\/\\\/saltoecologico.es\\\/index.php\\\/la-herradura-resumen\\\/\"]}]},{\"@type\":\"BreadcrumbList\",\"@id\":\"https:\\\/\\\/saltoecologico.es\\\/index.php\\\/la-herradura-resumen\\\/#breadcrumb\",\"itemListElement\":[{\"@type\":\"ListItem\",\"position\":1,\"name\":\"Portada\",\"item\":\"https:\\\/\\\/saltoecologico.es\\\/\"},{\"@type\":\"ListItem\",\"position\":2,\"name\":\"La Herradura resumen\"}]},{\"@type\":\"WebSite\",\"@id\":\"https:\\\/\\\/saltoecologico.es\\\/#website\",\"url\":\"https:\\\/\\\/saltoecologico.es\\\/\",\"name\":\"Salto Ecol\u00f3gico\",\"description\":\"\",\"publisher\":{\"@id\":\"https:\\\/\\\/saltoecologico.es\\\/#organization\"},\"potentialAction\":[{\"@type\":\"SearchAction\",\"target\":{\"@type\":\"EntryPoint\",\"urlTemplate\":\"https:\\\/\\\/saltoecologico.es\\\/?s={search_term_string}\"},\"query-input\":{\"@type\":\"PropertyValueSpecification\",\"valueRequired\":true,\"valueName\":\"search_term_string\"}}],\"inLanguage\":\"es\"},{\"@type\":\"Organization\",\"@id\":\"https:\\\/\\\/saltoecologico.es\\\/#organization\",\"name\":\"Salto a la Transici\u00f3n Ecol\u00f3gica\",\"url\":\"https:\\\/\\\/saltoecologico.es\\\/\",\"logo\":{\"@type\":\"ImageObject\",\"inLanguage\":\"es\",\"@id\":\"https:\\\/\\\/saltoecologico.es\\\/#\\\/schema\\\/logo\\\/image\\\/\",\"url\":\"https:\\\/\\\/saltoecologico.es\\\/wp-content\\\/uploads\\\/2025\\\/04\\\/Logo-STE.jpg\",\"contentUrl\":\"https:\\\/\\\/saltoecologico.es\\\/wp-content\\\/uploads\\\/2025\\\/04\\\/Logo-STE.jpg\",\"width\":435,\"height\":435,\"caption\":\"Salto a la Transici\u00f3n Ecol\u00f3gica\"},\"image\":{\"@id\":\"https:\\\/\\\/saltoecologico.es\\\/#\\\/schema\\\/logo\\\/image\\\/\"},\"sameAs\":[\"https:\\\/\\\/www.facebook.com\\\/Saltotransicionecologica\"]}]}<\/script>\n<!-- \/ Yoast SEO plugin. -->","yoast_head_json":{"title":"La Herradura resumen - Salto Ecol\u00f3gico","robots":{"index":"index","follow":"follow","max-snippet":"max-snippet:-1","max-image-preview":"max-image-preview:large","max-video-preview":"max-video-preview:-1"},"canonical":"https:\/\/saltoecologico.es\/index.php\/la-herradura-resumen\/","og_locale":"es_ES","og_type":"article","og_title":"La Herradura resumen - Salto Ecol\u00f3gico","og_description":"Proyecto: Planta de Emergencia La Herradura (Fuerteventura) Promotor: SAMPOL CANARIAS, S.L. Ubicaci\u00f3n: Llanos de La Higuera (La Herradura), T\u00e9rmino Municipal de Puerto del Rosario, Isla de Fuerteventura, Provincia de Las Palmas. Parcela con referencia catastral 35018A003001240000UR. Objetivo del Proyecto: El proyecto tiene como finalidad la descripci\u00f3n de las actuaciones necesarias para la instalaci\u00f3n de una [&hellip;]","og_url":"https:\/\/saltoecologico.es\/index.php\/la-herradura-resumen\/","og_site_name":"Salto Ecol\u00f3gico","article_publisher":"https:\/\/www.facebook.com\/Saltotransicionecologica","article_modified_time":"2025-05-07T11:28:39+00:00","twitter_card":"summary_large_image","twitter_misc":{"Tiempo de lectura":"4 minutos"},"schema":{"@context":"https:\/\/schema.org","@graph":[{"@type":"WebPage","@id":"https:\/\/saltoecologico.es\/index.php\/la-herradura-resumen\/","url":"https:\/\/saltoecologico.es\/index.php\/la-herradura-resumen\/","name":"La Herradura resumen - Salto Ecol\u00f3gico","isPartOf":{"@id":"https:\/\/saltoecologico.es\/#website"},"datePublished":"2025-05-07T10:06:07+00:00","dateModified":"2025-05-07T11:28:39+00:00","breadcrumb":{"@id":"https:\/\/saltoecologico.es\/index.php\/la-herradura-resumen\/#breadcrumb"},"inLanguage":"es","potentialAction":[{"@type":"ReadAction","target":["https:\/\/saltoecologico.es\/index.php\/la-herradura-resumen\/"]}]},{"@type":"BreadcrumbList","@id":"https:\/\/saltoecologico.es\/index.php\/la-herradura-resumen\/#breadcrumb","itemListElement":[{"@type":"ListItem","position":1,"name":"Portada","item":"https:\/\/saltoecologico.es\/"},{"@type":"ListItem","position":2,"name":"La Herradura resumen"}]},{"@type":"WebSite","@id":"https:\/\/saltoecologico.es\/#website","url":"https:\/\/saltoecologico.es\/","name":"Salto Ecol\u00f3gico","description":"","publisher":{"@id":"https:\/\/saltoecologico.es\/#organization"},"potentialAction":[{"@type":"SearchAction","target":{"@type":"EntryPoint","urlTemplate":"https:\/\/saltoecologico.es\/?s={search_term_string}"},"query-input":{"@type":"PropertyValueSpecification","valueRequired":true,"valueName":"search_term_string"}}],"inLanguage":"es"},{"@type":"Organization","@id":"https:\/\/saltoecologico.es\/#organization","name":"Salto a la Transici\u00f3n Ecol\u00f3gica","url":"https:\/\/saltoecologico.es\/","logo":{"@type":"ImageObject","inLanguage":"es","@id":"https:\/\/saltoecologico.es\/#\/schema\/logo\/image\/","url":"https:\/\/saltoecologico.es\/wp-content\/uploads\/2025\/04\/Logo-STE.jpg","contentUrl":"https:\/\/saltoecologico.es\/wp-content\/uploads\/2025\/04\/Logo-STE.jpg","width":435,"height":435,"caption":"Salto a la Transici\u00f3n Ecol\u00f3gica"},"image":{"@id":"https:\/\/saltoecologico.es\/#\/schema\/logo\/image\/"},"sameAs":["https:\/\/www.facebook.com\/Saltotransicionecologica"]}]}},"_links":{"self":[{"href":"https:\/\/saltoecologico.es\/index.php\/wp-json\/wp\/v2\/pages\/974","targetHints":{"allow":["GET"]}}],"collection":[{"href":"https:\/\/saltoecologico.es\/index.php\/wp-json\/wp\/v2\/pages"}],"about":[{"href":"https:\/\/saltoecologico.es\/index.php\/wp-json\/wp\/v2\/types\/page"}],"author":[{"embeddable":true,"href":"https:\/\/saltoecologico.es\/index.php\/wp-json\/wp\/v2\/users\/1"}],"replies":[{"embeddable":true,"href":"https:\/\/saltoecologico.es\/index.php\/wp-json\/wp\/v2\/comments?post=974"}],"version-history":[{"count":2,"href":"https:\/\/saltoecologico.es\/index.php\/wp-json\/wp\/v2\/pages\/974\/revisions"}],"predecessor-version":[{"id":985,"href":"https:\/\/saltoecologico.es\/index.php\/wp-json\/wp\/v2\/pages\/974\/revisions\/985"}],"wp:attachment":[{"href":"https:\/\/saltoecologico.es\/index.php\/wp-json\/wp\/v2\/media?parent=974"}],"curies":[{"name":"wp","href":"https:\/\/api.w.org\/{rel}","templated":true}]}}