{"id":983,"date":"2025-05-07T11:28:06","date_gmt":"2025-05-07T11:28:06","guid":{"rendered":"https:\/\/saltoecologico.es\/?page_id=983"},"modified":"2025-05-07T11:28:08","modified_gmt":"2025-05-07T11:28:08","slug":"la-campana-resumen","status":"publish","type":"page","link":"https:\/\/saltoecologico.es\/index.php\/la-campana-resumen\/","title":{"rendered":"La Campana resumen"},"content":{"rendered":"\n<p class=\"wp-block-paragraph\"><strong>Proyecto:<\/strong> Planta Emergencia PI La Campana (Tenerife)<\/p>\n\n\n\n<p class=\"wp-block-paragraph\"><strong>Promotor:<\/strong> SAMPOL CANARIAS, S.L.<\/p>\n\n\n\n<p class=\"wp-block-paragraph\"><strong>Ubicaci\u00f3n:<\/strong> Camino Los Molinos 2 (C), Parcela: 1446031CS7414S0001TY, El Chorrillo, 38111 Santa Cruz de Tenerife.<\/p>\n\n\n\n<p class=\"wp-block-paragraph\">Objetivo del Proyecto:<\/p>\n\n\n\n<p class=\"wp-block-paragraph\">El proyecto tiene como objetivo la descripci\u00f3n t\u00e9cnica de las actuaciones necesarias para la instalaci\u00f3n de una planta de generaci\u00f3n el\u00e9ctrica gestionable de 9 MW en la zona de El Chorrillo, Santa Cruz de Tenerife. Esta iniciativa se enmarca en la emergencia energ\u00e9tica declarada en Canarias, que busca cubrir el d\u00e9ficit de potencia de generaci\u00f3n a corto plazo para garantizar la seguridad del suministro el\u00e9ctrico en la isla. La planta se conectar\u00e1 al Centro de Reparto \u00abEl Chorrillo\u00bb de Endesa Distribuci\u00f3n.<\/p>\n\n\n\n<p class=\"wp-block-paragraph\"><strong>Caracter\u00edsticas Principales de la Instalaci\u00f3n:<\/strong><\/p>\n\n\n\n<ul class=\"wp-block-list\">\n<li><strong>Generaci\u00f3n:<\/strong> Se utilizar\u00e1n <strong>cinco (5) grupos electr\u00f3genos de gasoil<\/strong>, modelo HTW-2295 T5 de HIMOINSA (o similar). Cada grupo tiene una potencia nominal de 2.295 kVA (1.836 kW) y una potencia en emergencia de 2.500 kVA (2.000 kW). Generan a una tensi\u00f3n de 400\/230 V y 50 Hz.<\/li>\n\n\n\n<li><strong>Transformaci\u00f3n BT\/MT:<\/strong> La energ\u00eda generada en Baja Tensi\u00f3n (BT) por cada grupo electr\u00f3geno se transformar\u00e1 a Media Tensi\u00f3n (MT) de <strong>20 kV<\/strong> mediante <strong>cinco (5) Centros de Transformaci\u00f3n individuales<\/strong> (uno por cada grupo), cada uno con un transformador de 2.500 kVA.<\/li>\n\n\n\n<li><strong>Unificaci\u00f3n en MT y Conexi\u00f3n a la Red de Distribuci\u00f3n:<\/strong>\n<ul class=\"wp-block-list\">\n<li>La energ\u00eda de los cinco transformadores de MT se unificar\u00e1 en un <strong>Centro de Entrega<\/strong> ubicado dentro de la parcela de la planta.<\/li>\n\n\n\n<li>Desde este Centro de Entrega, la energ\u00eda a 20 kV se transportar\u00e1 mediante una <strong>L\u00ednea Subterr\u00e1nea de Media Tensi\u00f3n (LSMT)<\/strong> con un circuito de 3x(1&#215;400)mm2 Al RH5Z1 12\/20 kV, en canalizaci\u00f3n subterr\u00e1nea (aprox. 190 m), hasta una posici\u00f3n libre en el cercano <strong>Centro de Reparto \u00abCDT GRANJA MARRERO\u00bb (C400388)<\/strong> de E-Distribuci\u00f3n.<\/li>\n<\/ul>\n<\/li>\n\n\n\n<li><strong>Servicios Auxiliares (SSAA):<\/strong> Se instalar\u00e1 un transformador de <strong>250 kVA<\/strong> para el suministro de los servicios auxiliares de la planta de generaci\u00f3n, alojado tambi\u00e9n en el Centro de Entrega.<\/li>\n\n\n\n<li><strong>Edificios e Infraestructura:<\/strong>\n<ul class=\"wp-block-list\">\n<li>Los Centros de Transformaci\u00f3n (5 de generaci\u00f3n) se realizar\u00e1n en <strong>Edificios Prefabricados de Superficie<\/strong> (tipo Ormazabal PFU-4 o similar).<\/li>\n\n\n\n<li>El Centro de Entrega y el transformador de SSAA se alojar\u00e1n en un <strong>Edificio Prefabricado de Superficie<\/strong> (tipo Ormazabal PFU-7 o similar).<\/li>\n\n\n\n<li>La parcela ocupar\u00e1 unos 2.890,42 m\u00b2 de los 8.835 m\u00b2 disponibles.<\/li>\n\n\n\n<li>Se prev\u00e9 la instalaci\u00f3n de una oficina, un cuarto de control y un almac\u00e9n en contenedores de 20 pies.<\/li>\n\n\n\n<li>Se instalar\u00e1n <strong>dos (2) dep\u00f3sitos de gasoil de doble pared de 100 m\u00b3 cada uno<\/strong> (modelo LFED100P de LAPESA o similar) para el almacenamiento de combustible, proporcionando una autonom\u00eda estimada de m\u00e1s de 3 d\u00edas (aprox. 80 horas) para el funcionamiento de los 5 grupos al 100% de carga.<\/li>\n<\/ul>\n<\/li>\n\n\n\n<li><strong>Sistema de Control:<\/strong> Se implementar\u00e1 un sistema de control integral (PLC AMC-600, HMI AGI 421) para la gesti\u00f3n de los grupos electr\u00f3genos, transformadores, celdas de MT, tanques de combustible y bombas de abastecimiento, as\u00ed como la gesti\u00f3n del interruptor de protecci\u00f3n general de grupos y el interruptor de control de la red.<\/li>\n\n\n\n<li><strong>Combustible:<\/strong> Gasoil, con un consumo aproximado de 500 l\/h por grupo a plena carga.<\/li>\n\n\n\n<li><strong>Impacto Ambiental:<\/strong> Se prev\u00e9 una Evaluaci\u00f3n de Impacto Ambiental Simplificada.<\/li>\n<\/ul>\n\n\n\n<p class=\"wp-block-paragraph\"><strong>Aspectos Regulatorios y Administrativos:<\/strong><\/p>\n\n\n\n<ul class=\"wp-block-list\">\n<li>El proyecto se acoge a la <strong>tramitaci\u00f3n de urgencia<\/strong> debido a la declaraci\u00f3n de emergencia energ\u00e9tica.<\/li>\n\n\n\n<li>Deber\u00e1 obtener las licencias y permisos correspondientes del Ayuntamiento de Santa Cruz de Tenerife y de E-Distribuci\u00f3n Redes Digitales, S.L.U.<\/li>\n\n\n\n<li>Cumplir\u00e1 con toda la reglamentaci\u00f3n vigente en materia de instalaciones el\u00e9ctricas de alta y baja tensi\u00f3n, seguridad industrial, prevenci\u00f3n de riesgos laborales, protecci\u00f3n contra incendios e instalaciones petrol\u00edferas.<\/li>\n<\/ul>\n\n\n\n<p class=\"wp-block-paragraph\"><\/p>\n","protected":false},"excerpt":{"rendered":"<p>Proyecto: Planta Emergencia PI La Campana (Tenerife) Promotor: SAMPOL CANARIAS, S.L. Ubicaci\u00f3n: Camino Los Molinos 2 (C), Parcela: 1446031CS7414S0001TY, El Chorrillo, 38111 Santa Cruz de Tenerife. Objetivo del Proyecto: El proyecto tiene como objetivo la descripci\u00f3n t\u00e9cnica de las actuaciones necesarias para la instalaci\u00f3n de una planta de generaci\u00f3n el\u00e9ctrica gestionable de 9 MW en [&hellip;]<\/p>\n","protected":false},"author":1,"featured_media":0,"parent":0,"menu_order":0,"comment_status":"closed","ping_status":"closed","template":"","meta":{"footnotes":""},"class_list":["post-983","page","type-page","status-publish"],"yoast_head":"<!-- This site is optimized with the Yoast SEO plugin v28.2 - https:\/\/yoast.com\/product\/yoast-seo-wordpress\/ -->\n<title>La Campana resumen - Salto Ecol\u00f3gico<\/title>\n<meta name=\"robots\" content=\"index, follow, max-snippet:-1, max-image-preview:large, max-video-preview:-1\" \/>\n<link rel=\"canonical\" href=\"https:\/\/saltoecologico.es\/index.php\/la-campana-resumen\/\" \/>\n<meta property=\"og:locale\" content=\"es_ES\" \/>\n<meta property=\"og:type\" content=\"article\" \/>\n<meta property=\"og:title\" content=\"La Campana resumen - Salto Ecol\u00f3gico\" \/>\n<meta property=\"og:description\" content=\"Proyecto: Planta Emergencia PI La Campana (Tenerife) Promotor: SAMPOL CANARIAS, S.L. Ubicaci\u00f3n: Camino Los Molinos 2 (C), Parcela: 1446031CS7414S0001TY, El Chorrillo, 38111 Santa Cruz de Tenerife. Objetivo del Proyecto: El proyecto tiene como objetivo la descripci\u00f3n t\u00e9cnica de las actuaciones necesarias para la instalaci\u00f3n de una planta de generaci\u00f3n el\u00e9ctrica gestionable de 9 MW en [&hellip;]\" \/>\n<meta property=\"og:url\" content=\"https:\/\/saltoecologico.es\/index.php\/la-campana-resumen\/\" \/>\n<meta property=\"og:site_name\" content=\"Salto Ecol\u00f3gico\" \/>\n<meta property=\"article:publisher\" content=\"https:\/\/www.facebook.com\/Saltotransicionecologica\" \/>\n<meta property=\"article:modified_time\" content=\"2025-05-07T11:28:08+00:00\" \/>\n<meta name=\"twitter:card\" content=\"summary_large_image\" \/>\n<meta name=\"twitter:label1\" content=\"Tiempo de lectura\" \/>\n\t<meta name=\"twitter:data1\" content=\"3 minutos\" \/>\n<script type=\"application\/ld+json\" class=\"yoast-schema-graph\">{\"@context\":\"https:\\\/\\\/schema.org\",\"@graph\":[{\"@type\":\"WebPage\",\"@id\":\"https:\\\/\\\/saltoecologico.es\\\/index.php\\\/la-campana-resumen\\\/\",\"url\":\"https:\\\/\\\/saltoecologico.es\\\/index.php\\\/la-campana-resumen\\\/\",\"name\":\"La Campana resumen - Salto Ecol\u00f3gico\",\"isPartOf\":{\"@id\":\"https:\\\/\\\/saltoecologico.es\\\/#website\"},\"datePublished\":\"2025-05-07T11:28:06+00:00\",\"dateModified\":\"2025-05-07T11:28:08+00:00\",\"breadcrumb\":{\"@id\":\"https:\\\/\\\/saltoecologico.es\\\/index.php\\\/la-campana-resumen\\\/#breadcrumb\"},\"inLanguage\":\"es\",\"potentialAction\":[{\"@type\":\"ReadAction\",\"target\":[\"https:\\\/\\\/saltoecologico.es\\\/index.php\\\/la-campana-resumen\\\/\"]}]},{\"@type\":\"BreadcrumbList\",\"@id\":\"https:\\\/\\\/saltoecologico.es\\\/index.php\\\/la-campana-resumen\\\/#breadcrumb\",\"itemListElement\":[{\"@type\":\"ListItem\",\"position\":1,\"name\":\"Portada\",\"item\":\"https:\\\/\\\/saltoecologico.es\\\/\"},{\"@type\":\"ListItem\",\"position\":2,\"name\":\"La Campana resumen\"}]},{\"@type\":\"WebSite\",\"@id\":\"https:\\\/\\\/saltoecologico.es\\\/#website\",\"url\":\"https:\\\/\\\/saltoecologico.es\\\/\",\"name\":\"Salto Ecol\u00f3gico\",\"description\":\"\",\"publisher\":{\"@id\":\"https:\\\/\\\/saltoecologico.es\\\/#organization\"},\"potentialAction\":[{\"@type\":\"SearchAction\",\"target\":{\"@type\":\"EntryPoint\",\"urlTemplate\":\"https:\\\/\\\/saltoecologico.es\\\/?s={search_term_string}\"},\"query-input\":{\"@type\":\"PropertyValueSpecification\",\"valueRequired\":true,\"valueName\":\"search_term_string\"}}],\"inLanguage\":\"es\"},{\"@type\":\"Organization\",\"@id\":\"https:\\\/\\\/saltoecologico.es\\\/#organization\",\"name\":\"Salto a la Transici\u00f3n Ecol\u00f3gica\",\"url\":\"https:\\\/\\\/saltoecologico.es\\\/\",\"logo\":{\"@type\":\"ImageObject\",\"inLanguage\":\"es\",\"@id\":\"https:\\\/\\\/saltoecologico.es\\\/#\\\/schema\\\/logo\\\/image\\\/\",\"url\":\"https:\\\/\\\/saltoecologico.es\\\/wp-content\\\/uploads\\\/2025\\\/04\\\/Logo-STE.jpg\",\"contentUrl\":\"https:\\\/\\\/saltoecologico.es\\\/wp-content\\\/uploads\\\/2025\\\/04\\\/Logo-STE.jpg\",\"width\":435,\"height\":435,\"caption\":\"Salto a la Transici\u00f3n Ecol\u00f3gica\"},\"image\":{\"@id\":\"https:\\\/\\\/saltoecologico.es\\\/#\\\/schema\\\/logo\\\/image\\\/\"},\"sameAs\":[\"https:\\\/\\\/www.facebook.com\\\/Saltotransicionecologica\"]}]}<\/script>\n<!-- \/ Yoast SEO plugin. -->","yoast_head_json":{"title":"La Campana resumen - Salto Ecol\u00f3gico","robots":{"index":"index","follow":"follow","max-snippet":"max-snippet:-1","max-image-preview":"max-image-preview:large","max-video-preview":"max-video-preview:-1"},"canonical":"https:\/\/saltoecologico.es\/index.php\/la-campana-resumen\/","og_locale":"es_ES","og_type":"article","og_title":"La Campana resumen - Salto Ecol\u00f3gico","og_description":"Proyecto: Planta Emergencia PI La Campana (Tenerife) Promotor: SAMPOL CANARIAS, S.L. Ubicaci\u00f3n: Camino Los Molinos 2 (C), Parcela: 1446031CS7414S0001TY, El Chorrillo, 38111 Santa Cruz de Tenerife. Objetivo del Proyecto: El proyecto tiene como objetivo la descripci\u00f3n t\u00e9cnica de las actuaciones necesarias para la instalaci\u00f3n de una planta de generaci\u00f3n el\u00e9ctrica gestionable de 9 MW en [&hellip;]","og_url":"https:\/\/saltoecologico.es\/index.php\/la-campana-resumen\/","og_site_name":"Salto Ecol\u00f3gico","article_publisher":"https:\/\/www.facebook.com\/Saltotransicionecologica","article_modified_time":"2025-05-07T11:28:08+00:00","twitter_card":"summary_large_image","twitter_misc":{"Tiempo de lectura":"3 minutos"},"schema":{"@context":"https:\/\/schema.org","@graph":[{"@type":"WebPage","@id":"https:\/\/saltoecologico.es\/index.php\/la-campana-resumen\/","url":"https:\/\/saltoecologico.es\/index.php\/la-campana-resumen\/","name":"La Campana resumen - Salto Ecol\u00f3gico","isPartOf":{"@id":"https:\/\/saltoecologico.es\/#website"},"datePublished":"2025-05-07T11:28:06+00:00","dateModified":"2025-05-07T11:28:08+00:00","breadcrumb":{"@id":"https:\/\/saltoecologico.es\/index.php\/la-campana-resumen\/#breadcrumb"},"inLanguage":"es","potentialAction":[{"@type":"ReadAction","target":["https:\/\/saltoecologico.es\/index.php\/la-campana-resumen\/"]}]},{"@type":"BreadcrumbList","@id":"https:\/\/saltoecologico.es\/index.php\/la-campana-resumen\/#breadcrumb","itemListElement":[{"@type":"ListItem","position":1,"name":"Portada","item":"https:\/\/saltoecologico.es\/"},{"@type":"ListItem","position":2,"name":"La Campana resumen"}]},{"@type":"WebSite","@id":"https:\/\/saltoecologico.es\/#website","url":"https:\/\/saltoecologico.es\/","name":"Salto Ecol\u00f3gico","description":"","publisher":{"@id":"https:\/\/saltoecologico.es\/#organization"},"potentialAction":[{"@type":"SearchAction","target":{"@type":"EntryPoint","urlTemplate":"https:\/\/saltoecologico.es\/?s={search_term_string}"},"query-input":{"@type":"PropertyValueSpecification","valueRequired":true,"valueName":"search_term_string"}}],"inLanguage":"es"},{"@type":"Organization","@id":"https:\/\/saltoecologico.es\/#organization","name":"Salto a la Transici\u00f3n Ecol\u00f3gica","url":"https:\/\/saltoecologico.es\/","logo":{"@type":"ImageObject","inLanguage":"es","@id":"https:\/\/saltoecologico.es\/#\/schema\/logo\/image\/","url":"https:\/\/saltoecologico.es\/wp-content\/uploads\/2025\/04\/Logo-STE.jpg","contentUrl":"https:\/\/saltoecologico.es\/wp-content\/uploads\/2025\/04\/Logo-STE.jpg","width":435,"height":435,"caption":"Salto a la Transici\u00f3n Ecol\u00f3gica"},"image":{"@id":"https:\/\/saltoecologico.es\/#\/schema\/logo\/image\/"},"sameAs":["https:\/\/www.facebook.com\/Saltotransicionecologica"]}]}},"_links":{"self":[{"href":"https:\/\/saltoecologico.es\/index.php\/wp-json\/wp\/v2\/pages\/983","targetHints":{"allow":["GET"]}}],"collection":[{"href":"https:\/\/saltoecologico.es\/index.php\/wp-json\/wp\/v2\/pages"}],"about":[{"href":"https:\/\/saltoecologico.es\/index.php\/wp-json\/wp\/v2\/types\/page"}],"author":[{"embeddable":true,"href":"https:\/\/saltoecologico.es\/index.php\/wp-json\/wp\/v2\/users\/1"}],"replies":[{"embeddable":true,"href":"https:\/\/saltoecologico.es\/index.php\/wp-json\/wp\/v2\/comments?post=983"}],"version-history":[{"count":1,"href":"https:\/\/saltoecologico.es\/index.php\/wp-json\/wp\/v2\/pages\/983\/revisions"}],"predecessor-version":[{"id":984,"href":"https:\/\/saltoecologico.es\/index.php\/wp-json\/wp\/v2\/pages\/983\/revisions\/984"}],"wp:attachment":[{"href":"https:\/\/saltoecologico.es\/index.php\/wp-json\/wp\/v2\/media?parent=983"}],"curies":[{"name":"wp","href":"https:\/\/api.w.org\/{rel}","templated":true}]}}