{"id":993,"date":"2025-05-07T11:50:40","date_gmt":"2025-05-07T11:50:40","guid":{"rendered":"https:\/\/saltoecologico.es\/?page_id=993"},"modified":"2025-05-07T11:50:42","modified_gmt":"2025-05-07T11:50:42","slug":"el-puerto-resumen","status":"publish","type":"page","link":"https:\/\/saltoecologico.es\/index.php\/el-puerto-resumen\/","title":{"rendered":"El Puerto resumen"},"content":{"rendered":"\n<p class=\"wp-block-paragraph\"><strong>Proyecto:<\/strong> Planta de Emergencia Puerto SC Tenerife<\/p>\n\n\n\n<p class=\"wp-block-paragraph\"><strong>Promotor:<\/strong> SAMPOL I. y O. CANARIAS, S.L.<\/p>\n\n\n\n<p class=\"wp-block-paragraph\"><strong>Ubicaci\u00f3n:<\/strong> C\/ La Farola del Mar, Parcela: 2729301CS8522H0000FX, Dique del Este, 38120 Santa Cruz de Tenerife.<\/p>\n\n\n\n<p class=\"wp-block-paragraph\">Objetivo del Proyecto:<\/p>\n\n\n\n<p class=\"wp-block-paragraph\">El proyecto tiene como finalidad la descripci\u00f3n de las actuaciones necesarias para la instalaci\u00f3n de una planta de generaci\u00f3n el\u00e9ctrica de emergencia de 18 MW en la zona del Dique del Este, en el Puerto de Santa Cruz de Tenerife. Esta iniciativa se enmarca en la emergencia energ\u00e9tica declarada en Canarias, que evidencia la necesidad de disponer a corto plazo de potencia de generaci\u00f3n adicional gestionable para garantizar la seguridad y calidad del suministro el\u00e9ctrico en la isla de Tenerife. La planta se conectar\u00e1 a la Subestaci\u00f3n Dique del Este de Red El\u00e9ctrica de Espa\u00f1a (REE).<\/p>\n\n\n\n<p class=\"wp-block-paragraph\"><strong>Caracter\u00edsticas Principales de la Instalaci\u00f3n:<\/strong><\/p>\n\n\n\n<ul class=\"wp-block-list\">\n<li><strong>Generaci\u00f3n:<\/strong> Se utilizar\u00e1n <strong>diez (10) grupos electr\u00f3genos de gasoil<\/strong>, modelo HTW-2295 T5 de HIMOINSA (o similar). Cada grupo tiene una potencia nominal de 2.295 kVA (1.836 kW) y una potencia en emergencia de 2.500 kVA (2.000 kW). Generan a una tensi\u00f3n de 400\/230 V y 50 Hz. La potencia total de la planta es de 18.360 kW nominales (20.000 kW en emergencia).<\/li>\n\n\n\n<li><strong>Transformaci\u00f3n BT\/MT:<\/strong> La energ\u00eda generada en Baja Tensi\u00f3n (BT) por cada grupo electr\u00f3geno se transformar\u00e1 a Media Tensi\u00f3n (MT) de <strong>20 kV<\/strong> mediante <strong>diez (10) Centros de Transformaci\u00f3n (CT) individuales<\/strong> (uno por cada grupo). Cada CT alojar\u00e1 un transformador de 2.500 kVA con relaci\u00f3n de transformaci\u00f3n 0,4\/20 kV y l\u00edquido diel\u00e9ctrico de \u00e9ster natural biodegradable.<\/li>\n\n\n\n<li><strong>Unificaci\u00f3n en MT y Elevaci\u00f3n a AT:<\/strong>\n<ul class=\"wp-block-list\">\n<li>La energ\u00eda de los diez transformadores de MT (cada l\u00ednea de 3x(1&#215;240)mm2 Al RH5Z1 12\/20 kV) se unificar\u00e1 en un <strong>Centro de Entrega (CE)<\/strong> ubicado dentro de la parcela de la planta. Este CE contar\u00e1 con celdas de interruptor autom\u00e1tico, protecci\u00f3n, medida y l\u00ednea (libres de SF6).<\/li>\n\n\n\n<li>Desde el CE, la energ\u00eda a 20 kV (con un circuito doble 3x(2x(1&#215;400))mm2 Al RH5Z1 12\/20kV) se conectar\u00e1 a un <strong>transformador de alta tensi\u00f3n de 30 MVA<\/strong> que elevar\u00e1 la tensi\u00f3n de <strong>20 kV a 66 kV<\/strong>.<\/li>\n\n\n\n<li>Posteriormente, la l\u00ednea de 66 kV se proteger\u00e1 con un sistema h\u00edbrido <strong>PASS (Plug and Switch System)<\/strong> contenerizado, que tambi\u00e9n permitir\u00e1 la medida de la generaci\u00f3n.<\/li>\n<\/ul>\n<\/li>\n\n\n\n<li><strong>Conexi\u00f3n a la Red de Transporte:<\/strong>\n<ul class=\"wp-block-list\">\n<li>Desde el sistema PASS, un circuito subterr\u00e1neo de alta tensi\u00f3n (LSAT) de 66 kV (3x(1&#215;630)mm2 KAI RHZ1-RA+20L, aprox. 850-1000 m) se conectar\u00e1 a un <strong>GIS (Gas Insulated Substation) que habilitar\u00e1 REE en la Subestaci\u00f3n Dique del Este<\/strong>.<\/li>\n\n\n\n<li>En el l\u00edmite de la parcela de la SE de Dique del Este, se contempla un nicho para el Punto de Medida de la Generaci\u00f3n con contador bidireccional.<\/li>\n<\/ul>\n<\/li>\n\n\n\n<li><strong>Servicios Auxiliares (SSAA):<\/strong> Se instalar\u00e1 un transformador de <strong>250 kVA<\/strong> (20kV\/420-230V) con diel\u00e9ctrico de \u00e9ster natural biodegradable para el suministro de los servicios auxiliares de la planta, alojado en un CT prefabricado. Tambi\u00e9n se dispondr\u00e1 de un grupo electr\u00f3geno de emergencia de 400 kVA para los SSAA.<\/li>\n\n\n\n<li><strong>Edificios e Infraestructura:<\/strong>\n<ul class=\"wp-block-list\">\n<li>Los diez CTs de generaci\u00f3n se realizar\u00e1n en <strong>Edificios Prefabricados de Superficie<\/strong> (tipo Ormazabal PFU-4 o similar).<\/li>\n\n\n\n<li>El Centro de Entrega se alojar\u00e1 en un <strong>Edificio Prefabricado de Superficie<\/strong> (tipo Ormazabal PFU-85\/27).<\/li>\n\n\n\n<li>El CT de SSAA en un edificio prefabricado tipo PFU-3\/24 kV.<\/li>\n\n\n\n<li>La parcela ocupar\u00e1 unos 5.747,38 m\u00b2 de los 7.693 m\u00b2 disponibles.<\/li>\n\n\n\n<li>Se prev\u00e9 la instalaci\u00f3n de una oficina, un cuarto de control y un almac\u00e9n en contenedores de 20 pies.<\/li>\n\n\n\n<li>Se instalar\u00e1n <strong>cuatro (4) dep\u00f3sitos de gasoil de 100 m\u00b3 cada uno<\/strong> (modelo LAPESA LFED100P o similar) para el almacenamiento de combustible, proporcionando una autonom\u00eda estimada de m\u00e1s de 3 d\u00edas (aprox. 80 horas) para el funcionamiento de los 10 grupos al 100% de carga.<\/li>\n<\/ul>\n<\/li>\n\n\n\n<li><strong>Sistema de Control:<\/strong> Se implementar\u00e1 un sistema de control integral (PLC AMC-600, HMI AGI 421) para la gesti\u00f3n de los grupos electr\u00f3genos, transformadores, celdas de MT (libres de SF6), tanques de combustible y bombas de abastecimiento, as\u00ed como la gesti\u00f3n de interruptores. Permitir\u00e1 operaci\u00f3n en modo \u00abexportaci\u00f3n en recorte de picos\u00bb o \u00abexportaci\u00f3n de potencia a la red\u00bb.<\/li>\n\n\n\n<li><strong>Combustible:<\/strong> Gasoil. El consumo estimado es de unos 500 l\/h por grupo a plena carga. Los grupos electr\u00f3genos contar\u00e1n con sistema SCR (Reducci\u00f3n Catal\u00edtica Selectiva) para el tratamiento de emisiones.<\/li>\n\n\n\n<li><strong>Clasificaci\u00f3n del Suelo:<\/strong> Suelo Urbano Consolidado, uso principal Industrial (Plan Especial del Puerto de Santa Cruz de Tenerife).<\/li>\n\n\n\n<li><strong>Impacto Ambiental:<\/strong> Se prev\u00e9 una Evaluaci\u00f3n de Impacto Ambiental Simplificada.<\/li>\n<\/ul>\n\n\n\n<p class=\"wp-block-paragraph\"><strong>Aspectos Regulatorios y Administrativos:<\/strong><\/p>\n\n\n\n<ul class=\"wp-block-list\">\n<li>El proyecto se acoge a la <strong>tramitaci\u00f3n de urgencia<\/strong> debido a la declaraci\u00f3n de emergencia energ\u00e9tica.<\/li>\n\n\n\n<li>Deber\u00e1 obtener las licencias y permisos correspondientes del Ayuntamiento de Santa Cruz de Tenerife y de Red El\u00e9ctrica de Espa\u00f1a.<\/li>\n\n\n\n<li>Cumplir\u00e1 con toda la reglamentaci\u00f3n vigente en materia de instalaciones el\u00e9ctricas de alta y baja tensi\u00f3n, seguridad industrial, prevenci\u00f3n de riesgos laborales, protecci\u00f3n contra incendios e instalaciones petrol\u00edferas.<\/li>\n\n\n\n<li>El plazo de ejecuci\u00f3n estimado es de 6 meses.<\/li>\n<\/ul>\n\n\n\n<p class=\"wp-block-paragraph\"><\/p>\n","protected":false},"excerpt":{"rendered":"<p>Proyecto: Planta de Emergencia Puerto SC Tenerife Promotor: SAMPOL I. y O. CANARIAS, S.L. Ubicaci\u00f3n: C\/ La Farola del Mar, Parcela: 2729301CS8522H0000FX, Dique del Este, 38120 Santa Cruz de Tenerife. Objetivo del Proyecto: El proyecto tiene como finalidad la descripci\u00f3n de las actuaciones necesarias para la instalaci\u00f3n de una planta de generaci\u00f3n el\u00e9ctrica de emergencia [&hellip;]<\/p>\n","protected":false},"author":1,"featured_media":0,"parent":0,"menu_order":0,"comment_status":"closed","ping_status":"closed","template":"","meta":{"footnotes":""},"class_list":["post-993","page","type-page","status-publish"],"yoast_head":"<!-- This site is optimized with the Yoast SEO plugin v28.2 - https:\/\/yoast.com\/product\/yoast-seo-wordpress\/ -->\n<title>El Puerto resumen - Salto Ecol\u00f3gico<\/title>\n<meta name=\"robots\" content=\"index, follow, max-snippet:-1, max-image-preview:large, max-video-preview:-1\" \/>\n<link rel=\"canonical\" href=\"https:\/\/saltoecologico.es\/index.php\/el-puerto-resumen\/\" \/>\n<meta property=\"og:locale\" content=\"es_ES\" \/>\n<meta property=\"og:type\" content=\"article\" \/>\n<meta property=\"og:title\" content=\"El Puerto resumen - Salto Ecol\u00f3gico\" \/>\n<meta property=\"og:description\" content=\"Proyecto: Planta de Emergencia Puerto SC Tenerife Promotor: SAMPOL I. y O. CANARIAS, S.L. Ubicaci\u00f3n: C\/ La Farola del Mar, Parcela: 2729301CS8522H0000FX, Dique del Este, 38120 Santa Cruz de Tenerife. Objetivo del Proyecto: El proyecto tiene como finalidad la descripci\u00f3n de las actuaciones necesarias para la instalaci\u00f3n de una planta de generaci\u00f3n el\u00e9ctrica de emergencia [&hellip;]\" \/>\n<meta property=\"og:url\" content=\"https:\/\/saltoecologico.es\/index.php\/el-puerto-resumen\/\" \/>\n<meta property=\"og:site_name\" content=\"Salto Ecol\u00f3gico\" \/>\n<meta property=\"article:publisher\" content=\"https:\/\/www.facebook.com\/Saltotransicionecologica\" \/>\n<meta property=\"article:modified_time\" content=\"2025-05-07T11:50:42+00:00\" \/>\n<meta name=\"twitter:card\" content=\"summary_large_image\" \/>\n<meta name=\"twitter:label1\" content=\"Tiempo de lectura\" \/>\n\t<meta name=\"twitter:data1\" content=\"4 minutos\" \/>\n<script type=\"application\/ld+json\" class=\"yoast-schema-graph\">{\"@context\":\"https:\\\/\\\/schema.org\",\"@graph\":[{\"@type\":\"WebPage\",\"@id\":\"https:\\\/\\\/saltoecologico.es\\\/index.php\\\/el-puerto-resumen\\\/\",\"url\":\"https:\\\/\\\/saltoecologico.es\\\/index.php\\\/el-puerto-resumen\\\/\",\"name\":\"El Puerto resumen - Salto Ecol\u00f3gico\",\"isPartOf\":{\"@id\":\"https:\\\/\\\/saltoecologico.es\\\/#website\"},\"datePublished\":\"2025-05-07T11:50:40+00:00\",\"dateModified\":\"2025-05-07T11:50:42+00:00\",\"breadcrumb\":{\"@id\":\"https:\\\/\\\/saltoecologico.es\\\/index.php\\\/el-puerto-resumen\\\/#breadcrumb\"},\"inLanguage\":\"es\",\"potentialAction\":[{\"@type\":\"ReadAction\",\"target\":[\"https:\\\/\\\/saltoecologico.es\\\/index.php\\\/el-puerto-resumen\\\/\"]}]},{\"@type\":\"BreadcrumbList\",\"@id\":\"https:\\\/\\\/saltoecologico.es\\\/index.php\\\/el-puerto-resumen\\\/#breadcrumb\",\"itemListElement\":[{\"@type\":\"ListItem\",\"position\":1,\"name\":\"Portada\",\"item\":\"https:\\\/\\\/saltoecologico.es\\\/\"},{\"@type\":\"ListItem\",\"position\":2,\"name\":\"El Puerto resumen\"}]},{\"@type\":\"WebSite\",\"@id\":\"https:\\\/\\\/saltoecologico.es\\\/#website\",\"url\":\"https:\\\/\\\/saltoecologico.es\\\/\",\"name\":\"Salto Ecol\u00f3gico\",\"description\":\"\",\"publisher\":{\"@id\":\"https:\\\/\\\/saltoecologico.es\\\/#organization\"},\"potentialAction\":[{\"@type\":\"SearchAction\",\"target\":{\"@type\":\"EntryPoint\",\"urlTemplate\":\"https:\\\/\\\/saltoecologico.es\\\/?s={search_term_string}\"},\"query-input\":{\"@type\":\"PropertyValueSpecification\",\"valueRequired\":true,\"valueName\":\"search_term_string\"}}],\"inLanguage\":\"es\"},{\"@type\":\"Organization\",\"@id\":\"https:\\\/\\\/saltoecologico.es\\\/#organization\",\"name\":\"Salto a la Transici\u00f3n Ecol\u00f3gica\",\"url\":\"https:\\\/\\\/saltoecologico.es\\\/\",\"logo\":{\"@type\":\"ImageObject\",\"inLanguage\":\"es\",\"@id\":\"https:\\\/\\\/saltoecologico.es\\\/#\\\/schema\\\/logo\\\/image\\\/\",\"url\":\"https:\\\/\\\/saltoecologico.es\\\/wp-content\\\/uploads\\\/2025\\\/04\\\/Logo-STE.jpg\",\"contentUrl\":\"https:\\\/\\\/saltoecologico.es\\\/wp-content\\\/uploads\\\/2025\\\/04\\\/Logo-STE.jpg\",\"width\":435,\"height\":435,\"caption\":\"Salto a la Transici\u00f3n Ecol\u00f3gica\"},\"image\":{\"@id\":\"https:\\\/\\\/saltoecologico.es\\\/#\\\/schema\\\/logo\\\/image\\\/\"},\"sameAs\":[\"https:\\\/\\\/www.facebook.com\\\/Saltotransicionecologica\"]}]}<\/script>\n<!-- \/ Yoast SEO plugin. -->","yoast_head_json":{"title":"El Puerto resumen - Salto Ecol\u00f3gico","robots":{"index":"index","follow":"follow","max-snippet":"max-snippet:-1","max-image-preview":"max-image-preview:large","max-video-preview":"max-video-preview:-1"},"canonical":"https:\/\/saltoecologico.es\/index.php\/el-puerto-resumen\/","og_locale":"es_ES","og_type":"article","og_title":"El Puerto resumen - Salto Ecol\u00f3gico","og_description":"Proyecto: Planta de Emergencia Puerto SC Tenerife Promotor: SAMPOL I. y O. CANARIAS, S.L. Ubicaci\u00f3n: C\/ La Farola del Mar, Parcela: 2729301CS8522H0000FX, Dique del Este, 38120 Santa Cruz de Tenerife. Objetivo del Proyecto: El proyecto tiene como finalidad la descripci\u00f3n de las actuaciones necesarias para la instalaci\u00f3n de una planta de generaci\u00f3n el\u00e9ctrica de emergencia [&hellip;]","og_url":"https:\/\/saltoecologico.es\/index.php\/el-puerto-resumen\/","og_site_name":"Salto Ecol\u00f3gico","article_publisher":"https:\/\/www.facebook.com\/Saltotransicionecologica","article_modified_time":"2025-05-07T11:50:42+00:00","twitter_card":"summary_large_image","twitter_misc":{"Tiempo de lectura":"4 minutos"},"schema":{"@context":"https:\/\/schema.org","@graph":[{"@type":"WebPage","@id":"https:\/\/saltoecologico.es\/index.php\/el-puerto-resumen\/","url":"https:\/\/saltoecologico.es\/index.php\/el-puerto-resumen\/","name":"El Puerto resumen - Salto Ecol\u00f3gico","isPartOf":{"@id":"https:\/\/saltoecologico.es\/#website"},"datePublished":"2025-05-07T11:50:40+00:00","dateModified":"2025-05-07T11:50:42+00:00","breadcrumb":{"@id":"https:\/\/saltoecologico.es\/index.php\/el-puerto-resumen\/#breadcrumb"},"inLanguage":"es","potentialAction":[{"@type":"ReadAction","target":["https:\/\/saltoecologico.es\/index.php\/el-puerto-resumen\/"]}]},{"@type":"BreadcrumbList","@id":"https:\/\/saltoecologico.es\/index.php\/el-puerto-resumen\/#breadcrumb","itemListElement":[{"@type":"ListItem","position":1,"name":"Portada","item":"https:\/\/saltoecologico.es\/"},{"@type":"ListItem","position":2,"name":"El Puerto resumen"}]},{"@type":"WebSite","@id":"https:\/\/saltoecologico.es\/#website","url":"https:\/\/saltoecologico.es\/","name":"Salto Ecol\u00f3gico","description":"","publisher":{"@id":"https:\/\/saltoecologico.es\/#organization"},"potentialAction":[{"@type":"SearchAction","target":{"@type":"EntryPoint","urlTemplate":"https:\/\/saltoecologico.es\/?s={search_term_string}"},"query-input":{"@type":"PropertyValueSpecification","valueRequired":true,"valueName":"search_term_string"}}],"inLanguage":"es"},{"@type":"Organization","@id":"https:\/\/saltoecologico.es\/#organization","name":"Salto a la Transici\u00f3n Ecol\u00f3gica","url":"https:\/\/saltoecologico.es\/","logo":{"@type":"ImageObject","inLanguage":"es","@id":"https:\/\/saltoecologico.es\/#\/schema\/logo\/image\/","url":"https:\/\/saltoecologico.es\/wp-content\/uploads\/2025\/04\/Logo-STE.jpg","contentUrl":"https:\/\/saltoecologico.es\/wp-content\/uploads\/2025\/04\/Logo-STE.jpg","width":435,"height":435,"caption":"Salto a la Transici\u00f3n Ecol\u00f3gica"},"image":{"@id":"https:\/\/saltoecologico.es\/#\/schema\/logo\/image\/"},"sameAs":["https:\/\/www.facebook.com\/Saltotransicionecologica"]}]}},"_links":{"self":[{"href":"https:\/\/saltoecologico.es\/index.php\/wp-json\/wp\/v2\/pages\/993","targetHints":{"allow":["GET"]}}],"collection":[{"href":"https:\/\/saltoecologico.es\/index.php\/wp-json\/wp\/v2\/pages"}],"about":[{"href":"https:\/\/saltoecologico.es\/index.php\/wp-json\/wp\/v2\/types\/page"}],"author":[{"embeddable":true,"href":"https:\/\/saltoecologico.es\/index.php\/wp-json\/wp\/v2\/users\/1"}],"replies":[{"embeddable":true,"href":"https:\/\/saltoecologico.es\/index.php\/wp-json\/wp\/v2\/comments?post=993"}],"version-history":[{"count":1,"href":"https:\/\/saltoecologico.es\/index.php\/wp-json\/wp\/v2\/pages\/993\/revisions"}],"predecessor-version":[{"id":994,"href":"https:\/\/saltoecologico.es\/index.php\/wp-json\/wp\/v2\/pages\/993\/revisions\/994"}],"wp:attachment":[{"href":"https:\/\/saltoecologico.es\/index.php\/wp-json\/wp\/v2\/media?parent=993"}],"curies":[{"name":"wp","href":"https:\/\/api.w.org\/{rel}","templated":true}]}}